{"id":5228,"date":"2023-06-07T09:24:54","date_gmt":"2023-06-07T12:24:54","guid":{"rendered":"https:\/\/ptbr.idor.org\/curso\/mba-executivo-em-saude\/"},"modified":"2026-04-27T09:14:45","modified_gmt":"2026-04-27T12:14:45","slug":"mba-executivo-em-saude","status":"publish","type":"curso","link":"https:\/\/www.rededorsaoluiz.com.br\/instituto\/idor\/cursos\/mba-executivo-em-saude\/","title":{"rendered":"MBA Executivo em Sa\u00fade"},"content":{"rendered":"\t\t<div data-elementor-type=\"wp-post\" data-elementor-id=\"5228\" class=\"elementor elementor-5228\" data-elementor-post-type=\"curso\">\n\t\t\t\t<div class=\"elementor-element elementor-element-3cf6fc0c e-flex e-con-boxed e-con e-parent\" data-id=\"3cf6fc0c\" data-element_type=\"container\">\n\t\t\t\t\t<div class=\"e-con-inner\">\n\t\t\t\t<div class=\"elementor-element elementor-element-3073dd4 elementor-absolute elementor-widget elementor-widget-image\" data-id=\"3073dd4\" data-element_type=\"widget\" data-settings=\"{&quot;_position&quot;:&quot;absolute&quot;}\" data-widget_type=\"image.default\">\n\t\t\t\t\t\t\t\t\t\t\t\t\t\t\t<img decoding=\"async\" width=\"277\" height=\"117\" src=\"https:\/\/www.rededorsaoluiz.com.br\/instituto\/idor\/wp-content\/uploads\/2025\/10\/Frame-74.svg\" class=\"attachment-large size-large wp-image-642\" alt=\"\" \/>\t\t\t\t\t\t\t\t\t\t\t\t\t\t\t<\/div>\n\t\t<div class=\"elementor-element elementor-element-2d53e761 e-con-full e-flex e-con e-child\" data-id=\"2d53e761\" data-element_type=\"container\">\n\t\t\t\t<div class=\"elementor-element elementor-element-6b008bf0 elementor-widget elementor-widget-spacer\" data-id=\"6b008bf0\" data-element_type=\"widget\" data-widget_type=\"spacer.default\">\n\t\t\t\t\t\t\t<div class=\"elementor-spacer\">\n\t\t\t<div class=\"elementor-spacer-inner\"><\/div>\n\t\t<\/div>\n\t\t\t\t\t\t<\/div>\n\t\t<div class=\"elementor-element elementor-element-35af1fd0 e-grid e-con-full e-con e-child\" data-id=\"35af1fd0\" data-element_type=\"container\">\n\t\t<div class=\"elementor-element elementor-element-88d4e00 e-con-full e-flex e-con e-child\" data-id=\"88d4e00\" data-element_type=\"container\">\n\t\t\t\t<div class=\"elementor-element elementor-element-7649a5dd elementor-view-default elementor-widget elementor-widget-icon\" data-id=\"7649a5dd\" data-element_type=\"widget\" data-widget_type=\"icon.default\">\n\t\t\t\t\t\t\t<div class=\"elementor-icon-wrapper\">\n\t\t\t<div class=\"elementor-icon\">\n\t\t\t<svg aria-hidden=\"true\" class=\"e-font-icon-svg e-fas-user-tie\" viewBox=\"0 0 448 512\" xmlns=\"http:\/\/www.w3.org\/2000\/svg\"><path d=\"M224 256c70.7 0 128-57.3 128-128S294.7 0 224 0 96 57.3 96 128s57.3 128 128 128zm95.8 32.6L272 480l-32-136 32-56h-96l32 56-32 136-47.8-191.4C56.9 292 0 350.3 0 422.4V464c0 26.5 21.5 48 48 48h352c26.5 0 48-21.5 48-48v-41.6c0-72.1-56.9-130.4-128.2-133.8z\"><\/path><\/svg>\t\t\t<\/div>\n\t\t<\/div>\n\t\t\t\t\t\t<\/div>\n\t\t\t\t<div class=\"elementor-element elementor-element-2e18a81a elementor-widget elementor-widget-title-idor\" data-id=\"2e18a81a\" data-element_type=\"widget\" data-widget_type=\"title-idor.default\">\n\t\t\t\t<div class=\"elementor-widget-container\">\n\t\t\t\t\t        <div class=\"title-idor-widget\">\n            <h2 class=\"title\">Forma\u00e7\u00e3o voltada para lideran\u00e7a em sa\u00fade<\/h2>\n        <\/div>\n        \t\t\t\t<\/div>\n\t\t\t\t<\/div>\n\t\t\t\t<div class=\"elementor-element elementor-element-f6d4c54 elementor-widget elementor-widget-texto\" data-id=\"f6d4c54\" data-element_type=\"widget\" data-widget_type=\"texto.default\">\n\t\t\t\t<div class=\"elementor-widget-container\">\n\t\t\t\t\t        <div class=\"texto-widget\">\n            <p>Especializa\u00e7\u00e3o para ocupar cargos de lideran\u00e7a em organiza\u00e7\u00f5es do setor de sa\u00fade<\/p>        <\/div>\n        \t\t\t\t<\/div>\n\t\t\t\t<\/div>\n\t\t\t\t<\/div>\n\t\t<div class=\"elementor-element elementor-element-403f8ac6 e-con-full e-flex e-con e-child\" data-id=\"403f8ac6\" data-element_type=\"container\">\n\t\t\t\t<div class=\"elementor-element elementor-element-62ac059d elementor-view-default elementor-widget elementor-widget-icon\" data-id=\"62ac059d\" data-element_type=\"widget\" data-widget_type=\"icon.default\">\n\t\t\t\t\t\t\t<div class=\"elementor-icon-wrapper\">\n\t\t\t<div class=\"elementor-icon\">\n\t\t\t<svg aria-hidden=\"true\" class=\"e-font-icon-svg e-fas-chalkboard-teacher\" viewBox=\"0 0 640 512\" xmlns=\"http:\/\/www.w3.org\/2000\/svg\"><path d=\"M208 352c-2.39 0-4.78.35-7.06 1.09C187.98 357.3 174.35 360 160 360c-14.35 0-27.98-2.7-40.95-6.91-2.28-.74-4.66-1.09-7.05-1.09C49.94 352-.33 402.48 0 464.62.14 490.88 21.73 512 48 512h224c26.27 0 47.86-21.12 48-47.38.33-62.14-49.94-112.62-112-112.62zm-48-32c53.02 0 96-42.98 96-96s-42.98-96-96-96-96 42.98-96 96 42.98 96 96 96zM592 0H208c-26.47 0-48 22.25-48 49.59V96c23.42 0 45.1 6.78 64 17.8V64h352v288h-64v-64H384v64h-76.24c19.1 16.69 33.12 38.73 39.69 64H592c26.47 0 48-22.25 48-49.59V49.59C640 22.25 618.47 0 592 0z\"><\/path><\/svg>\t\t\t<\/div>\n\t\t<\/div>\n\t\t\t\t\t\t<\/div>\n\t\t\t\t<div class=\"elementor-element elementor-element-59b0c2e7 elementor-widget elementor-widget-title-idor\" data-id=\"59b0c2e7\" data-element_type=\"widget\" data-widget_type=\"title-idor.default\">\n\t\t\t\t<div class=\"elementor-widget-container\">\n\t\t\t\t\t        <div class=\"title-idor-widget\">\n            <h2 class=\"title\">Desenvolvimento de compet\u00eancias de gest\u00e3o<\/h2>\n        <\/div>\n        \t\t\t\t<\/div>\n\t\t\t\t<\/div>\n\t\t\t\t<div class=\"elementor-element elementor-element-861e685 elementor-widget elementor-widget-texto\" data-id=\"861e685\" data-element_type=\"widget\" data-widget_type=\"texto.default\">\n\t\t\t\t<div class=\"elementor-widget-container\">\n\t\t\t\t\t        <div class=\"texto-widget\">\n            <p>Conhecimentos t\u00e9cnicos e habilidades de gest\u00e3o aplicados ao sistema de sa\u00fade<\/p>        <\/div>\n        \t\t\t\t<\/div>\n\t\t\t\t<\/div>\n\t\t\t\t<\/div>\n\t\t<div class=\"elementor-element elementor-element-6c032890 e-con-full e-flex e-con e-child\" data-id=\"6c032890\" data-element_type=\"container\">\n\t\t\t\t<div class=\"elementor-element elementor-element-63f3b204 elementor-view-default elementor-widget elementor-widget-icon\" data-id=\"63f3b204\" data-element_type=\"widget\" data-widget_type=\"icon.default\">\n\t\t\t\t\t\t\t<div class=\"elementor-icon-wrapper\">\n\t\t\t<div class=\"elementor-icon\">\n\t\t\t<svg aria-hidden=\"true\" class=\"e-font-icon-svg e-fas-star\" viewBox=\"0 0 576 512\" xmlns=\"http:\/\/www.w3.org\/2000\/svg\"><path d=\"M259.3 17.8L194 150.2 47.9 171.5c-26.2 3.8-36.7 36.1-17.7 54.6l105.7 103-25 145.5c-4.5 26.3 23.2 46 46.4 33.7L288 439.6l130.7 68.7c23.2 12.2 50.9-7.4 46.4-33.7l-25-145.5 105.7-103c19-18.5 8.5-50.8-17.7-54.6L382 150.2 316.7 17.8c-11.7-23.6-45.6-23.9-57.4 0z\"><\/path><\/svg>\t\t\t<\/div>\n\t\t<\/div>\n\t\t\t\t\t\t<\/div>\n\t\t\t\t<div class=\"elementor-element elementor-element-8a77f3a elementor-widget elementor-widget-title-idor\" data-id=\"8a77f3a\" data-element_type=\"widget\" data-widget_type=\"title-idor.default\">\n\t\t\t\t<div class=\"elementor-widget-container\">\n\t\t\t\t\t        <div class=\"title-idor-widget\">\n            <h2 class=\"title\">Foco em compet\u00eancias anal\u00edticas e sustent\u00e1veis<\/h2>\n        <\/div>\n        \t\t\t\t<\/div>\n\t\t\t\t<\/div>\n\t\t\t\t<div class=\"elementor-element elementor-element-12032c2a elementor-widget elementor-widget-texto\" data-id=\"12032c2a\" data-element_type=\"widget\" data-widget_type=\"texto.default\">\n\t\t\t\t<div class=\"elementor-widget-container\">\n\t\t\t\t\t        <div class=\"texto-widget\">\n            <p>Capacita\u00e7\u00e3o para analisar cen\u00e1rios diversos e propor solu\u00e7\u00f5es sustent\u00e1veis<\/p>        <\/div>\n        \t\t\t\t<\/div>\n\t\t\t\t<\/div>\n\t\t\t\t<\/div>\n\t\t<div class=\"elementor-element elementor-element-63629b47 e-con-full e-flex e-con e-child\" data-id=\"63629b47\" data-element_type=\"container\">\n\t\t\t\t<div class=\"elementor-element elementor-element-429be504 elementor-view-default elementor-widget elementor-widget-icon\" data-id=\"429be504\" data-element_type=\"widget\" data-widget_type=\"icon.default\">\n\t\t\t\t\t\t\t<div class=\"elementor-icon-wrapper\">\n\t\t\t<div class=\"elementor-icon\">\n\t\t\t<svg aria-hidden=\"true\" class=\"e-font-icon-svg e-fas-heartbeat\" viewBox=\"0 0 512 512\" xmlns=\"http:\/\/www.w3.org\/2000\/svg\"><path d=\"M320.2 243.8l-49.7 99.4c-6 12.1-23.4 11.7-28.9-.6l-56.9-126.3-30 71.7H60.6l182.5 186.5c7.1 7.3 18.6 7.3 25.7 0L451.4 288H342.3l-22.1-44.2zM473.7 73.9l-2.4-2.5c-51.5-52.6-135.8-52.6-187.4 0L256 100l-27.9-28.5c-51.5-52.7-135.9-52.7-187.4 0l-2.4 2.4C-10.4 123.7-12.5 203 31 256h102.4l35.9-86.2c5.4-12.9 23.6-13.2 29.4-.4l58.2 129.3 49-97.9c5.9-11.8 22.7-11.8 28.6 0l27.6 55.2H481c43.5-53 41.4-132.3-7.3-182.1z\"><\/path><\/svg>\t\t\t<\/div>\n\t\t<\/div>\n\t\t\t\t\t\t<\/div>\n\t\t\t\t<div class=\"elementor-element elementor-element-6f5e3bb7 elementor-widget elementor-widget-title-idor\" data-id=\"6f5e3bb7\" data-element_type=\"widget\" data-widget_type=\"title-idor.default\">\n\t\t\t\t<div class=\"elementor-widget-container\">\n\t\t\t\t\t        <div class=\"title-idor-widget\">\n            <h2 class=\"title\">Prepara\u00e7\u00e3o para desafios do sistema de sa\u00fade<\/h2>\n        <\/div>\n        \t\t\t\t<\/div>\n\t\t\t\t<\/div>\n\t\t\t\t<div class=\"elementor-element elementor-element-1641e330 elementor-widget elementor-widget-texto\" data-id=\"1641e330\" data-element_type=\"widget\" data-widget_type=\"texto.default\">\n\t\t\t\t<div class=\"elementor-widget-container\">\n\t\t\t\t\t        <div class=\"texto-widget\">\n            <p>Forma\u00e7\u00e3o que prepara para enfrentar os diferentes desafios do setor<\/p>        <\/div>\n        \t\t\t\t<\/div>\n\t\t\t\t<\/div>\n\t\t\t\t<\/div>\n\t\t\t\t<\/div>\n\t\t\t\t<\/div>\n\t\t\t\t\t<\/div>\n\t\t\t\t<\/div>\n\t\t<div class=\"elementor-element elementor-element-4ab3092e e-flex e-con-boxed e-con e-parent\" data-id=\"4ab3092e\" data-element_type=\"container\">\n\t\t\t\t\t<div class=\"e-con-inner\">\n\t\t<div class=\"elementor-element elementor-element-b0979200 e-con-full e-flex e-con e-child\" data-id=\"b0979200\" data-element_type=\"container\">\n\t\t\t\t<div class=\"elementor-element elementor-element-e6f8e0a8 elementor-widget elementor-widget-spacer\" data-id=\"e6f8e0a8\" data-element_type=\"widget\" data-widget_type=\"spacer.default\">\n\t\t\t\t\t\t\t<div class=\"elementor-spacer\">\n\t\t\t<div class=\"elementor-spacer-inner\"><\/div>\n\t\t<\/div>\n\t\t\t\t\t\t<\/div>\n\t\t<div class=\"elementor-element elementor-element-75ab9f47 e-con-full e-flex e-con e-child\" data-id=\"75ab9f47\" data-element_type=\"container\">\n\t\t\t\t<div class=\"elementor-element elementor-element-bde28e9a elementor-widget elementor-widget-tagline\" data-id=\"bde28e9a\" data-element_type=\"widget\" data-widget_type=\"tagline.default\">\n\t\t\t\t<div class=\"elementor-widget-container\">\n\t\t\t\t\t        <div class=\"tagline-widget\">\n            Ensino        <\/div>\n        \t\t\t\t<\/div>\n\t\t\t\t<\/div>\n\t\t\t\t<div class=\"elementor-element elementor-element-a43e9161 elementor-widget elementor-widget-title-idor\" data-id=\"a43e9161\" data-element_type=\"widget\" data-widget_type=\"title-idor.default\">\n\t\t\t\t<div class=\"elementor-widget-container\">\n\t\t\t\t\t        <div class=\"title-idor-widget\">\n            <h2 class=\"title\">Sobre a P\u00f3s-gradua\u00e7\u00e3o IDOR<\/h2>\n        <\/div>\n        \t\t\t\t<\/div>\n\t\t\t\t<\/div>\n\t\t\t\t<div class=\"elementor-element elementor-element-f126820e elementor-widget elementor-widget-texto\" data-id=\"f126820e\" data-element_type=\"widget\" data-widget_type=\"texto.default\">\n\t\t\t\t<div class=\"elementor-widget-container\">\n\t\t\t\t\t        <div class=\"texto-widget\">\n            <p>O programa do MBA Executivo em Sa\u00fade visa especializar profissionais para ocupar o papel de lideran\u00e7a em organiza\u00e7\u00f5es de sa\u00fade, por meio de conhecimentos t\u00e9cnicos e habilidades de gest\u00e3o, desenvolvendo compet\u00eancias anal\u00edticas e sustent\u00e1veis diante dos diversos cen\u00e1rios do sistema de sa\u00fade.<\/p><p>Ao final do curso o profissional estar\u00e1 capacitado a impulsionar melhorias significativas nos servi\u00e7os de sa\u00fade, contribuindo para uma gest\u00e3o mais eficiente e qualidade assistencial atrav\u00e9s da implementa\u00e7\u00e3o de pol\u00edticas e aperfei\u00e7oamento de processos, al\u00e9m de buscar solu\u00e7\u00f5es inovadoras e sustent\u00e1veis para os desafios complexos encontrados no contexto da gest\u00e3o em sa\u00fade.<\/p>        <\/div>\n        \t\t\t\t<\/div>\n\t\t\t\t<\/div>\n\t\t\t\t<div class=\"elementor-element elementor-element-9d16c8fb e-n-tabs-mobile elementor-widget elementor-widget-n-tabs\" data-id=\"9d16c8fb\" data-element_type=\"widget\" data-settings=\"{&quot;tabs_justify_horizontal&quot;:&quot;stretch&quot;,&quot;horizontal_scroll&quot;:&quot;disable&quot;}\" data-widget_type=\"nested-tabs.default\">\n\t\t\t\t\t\t\t<div class=\"e-n-tabs\" data-widget-number=\"2635516155\" aria-label=\"Abas. Abra itens com &quot;Enter&quot; ou &quot;Espa\u00e7o&quot;, feche com &quot;Escape&quot; e navegue usando as teclas de &quot;Seta&quot;.\">\n\t\t\t<div class=\"e-n-tabs-heading\" role=\"tablist\">\n\t\t\t\t\t<button id=\"e-n-tab-title-26355161551\" data-tab-title-id=\"e-n-tab-title-26355161551\" class=\"e-n-tab-title\" aria-selected=\"true\" data-tab-index=\"1\" role=\"tab\" tabindex=\"0\" aria-controls=\"e-n-tab-content-26355161551\" style=\"--n-tabs-title-order: 1;\">\n\t\t\t\t\t\t<span class=\"e-n-tab-title-text\">\n\t\t\t\tObjetivo do Curso\t\t\t<\/span>\n\t\t<\/button>\n\t\t\t\t<button id=\"e-n-tab-title-26355161552\" data-tab-title-id=\"e-n-tab-title-26355161552\" class=\"e-n-tab-title\" aria-selected=\"false\" data-tab-index=\"2\" role=\"tab\" tabindex=\"-1\" aria-controls=\"e-n-tab-content-26355161552\" style=\"--n-tabs-title-order: 2;\">\n\t\t\t\t\t\t<span class=\"e-n-tab-title-text\">\n\t\t\t\tP\u00fablico-alvo\t\t\t<\/span>\n\t\t<\/button>\n\t\t\t\t<button id=\"e-n-tab-title-26355161553\" data-tab-title-id=\"e-n-tab-title-26355161553\" class=\"e-n-tab-title\" aria-selected=\"false\" data-tab-index=\"3\" role=\"tab\" tabindex=\"-1\" aria-controls=\"e-n-tab-content-26355161553\" style=\"--n-tabs-title-order: 3;\">\n\t\t\t\t\t\t<span class=\"e-n-tab-title-text\">\n\t\t\t\tDiferenciais\t\t\t<\/span>\n\t\t<\/button>\n\t\t\t\t<button id=\"e-n-tab-title-26355161554\" data-tab-title-id=\"e-n-tab-title-26355161554\" class=\"e-n-tab-title\" aria-selected=\"false\" data-tab-index=\"4\" role=\"tab\" tabindex=\"-1\" aria-controls=\"e-n-tab-content-26355161554\" style=\"--n-tabs-title-order: 4;\">\n\t\t\t\t\t\t<span class=\"e-n-tab-title-text\">\n\t\t\t\tMatriz Curricular\t\t\t<\/span>\n\t\t<\/button>\n\t\t\t\t<button id=\"e-n-tab-title-26355161555\" data-tab-title-id=\"e-n-tab-title-26355161555\" class=\"e-n-tab-title\" aria-selected=\"false\" data-tab-index=\"5\" role=\"tab\" tabindex=\"-1\" aria-controls=\"e-n-tab-content-26355161555\" style=\"--n-tabs-title-order: 5;\">\n\t\t\t\t\t\t<span class=\"e-n-tab-title-text\">\n\t\t\t\tCronograma de Aulas\t\t\t<\/span>\n\t\t<\/button>\n\t\t\t\t<button id=\"e-n-tab-title-26355161556\" data-tab-title-id=\"e-n-tab-title-26355161556\" class=\"e-n-tab-title\" aria-selected=\"false\" data-tab-index=\"6\" role=\"tab\" tabindex=\"-1\" aria-controls=\"e-n-tab-content-26355161556\" style=\"--n-tabs-title-order: 6;\">\n\t\t\t\t\t\t<span class=\"e-n-tab-title-text\">\n\t\t\t\tMais informa\u00e7\u00f5es\t\t\t<\/span>\n\t\t<\/button>\n\t\t\t\t\t<\/div>\n\t\t\t<div class=\"e-n-tabs-content\">\n\t\t\t\t<div id=\"e-n-tab-content-26355161551\" role=\"tabpanel\" aria-labelledby=\"e-n-tab-title-26355161551\" data-tab-index=\"1\" style=\"--n-tabs-title-order: 1;\" class=\"e-active elementor-element elementor-element-0c02785 e-con-full e-flex e-con e-child\" data-id=\"0c02785\" data-element_type=\"container\">\n\t\t\t\t<div class=\"elementor-element elementor-element-182f4ec elementor-icon-list--layout-traditional elementor-list-item-link-full_width elementor-widget elementor-widget-icon-list\" data-id=\"182f4ec\" data-element_type=\"widget\" data-widget_type=\"icon-list.default\">\n\t\t\t\t\t\t\t<ul class=\"elementor-icon-list-items\">\n\t\t\t\t\t\t\t<li class=\"elementor-icon-list-item\">\n\t\t\t\t\t\t\t\t\t\t\t<span class=\"elementor-icon-list-icon\">\n\t\t\t\t\t\t\t<svg aria-hidden=\"true\" class=\"e-font-icon-svg e-fas-chevron-right\" viewBox=\"0 0 320 512\" xmlns=\"http:\/\/www.w3.org\/2000\/svg\"><path d=\"M285.476 272.971L91.132 467.314c-9.373 9.373-24.569 9.373-33.941 0l-22.667-22.667c-9.357-9.357-9.375-24.522-.04-33.901L188.505 256 34.484 101.255c-9.335-9.379-9.317-24.544.04-33.901l22.667-22.667c9.373-9.373 24.569-9.373 33.941 0L285.475 239.03c9.373 9.372 9.373 24.568.001 33.941z\"><\/path><\/svg>\t\t\t\t\t\t<\/span>\n\t\t\t\t\t\t\t\t\t\t<span class=\"elementor-icon-list-text\">Ao final do curso o profissional estar\u00e1 capacitado a impulsionar melhorias significativas nos servi\u00e7os de sa\u00fade, contribuindo para uma gest\u00e3o mais eficiente e qualidade assistencial atrav\u00e9s da implementa\u00e7\u00e3o de pol\u00edticas e aperfei\u00e7oamento de processos, al\u00e9m de buscar solu\u00e7\u00f5es inovadoras e sustent\u00e1veis para os desafios complexos encontrados no contexto da gest\u00e3o em sa\u00fade.<\/span>\n\t\t\t\t\t\t\t\t\t<\/li>\n\t\t\t\t\t\t<\/ul>\n\t\t\t\t\t\t<\/div>\n\t\t\t\t<\/div>\n\t\t<div id=\"e-n-tab-content-26355161552\" role=\"tabpanel\" aria-labelledby=\"e-n-tab-title-26355161552\" data-tab-index=\"2\" style=\"--n-tabs-title-order: 2;\" class=\" elementor-element elementor-element-4e16883 e-con-full e-flex e-con e-child\" data-id=\"4e16883\" data-element_type=\"container\">\n\t\t\t\t<div class=\"elementor-element elementor-element-9c383a3 elementor-icon-list--layout-traditional elementor-list-item-link-full_width elementor-widget elementor-widget-icon-list\" data-id=\"9c383a3\" data-element_type=\"widget\" data-widget_type=\"icon-list.default\">\n\t\t\t\t\t\t\t<ul class=\"elementor-icon-list-items\">\n\t\t\t\t\t\t\t<li class=\"elementor-icon-list-item\">\n\t\t\t\t\t\t\t\t\t\t\t<span class=\"elementor-icon-list-icon\">\n\t\t\t\t\t\t\t<svg aria-hidden=\"true\" class=\"e-font-icon-svg e-fas-chevron-right\" viewBox=\"0 0 320 512\" xmlns=\"http:\/\/www.w3.org\/2000\/svg\"><path d=\"M285.476 272.971L91.132 467.314c-9.373 9.373-24.569 9.373-33.941 0l-22.667-22.667c-9.357-9.357-9.375-24.522-.04-33.901L188.505 256 34.484 101.255c-9.335-9.379-9.317-24.544.04-33.901l22.667-22.667c9.373-9.373 24.569-9.373 33.941 0L285.475 239.03c9.373 9.372 9.373 24.568.001 33.941z\"><\/path><\/svg>\t\t\t\t\t\t<\/span>\n\t\t\t\t\t\t\t\t\t\t<span class=\"elementor-icon-list-text\">Gestores, l\u00edderes, coordenadores, executivos das organiza\u00e7\u00f5es de sa\u00fade que exer\u00e7am ou queiram exercer atividades de gest\u00e3o.<\/span>\n\t\t\t\t\t\t\t\t\t<\/li>\n\t\t\t\t\t\t<\/ul>\n\t\t\t\t\t\t<\/div>\n\t\t\t\t<\/div>\n\t\t<div id=\"e-n-tab-content-26355161553\" role=\"tabpanel\" aria-labelledby=\"e-n-tab-title-26355161553\" data-tab-index=\"3\" style=\"--n-tabs-title-order: 3;\" class=\" elementor-element elementor-element-686483d e-con-full e-flex e-con e-child\" data-id=\"686483d\" data-element_type=\"container\">\n\t\t\t\t<div class=\"elementor-element elementor-element-1674f52 elementor-icon-list--layout-traditional elementor-list-item-link-full_width elementor-widget elementor-widget-icon-list\" data-id=\"1674f52\" data-element_type=\"widget\" data-widget_type=\"icon-list.default\">\n\t\t\t\t\t\t\t<ul class=\"elementor-icon-list-items\">\n\t\t\t\t\t\t\t<li class=\"elementor-icon-list-item\">\n\t\t\t\t\t\t\t\t\t\t\t<span class=\"elementor-icon-list-icon\">\n\t\t\t\t\t\t\t<svg aria-hidden=\"true\" class=\"e-font-icon-svg e-fas-chevron-right\" viewBox=\"0 0 320 512\" xmlns=\"http:\/\/www.w3.org\/2000\/svg\"><path d=\"M285.476 272.971L91.132 467.314c-9.373 9.373-24.569 9.373-33.941 0l-22.667-22.667c-9.357-9.357-9.375-24.522-.04-33.901L188.505 256 34.484 101.255c-9.335-9.379-9.317-24.544.04-33.901l22.667-22.667c9.373-9.373 24.569-9.373 33.941 0L285.475 239.03c9.373 9.372 9.373 24.568.001 33.941z\"><\/path><\/svg>\t\t\t\t\t\t<\/span>\n\t\t\t\t\t\t\t\t\t\t<span class=\"elementor-icon-list-text\">A grade curricular objetiva e inovadora focada no desenvolvimento t\u00e9cnico e comportamental: O programa do MBA Executivo em Sa\u00fade foi desenvolvido por mestres e doutores com ampla experi\u00eancia profissional e acad\u00eamica, inseridos nos mais variados cen\u00e1rios do mercado p\u00fablico e privado, alguns, com experi\u00eancia \u00edmpar como parte da equipe de dire\u00e7\u00e3o da maior rede de hospitais da am\u00e9rica latina, a Rede D\u2019Or. Nesse sentido, a certifica\u00e7\u00e3o desse curso atesta um diferencial competitivo comprovado pelo cen\u00e1rio plural no qual seus realizadores est\u00e3o envolvidos.<\/span>\n\t\t\t\t\t\t\t\t\t<\/li>\n\t\t\t\t\t\t<\/ul>\n\t\t\t\t\t\t<\/div>\n\t\t\t\t<\/div>\n\t\t<div id=\"e-n-tab-content-26355161554\" role=\"tabpanel\" aria-labelledby=\"e-n-tab-title-26355161554\" data-tab-index=\"4\" style=\"--n-tabs-title-order: 4;\" class=\" elementor-element elementor-element-3770967 e-con-full e-flex e-con e-child\" data-id=\"3770967\" data-element_type=\"container\">\n\t\t\t\t<div class=\"elementor-element elementor-element-cc4a45e elementor-icon-list--layout-traditional elementor-list-item-link-full_width elementor-widget elementor-widget-icon-list\" data-id=\"cc4a45e\" data-element_type=\"widget\" data-widget_type=\"icon-list.default\">\n\t\t\t\t\t\t\t<ul class=\"elementor-icon-list-items\">\n\t\t\t\t\t\t\t<li class=\"elementor-icon-list-item\">\n\t\t\t\t\t\t\t\t\t\t\t<a href=\"https:\/\/www.rededorsaoluiz.com.br\/instituto\/idor\/wp-content\/uploads\/2026\/04\/ENS.ANX_.PGL_.0002-01_Matriz-Curricular-para-divulgacao-no-site.pdf\" target=\"_blank\">\n\n\t\t\t\t\t\t\t\t\t\t\t\t<span class=\"elementor-icon-list-icon\">\n\t\t\t\t\t\t\t<svg aria-hidden=\"true\" class=\"e-font-icon-svg e-fas-chevron-right\" viewBox=\"0 0 320 512\" xmlns=\"http:\/\/www.w3.org\/2000\/svg\"><path d=\"M285.476 272.971L91.132 467.314c-9.373 9.373-24.569 9.373-33.941 0l-22.667-22.667c-9.357-9.357-9.375-24.522-.04-33.901L188.505 256 34.484 101.255c-9.335-9.379-9.317-24.544.04-33.901l22.667-22.667c9.373-9.373 24.569-9.373 33.941 0L285.475 239.03c9.373 9.372 9.373 24.568.001 33.941z\"><\/path><\/svg>\t\t\t\t\t\t<\/span>\n\t\t\t\t\t\t\t\t\t\t<span class=\"elementor-icon-list-text\">Acesse Aqui<\/span>\n\t\t\t\t\t\t\t\t\t\t\t<\/a>\n\t\t\t\t\t\t\t\t\t<\/li>\n\t\t\t\t\t\t<\/ul>\n\t\t\t\t\t\t<\/div>\n\t\t\t\t<\/div>\n\t\t<div id=\"e-n-tab-content-26355161555\" role=\"tabpanel\" aria-labelledby=\"e-n-tab-title-26355161555\" data-tab-index=\"5\" style=\"--n-tabs-title-order: 5;\" class=\" elementor-element elementor-element-55ed1d7 e-con-full e-flex e-con e-child\" data-id=\"55ed1d7\" data-element_type=\"container\">\n\t\t\t\t<div class=\"elementor-element elementor-element-bd66ca3 elementor-icon-list--layout-traditional elementor-list-item-link-full_width elementor-widget elementor-widget-icon-list\" data-id=\"bd66ca3\" data-element_type=\"widget\" data-widget_type=\"icon-list.default\">\n\t\t\t\t\t\t\t<ul class=\"elementor-icon-list-items\">\n\t\t\t\t\t\t\t<li class=\"elementor-icon-list-item\">\n\t\t\t\t\t\t\t\t\t\t\t<a href=\"https:\/\/www.rededorsaoluiz.com.br\/instituto\/idor\/wp-content\/uploads\/2026\/04\/Cronograma-para-divulgacao-no-site_MBAExecutivo-Em-Saude-1.pdf\" target=\"_blank\">\n\n\t\t\t\t\t\t\t\t\t\t\t\t<span class=\"elementor-icon-list-icon\">\n\t\t\t\t\t\t\t<svg aria-hidden=\"true\" class=\"e-font-icon-svg e-fas-chevron-right\" viewBox=\"0 0 320 512\" xmlns=\"http:\/\/www.w3.org\/2000\/svg\"><path d=\"M285.476 272.971L91.132 467.314c-9.373 9.373-24.569 9.373-33.941 0l-22.667-22.667c-9.357-9.357-9.375-24.522-.04-33.901L188.505 256 34.484 101.255c-9.335-9.379-9.317-24.544.04-33.901l22.667-22.667c9.373-9.373 24.569-9.373 33.941 0L285.475 239.03c9.373 9.372 9.373 24.568.001 33.941z\"><\/path><\/svg>\t\t\t\t\t\t<\/span>\n\t\t\t\t\t\t\t\t\t\t<span class=\"elementor-icon-list-text\">Acesse Aqui<\/span>\n\t\t\t\t\t\t\t\t\t\t\t<\/a>\n\t\t\t\t\t\t\t\t\t<\/li>\n\t\t\t\t\t\t<\/ul>\n\t\t\t\t\t\t<\/div>\n\t\t\t\t<\/div>\n\t\t<div id=\"e-n-tab-content-26355161556\" role=\"tabpanel\" aria-labelledby=\"e-n-tab-title-26355161556\" data-tab-index=\"6\" style=\"--n-tabs-title-order: 6;\" class=\" elementor-element elementor-element-89a0bb1 e-con-full e-flex e-con e-child\" data-id=\"89a0bb1\" data-element_type=\"container\">\n\t\t\t\t<div class=\"elementor-element elementor-element-8d90e0f elementor-icon-list--layout-traditional elementor-list-item-link-full_width elementor-widget elementor-widget-icon-list\" data-id=\"8d90e0f\" data-element_type=\"widget\" data-widget_type=\"icon-list.default\">\n\t\t\t\t\t\t\t<ul class=\"elementor-icon-list-items\">\n\t\t\t\t\t\t\t<li class=\"elementor-icon-list-item\">\n\t\t\t\t\t\t\t\t\t\t\t<span class=\"elementor-icon-list-icon\">\n\t\t\t\t\t\t\t<svg aria-hidden=\"true\" class=\"e-font-icon-svg e-fab-whatsapp\" viewBox=\"0 0 448 512\" xmlns=\"http:\/\/www.w3.org\/2000\/svg\"><path d=\"M380.9 97.1C339 55.1 283.2 32 223.9 32c-122.4 0-222 99.6-222 222 0 39.1 10.2 77.3 29.6 111L0 480l117.7-30.9c32.4 17.7 68.9 27 106.1 27h.1c122.3 0 224.1-99.6 224.1-222 0-59.3-25.2-115-67.1-157zm-157 341.6c-33.2 0-65.7-8.9-94-25.7l-6.7-4-69.8 18.3L72 359.2l-4.4-7c-18.5-29.4-28.2-63.3-28.2-98.2 0-101.7 82.8-184.5 184.6-184.5 49.3 0 95.6 19.2 130.4 54.1 34.8 34.9 56.2 81.2 56.1 130.5 0 101.8-84.9 184.6-186.6 184.6zm101.2-138.2c-5.5-2.8-32.8-16.2-37.9-18-5.1-1.9-8.8-2.8-12.5 2.8-3.7 5.6-14.3 18-17.6 21.8-3.2 3.7-6.5 4.2-12 1.4-32.6-16.3-54-29.1-75.5-66-5.7-9.8 5.7-9.1 16.3-30.3 1.8-3.7.9-6.9-.5-9.7-1.4-2.8-12.5-30.1-17.1-41.2-4.5-10.8-9.1-9.3-12.5-9.5-3.2-.2-6.9-.2-10.6-.2-3.7 0-9.7 1.4-14.8 6.9-5.1 5.6-19.4 19-19.4 46.3 0 27.3 19.9 53.7 22.6 57.4 2.8 3.7 39.1 59.7 94.8 83.8 35.2 15.2 49 16.5 66.6 13.9 10.7-1.6 32.8-13.4 37.4-26.4 4.6-13 4.6-24.1 3.2-26.4-1.3-2.5-5-3.9-10.5-6.6z\"><\/path><\/svg>\t\t\t\t\t\t<\/span>\n\t\t\t\t\t\t\t\t\t\t<span class=\"elementor-icon-list-text\">Central de Relacionamento<br>(21) 3883-6000<br>Email: relacionamento.ensino@idor.org<\/span>\n\t\t\t\t\t\t\t\t\t<\/li>\n\t\t\t\t\t\t\t\t<li class=\"elementor-icon-list-item\">\n\t\t\t\t\t\t\t\t\t\t\t<span class=\"elementor-icon-list-icon\">\n\t\t\t\t\t\t\t<svg aria-hidden=\"true\" class=\"e-font-icon-svg e-fas-chevron-right\" viewBox=\"0 0 320 512\" xmlns=\"http:\/\/www.w3.org\/2000\/svg\"><path d=\"M285.476 272.971L91.132 467.314c-9.373 9.373-24.569 9.373-33.941 0l-22.667-22.667c-9.357-9.357-9.375-24.522-.04-33.901L188.505 256 34.484 101.255c-9.335-9.379-9.317-24.544.04-33.901l22.667-22.667c9.373-9.373 24.569-9.373 33.941 0L285.475 239.03c9.373 9.372 9.373 24.568.001 33.941z\"><\/path><\/svg>\t\t\t\t\t\t<\/span>\n\t\t\t\t\t\t\t\t\t\t<span class=\"elementor-icon-list-text\">Secretaria Acad\u00eamica<br>De 2\u00aa a 6\u00aa, das 09h \u00e0s 18h.<br>(21) 3883-6000<\/span>\n\t\t\t\t\t\t\t\t\t<\/li>\n\t\t\t\t\t\t<\/ul>\n\t\t\t\t\t\t<\/div>\n\t\t\t\t<\/div>\n\t\t\t\t\t<\/div>\n\t\t<\/div>\n\t\t\t\t\t\t<\/div>\n\t\t\t\t<\/div>\n\t\t\t\t<div class=\"elementor-element elementor-element-68e81b04 elementor-widget elementor-widget-spacer\" data-id=\"68e81b04\" data-element_type=\"widget\" data-widget_type=\"spacer.default\">\n\t\t\t\t\t\t\t<div class=\"elementor-spacer\">\n\t\t\t<div class=\"elementor-spacer-inner\"><\/div>\n\t\t<\/div>\n\t\t\t\t\t\t<\/div>\n\t\t\t\t<\/div>\n\t\t\t\t\t<\/div>\n\t\t\t\t<\/div>\n\t\t<div class=\"elementor-element elementor-element-53bc0751 e-flex e-con-boxed e-con e-parent\" data-id=\"53bc0751\" data-element_type=\"container\" data-settings=\"{&quot;background_background&quot;:&quot;classic&quot;}\">\n\t\t\t\t\t<div class=\"e-con-inner\">\n\t\t\t\t<div class=\"elementor-element elementor-element-404de4b8 elementor-absolute elementor-widget elementor-widget-image\" data-id=\"404de4b8\" data-element_type=\"widget\" data-settings=\"{&quot;_position&quot;:&quot;absolute&quot;}\" data-widget_type=\"image.default\">\n\t\t\t\t\t\t\t\t\t\t\t\t\t\t\t<img decoding=\"async\" width=\"146\" height=\"124\" src=\"https:\/\/www.rededorsaoluiz.com.br\/instituto\/idor\/wp-content\/uploads\/2025\/10\/Frame-branco.svg\" class=\"attachment-large size-large wp-image-665\" alt=\"\" \/>\t\t\t\t\t\t\t\t\t\t\t\t\t\t\t<\/div>\n\t\t<div class=\"elementor-element elementor-element-7abe4c2d e-con-full e-flex e-con e-child\" data-id=\"7abe4c2d\" data-element_type=\"container\">\n\t\t\t\t<div class=\"elementor-element elementor-element-68b9f91c elementor-widget elementor-widget-image\" data-id=\"68b9f91c\" data-element_type=\"widget\" data-widget_type=\"image.default\">\n\t\t\t\t\t\t\t\t\t\t\t\t\t\t\t<img fetchpriority=\"high\" decoding=\"async\" width=\"1024\" height=\"725\" src=\"https:\/\/www.rededorsaoluiz.com.br\/instituto\/idor\/wp-content\/uploads\/2025\/11\/Frame-126-1-1024x725.jpg\" class=\"attachment-large size-large wp-image-3052\" alt=\"\" srcset=\"https:\/\/www.rededorsaoluiz.com.br\/instituto\/idor\/wp-content\/uploads\/2025\/11\/Frame-126-1-1024x725.jpg 1024w, https:\/\/www.rededorsaoluiz.com.br\/instituto\/idor\/wp-content\/uploads\/2025\/11\/Frame-126-1-300x212.jpg 300w, https:\/\/www.rededorsaoluiz.com.br\/instituto\/idor\/wp-content\/uploads\/2025\/11\/Frame-126-1-768x544.jpg 768w, https:\/\/www.rededorsaoluiz.com.br\/instituto\/idor\/wp-content\/uploads\/2025\/11\/Frame-126-1.jpg 1066w\" sizes=\"(max-width: 1024px) 100vw, 1024px\" \/>\t\t\t\t\t\t\t\t\t\t\t\t\t\t\t<\/div>\n\t\t\t\t<div class=\"elementor-element elementor-element-7d37e2fb elementor-widget elementor-widget-texto\" data-id=\"7d37e2fb\" data-element_type=\"widget\" data-widget_type=\"texto.default\">\n\t\t\t\t<div class=\"elementor-widget-container\">\n\t\t\t\t\t        <div class=\"texto-widget\">\n            <p>A P\u00f3s-Gradua\u00e7\u00e3o MBA Executivo em Sa\u00fade oferece certificado de conclus\u00e3o com reconhecimento MEC, comprovando sua especializa\u00e7\u00e3o.<\/p>        <\/div>\n        \t\t\t\t<\/div>\n\t\t\t\t<\/div>\n\t\t\t\t<\/div>\n\t\t\t\t\t<\/div>\n\t\t\t\t<\/div>\n\t\t<div class=\"elementor-element elementor-element-aeb23f4 e-flex e-con-boxed e-con e-parent\" data-id=\"aeb23f4\" data-element_type=\"container\">\n\t\t\t\t\t<div class=\"e-con-inner\">\n\t\t\t\t<div class=\"elementor-element elementor-element-f7bea5e elementor-absolute elementor-widget elementor-widget-image\" data-id=\"f7bea5e\" data-element_type=\"widget\" data-settings=\"{&quot;_position&quot;:&quot;absolute&quot;}\" data-widget_type=\"image.default\">\n\t\t\t\t\t\t\t\t\t\t\t\t\t\t\t<img decoding=\"async\" width=\"277\" height=\"117\" src=\"https:\/\/www.rededorsaoluiz.com.br\/instituto\/idor\/wp-content\/uploads\/2025\/10\/Frame-74.svg\" class=\"attachment-large size-large wp-image-642\" alt=\"\" \/>\t\t\t\t\t\t\t\t\t\t\t\t\t\t\t<\/div>\n\t\t<div class=\"elementor-element elementor-element-0a79f4a e-con-full e-flex e-con e-child\" data-id=\"0a79f4a\" data-element_type=\"container\">\n\t\t\t\t<div class=\"elementor-element elementor-element-d2581f3 elementor-widget elementor-widget-title-idor\" data-id=\"d2581f3\" data-element_type=\"widget\" data-widget_type=\"title-idor.default\">\n\t\t\t\t<div class=\"elementor-widget-container\">\n\t\t\t\t\t        <div class=\"title-idor-widget\">\n            <h2 class=\"title\">Sum\u00e1rio<\/h2>\n        <\/div>\n        \t\t\t\t<\/div>\n\t\t\t\t<\/div>\n\t\t\t\t<div class=\"elementor-element elementor-element-aa65b6d elementor-widget elementor-widget-sumario-curso\" data-id=\"aa65b6d\" data-element_type=\"widget\" data-widget_type=\"sumario-curso.default\">\n\t\t\t\t<div class=\"elementor-widget-container\">\n\t\t\t\t\t        <div class=\"sumario-curso-widget\">\n                           <div class=\"item-sumario-curso \">\n                    <div class=\"item-header\">\n                        <i class=\"bi bi-chevron-right\" aria-hidden=\"true\"><\/i>\n                        <span class=\"item-label\">Inscri\u00e7\u00f5es at\u00e9:<\/span>\n                                                    <span class=\"item-valor\">27\/07\/2026<\/span>\n                                                                    <\/div>\n                                    <\/div>\n                            <div class=\"item-sumario-curso has-content\">\n                    <div class=\"item-header\">\n                        <i class=\"bi bi-chevron-right\" aria-hidden=\"true\"><\/i>\n                        <span class=\"item-label\">Investimento:<\/span>\n                                                    <span class=\"item-valor\">23x de R$1.420,16 (sujeito \u00e0 pol\u00edtica de desconto)<\/span>\n                                                                    <\/div>\n                                            <div class=\"item-conteudo\" id=\"sumario-item-1\" style=\"display: none;\">\n                            <ul><li><strong>Matr\u00edculas at\u00e9 30\/06\/2026:<\/strong> 10% de desconto no valor total do curso<\/li><li><strong>Matr\u00edculas entre 01\/07\/2026 e 31\/07\/2026:<\/strong> 5% de desconto no valor total do curso<\/li><li><strong>Matr\u00edculas a partir de 01\/08\/2026:<\/strong> sem desconto<\/li><\/ul>                        <\/div>\n                        <button class=\"btn-ver-mais\" data-target=\"sumario-item-1\" aria-expanded=\"false\">\n                            <span class=\"text-ver-mais\">Ver mais<\/span>\n                            <span class=\"text-ver-menos\" style=\"display: none;\">Fechar<\/span>\n                        <\/button>\n                                    <\/div>\n                            <div class=\"item-sumario-curso has-content\">\n                    <div class=\"item-header\">\n                        <i class=\"bi bi-chevron-right\" aria-hidden=\"true\"><\/i>\n                        <span class=\"item-label\">Pol\u00edtica de Desconto:<\/span>\n                                                                    <\/div>\n                                            <div class=\"item-conteudo\" id=\"sumario-item-2\" style=\"display: none;\">\n                            <ul><li>15% de desconto para ex-alunos do IDOR<\/li><li>Condi\u00e7\u00f5es especiais para Colaboradores ou Corpo Cl\u00ednico da Rede D\u2019Or, Oncologia D\u2019Or, IDOR e Sulam\u00e9rica. Para mais detalhes, entre em contato com a central de relacionamento:<br \/><img loading=\"lazy\" decoding=\"async\" style=\"vertical-align: middle;margin-right: 4px\" src=\"https:\/\/www.rededorsaoluiz.com.br\/instituto\/idor\/wp-content\/uploads\/2022\/07\/whatsapp1-300x300.png\" alt=\"WhatsApp\" width=\"18\" height=\"18\" \/> (21) 3883-6000 ou relacionamento.ensino@idor.org<\/li><\/ul><p><strong>**Descontos n\u00e3o s\u00e3o cumulativos.<\/strong><\/p>                        <\/div>\n                        <button class=\"btn-ver-mais\" data-target=\"sumario-item-2\" aria-expanded=\"false\">\n                            <span class=\"text-ver-mais\">Ver mais<\/span>\n                            <span class=\"text-ver-menos\" style=\"display: none;\">Fechar<\/span>\n                        <\/button>\n                                    <\/div>\n                            <div class=\"item-sumario-curso \">\n                    <div class=\"item-header\">\n                        <i class=\"bi bi-chevron-right\" aria-hidden=\"true\"><\/i>\n                        <span class=\"item-label\">In\u00edcio das aulas:<\/span>\n                                                    <span class=\"item-valor\">08\/08\/2026<\/span>\n                                                                    <\/div>\n                                    <\/div>\n                            <div class=\"item-sumario-curso \">\n                    <div class=\"item-header\">\n                        <i class=\"bi bi-chevron-right\" aria-hidden=\"true\"><\/i>\n                        <span class=\"item-label\">Dura\u00e7\u00e3o:<\/span>\n                                                    <span class=\"item-valor\">18 meses<\/span>\n                                                                    <\/div>\n                                    <\/div>\n                            <div class=\"item-sumario-curso has-content\">\n                    <div class=\"item-header\">\n                        <i class=\"bi bi-chevron-right\" aria-hidden=\"true\"><\/i>\n                        <span class=\"item-label\">Periodicidade, dias e hor\u00e1rios:<\/span>\n                                                                    <\/div>\n                                            <div class=\"item-conteudo\" id=\"sumario-item-5\" style=\"display: none;\">\n                            <p>Quinzenal aos S\u00e1bados \u2013 das 8h \u00e0s 18h<\/p>                        <\/div>\n                        <button class=\"btn-ver-mais\" data-target=\"sumario-item-5\" aria-expanded=\"false\">\n                            <span class=\"text-ver-mais\">Ver mais<\/span>\n                            <span class=\"text-ver-menos\" style=\"display: none;\">Fechar<\/span>\n                        <\/button>\n                                    <\/div>\n                            <div class=\"item-sumario-curso \">\n                    <div class=\"item-header\">\n                        <i class=\"bi bi-chevron-right\" aria-hidden=\"true\"><\/i>\n                        <span class=\"item-label\">Modalidade:<\/span>\n                                                    <span class=\"item-valor\">on-line ao vivo (com apenas 2 encontros presenciais)<\/span>\n                                                                    <\/div>\n                                    <\/div>\n                            <div class=\"item-sumario-curso has-content\">\n                    <div class=\"item-header\">\n                        <i class=\"bi bi-chevron-right\" aria-hidden=\"true\"><\/i>\n                        <span class=\"item-label\">Carga Hor\u00e1ria Total:<\/span>\n                                                    <span class=\"item-valor\">360h<\/span>\n                                                                    <\/div>\n                                            <div class=\"item-conteudo\" id=\"sumario-item-7\" style=\"display: none;\">\n                            <ul><li>Presencial: 20h<\/li><li>On-line: 340h<\/li><\/ul>                        <\/div>\n                        <button class=\"btn-ver-mais\" data-target=\"sumario-item-7\" aria-expanded=\"false\">\n                            <span class=\"text-ver-mais\">Ver mais<\/span>\n                            <span class=\"text-ver-menos\" style=\"display: none;\">Fechar<\/span>\n                        <\/button>\n                                    <\/div>\n                            <div class=\"item-sumario-curso has-content\">\n                    <div class=\"item-header\">\n                        <i class=\"bi bi-chevron-right\" aria-hidden=\"true\"><\/i>\n                        <span class=\"item-label\">Local:<\/span>\n                                                                    <\/div>\n                                            <div class=\"item-conteudo\" id=\"sumario-item-8\" style=\"display: none;\">\n                            <p>Encontros presenciais no IDOR SP: Av. Brigadeiro Lu\u00eds Ant\u00f4nio, 5001 \u2013 Jardim Paulista, S\u00e3o Paulo<\/p>                        <\/div>\n                        <button class=\"btn-ver-mais\" data-target=\"sumario-item-8\" aria-expanded=\"false\">\n                            <span class=\"text-ver-mais\">Ver mais<\/span>\n                            <span class=\"text-ver-menos\" style=\"display: none;\">Fechar<\/span>\n                        <\/button>\n                                    <\/div>\n                            <div class=\"item-sumario-curso has-content\">\n                    <div class=\"item-header\">\n                        <i class=\"bi bi-chevron-right\" aria-hidden=\"true\"><\/i>\n                        <span class=\"item-label\">Unidades:<\/span>\n                                                                    <\/div>\n                                            <div class=\"item-conteudo\" id=\"sumario-item-9\" style=\"display: none;\">\n                            <p>Al\u00e9m de ampliar suas frentes de atua\u00e7\u00e3o, o IDOR tamb\u00e9m est\u00e1 estendendo suas fronteiras geogr\u00e1ficas. No Rio de Janeiro, al\u00e9m da sede em Botafogo, conta, hoje, com um amplo espa\u00e7o dentro do Hospital Gl\u00f3ria D\u2019Or, dedicado \u00e0 pesquisa cl\u00ednica. Al\u00e9m disso, ganhou unidades em S\u00e3o Paulo, Salvador e Bras\u00edlia, que atuam de forma integrada em pesquisa, ensino e inova\u00e7\u00e3o. O IDOR tamb\u00e9m estende sua pesquisa a outras capitais brasileiras, contando com a estrutura da Rede D\u2019Or nesse processo.<\/p><p><a href=\"http:\/\/www.rededorsaoluiz.com.br\/instituto\/idor\/\/apresentacao\/unidades\/\">Saiba mais<\/a><\/p>                        <\/div>\n                        <button class=\"btn-ver-mais\" data-target=\"sumario-item-9\" aria-expanded=\"false\">\n                            <span class=\"text-ver-mais\">Ver mais<\/span>\n                            <span class=\"text-ver-menos\" style=\"display: none;\">Fechar<\/span>\n                        <\/button>\n                                    <\/div>\n                    <\/div>\n        \t\t\t\t<\/div>\n\t\t\t\t<\/div>\n\t\t\t\t<\/div>\n\t\t\t\t\t<\/div>\n\t\t\t\t<\/div>\n\t\t<div class=\"elementor-element elementor-element-4c456ff0 e-flex e-con-boxed e-con e-parent\" data-id=\"4c456ff0\" data-element_type=\"container\">\n\t\t\t\t\t<div class=\"e-con-inner\">\n\t\t\t\t<div class=\"elementor-element elementor-element-4965a0e0 elementor-absolute elementor-widget elementor-widget-image\" data-id=\"4965a0e0\" data-element_type=\"widget\" data-settings=\"{&quot;_position&quot;:&quot;absolute&quot;}\" data-widget_type=\"image.default\">\n\t\t\t\t\t\t\t\t\t\t\t\t\t\t\t<img decoding=\"async\" width=\"277\" height=\"117\" src=\"https:\/\/www.rededorsaoluiz.com.br\/instituto\/idor\/wp-content\/uploads\/2025\/10\/Frame-74.svg\" class=\"attachment-large size-large wp-image-642\" alt=\"\" \/>\t\t\t\t\t\t\t\t\t\t\t\t\t\t\t<\/div>\n\t\t<div class=\"elementor-element elementor-element-4a4b1933 e-con-full e-flex e-con e-child\" data-id=\"4a4b1933\" data-element_type=\"container\">\n\t\t\t\t<div class=\"elementor-element elementor-element-3736d3d1 elementor-widget elementor-widget-spacer\" data-id=\"3736d3d1\" data-element_type=\"widget\" data-widget_type=\"spacer.default\">\n\t\t\t\t\t\t\t<div class=\"elementor-spacer\">\n\t\t\t<div class=\"elementor-spacer-inner\"><\/div>\n\t\t<\/div>\n\t\t\t\t\t\t<\/div>\n\t\t<div class=\"elementor-element elementor-element-2117f9d0 e-con-full e-flex e-con e-child\" data-id=\"2117f9d0\" data-element_type=\"container\">\n\t\t<div class=\"elementor-element elementor-element-7ecb70af e-con-full e-flex e-con e-child\" data-id=\"7ecb70af\" data-element_type=\"container\">\n\t\t<div class=\"elementor-element elementor-element-68b84647 e-con-full e-flex e-con e-child\" data-id=\"68b84647\" data-element_type=\"container\">\n\t\t\t\t<div class=\"elementor-element elementor-element-7a6e53c3 elementor-widget elementor-widget-image\" data-id=\"7a6e53c3\" data-element_type=\"widget\" data-widget_type=\"image.default\">\n\t\t\t\t\t\t\t\t\t\t\t\t\t\t\t<img loading=\"lazy\" decoding=\"async\" width=\"246\" height=\"377\" src=\"https:\/\/www.rededorsaoluiz.com.br\/instituto\/idor\/wp-content\/uploads\/2025\/10\/Group-11.png\" class=\"attachment-large size-large wp-image-671\" alt=\"\" srcset=\"https:\/\/www.rededorsaoluiz.com.br\/instituto\/idor\/wp-content\/uploads\/2025\/10\/Group-11.png 246w, https:\/\/www.rededorsaoluiz.com.br\/instituto\/idor\/wp-content\/uploads\/2025\/10\/Group-11-196x300.png 196w\" sizes=\"(max-width: 246px) 100vw, 246px\" \/>\t\t\t\t\t\t\t\t\t\t\t\t\t\t\t<\/div>\n\t\t\t\t<\/div>\n\t\t<div class=\"elementor-element elementor-element-16ffc99d e-con-full e-flex e-con e-child\" data-id=\"16ffc99d\" data-element_type=\"container\">\n\t\t\t\t<div class=\"elementor-element elementor-element-7c6e4cdd elementor-widget elementor-widget-tagline\" data-id=\"7c6e4cdd\" data-element_type=\"widget\" data-widget_type=\"tagline.default\">\n\t\t\t\t<div class=\"elementor-widget-container\">\n\t\t\t\t\t        <div class=\"tagline-widget\">\n            Coordena\u00e7\u00e3o do Curso        <\/div>\n        \t\t\t\t<\/div>\n\t\t\t\t<\/div>\n\t\t\t\t<div class=\"elementor-element elementor-element-5f494ae0 elementor-widget elementor-widget-title-idor\" data-id=\"5f494ae0\" data-element_type=\"widget\" data-widget_type=\"title-idor.default\">\n\t\t\t\t<div class=\"elementor-widget-container\">\n\t\t\t\t\t        <div class=\"title-idor-widget\">\n            <h2 class=\"title\">Dra. Helidea de Oliveira Lima<\/h2>\n        <\/div>\n        \t\t\t\t<\/div>\n\t\t\t\t<\/div>\n\t\t\t\t<div class=\"elementor-element elementor-element-73f6c2e9 elementor-widget elementor-widget-texto\" data-id=\"73f6c2e9\" data-element_type=\"widget\" data-widget_type=\"texto.default\">\n\t\t\t\t<div class=\"elementor-widget-container\">\n\t\t\t\t\t        <div class=\"texto-widget\">\n            <p><p>Dra. Helidea de Oliveira Lima \u00e9 m\u00e9dica, mestre em Gest\u00e3o de Servi\u00e7os de Sa\u00fade pelo Instituto Universit\u00e1rio de Lisboa e especialista em Melhoria pelo IHI. Atua como membro da C\u00e2mara T\u00e9cnica de Seguran\u00e7a do Paciente do Conselho Federal de Medicina (CFM), al\u00e9m de integrar o Conselho Consultivo do Instituto Brasileiro de Valor em Sa\u00fade \u2013 IBRAVS. \u00c9 tamb\u00e9m Coordenadora Acad\u00eamica do Instituto D\u2019Or de Pesquisa e Ensino (IDOR) e Diretora de Qualidade Assistencial da Rede D\u2019Or.<\/p><\/p>        <\/div>\n        \t\t\t\t<\/div>\n\t\t\t\t<\/div>\n\t\t\t\t<\/div>\n\t\t\t\t<\/div>\n\t\t\t\t<\/div>\n\t\t\t\t<\/div>\n\t\t\t\t\t<\/div>\n\t\t\t\t<\/div>\n\t\t<div class=\"elementor-element elementor-element-670c7be1 e-flex e-con-boxed e-con e-parent\" data-id=\"670c7be1\" data-element_type=\"container\" data-settings=\"{&quot;background_background&quot;:&quot;classic&quot;}\">\n\t\t\t\t\t<div class=\"e-con-inner\">\n\t\t\t\t<div class=\"elementor-element elementor-element-7f523c2d elementor-absolute elementor-widget elementor-widget-image\" data-id=\"7f523c2d\" data-element_type=\"widget\" data-settings=\"{&quot;_position&quot;:&quot;absolute&quot;}\" data-widget_type=\"image.default\">\n\t\t\t\t\t\t\t\t\t\t\t\t\t\t\t<img loading=\"lazy\" decoding=\"async\" width=\"274\" height=\"74\" src=\"https:\/\/www.rededorsaoluiz.com.br\/instituto\/idor\/wp-content\/uploads\/2025\/10\/Frame-76.svg\" class=\"attachment-large size-large wp-image-686\" alt=\"\" \/>\t\t\t\t\t\t\t\t\t\t\t\t\t\t\t<\/div>\n\t\t<div class=\"elementor-element elementor-element-70ba592e e-con-full e-flex e-con e-child\" data-id=\"70ba592e\" data-element_type=\"container\">\n\t\t\t\t<div class=\"elementor-element elementor-element-a51cb7e elementor-widget elementor-widget-title-idor\" data-id=\"a51cb7e\" data-element_type=\"widget\" data-widget_type=\"title-idor.default\">\n\t\t\t\t<div class=\"elementor-widget-container\">\n\t\t\t\t\t        <div class=\"title-idor-widget\">\n            <h2 class=\"title\">Nossos Diferenciais<\/h2>\n        <\/div>\n        \t\t\t\t<\/div>\n\t\t\t\t<\/div>\n\t\t\t\t<div class=\"elementor-element elementor-element-26c9e976 elementor-widget elementor-widget-texto\" data-id=\"26c9e976\" data-element_type=\"widget\" data-widget_type=\"texto.default\">\n\t\t\t\t<div class=\"elementor-widget-container\">\n\t\t\t\t\t        <div class=\"texto-widget\">\n            <p>A grade curricular objetiva e inovadora focada no desenvolvimento t\u00e9cnico e comportamental: O programa do MBA Executivo em Sa\u00fade foi desenvolvido por mestres e doutores com ampla experi\u00eancia profissional e acad\u00eamica, inseridos nos mais variados cen\u00e1rios do mercado p\u00fablico e privado, alguns, com experi\u00eancia \u00edmpar como parte da equipe de dire\u00e7\u00e3o da maior rede de hospitais da am\u00e9rica latina, a Rede D\u2019Or. Nesse sentido, a certifica\u00e7\u00e3o desse curso atesta um diferencial competitivo comprovado pelo cen\u00e1rio plural no qual seus realizadores est\u00e3o envolvidos.<\/p>        <\/div>\n        \t\t\t\t<\/div>\n\t\t\t\t<\/div>\n\t\t\t\t<div class=\"elementor-element elementor-element-665bc4b8 elementor-widget elementor-widget-grid-card\" data-id=\"665bc4b8\" data-element_type=\"widget\" data-widget_type=\"grid-card.default\">\n\t\t\t\t<div class=\"elementor-widget-container\">\n\t\t\t\t\t<style>.elementor-repeater-item-b4a627a { grid-column: span 6; } @media(max-width:1024px){.elementor-repeater-item-b4a627a { grid-column: span 6; }} @media(max-width:767px){.elementor-repeater-item-b4a627a { grid-column: span 12; }} .elementor-repeater-item-fa84eb6 { grid-column: span 6; } @media(max-width:1024px){.elementor-repeater-item-fa84eb6 { grid-column: span 6; }} @media(max-width:767px){.elementor-repeater-item-fa84eb6 { grid-column: span 12; }} .elementor-repeater-item-30a60ab { grid-column: span 12; } @media(max-width:1024px){.elementor-repeater-item-30a60ab { grid-column: span 12; }} @media(max-width:767px){.elementor-repeater-item-30a60ab { grid-column: span 12; }} .elementor-repeater-item-3fa1bf7 { grid-column: span 6; } @media(max-width:1024px){.elementor-repeater-item-3fa1bf7 { grid-column: span 6; }} @media(max-width:767px){.elementor-repeater-item-3fa1bf7 { grid-column: span 12; }} .elementor-repeater-item-f05211d { grid-column: span 6; } @media(max-width:1024px){.elementor-repeater-item-f05211d { grid-column: span 6; }} @media(max-width:767px){.elementor-repeater-item-f05211d { grid-column: span 12; }}<\/style>        <section class=\"widget-grid-card\">\n                            <article class=\"card elementor-repeater-item-b4a627a  azul-escuro\"\n                style=\"\">\n\n                                            <div class=\"card-content\">\n                            <h3 class=\"title-card\">Corpo docente qualificado<\/h3>\n                            <div class=\"card-footer\">\n                                <p class=\"description-card\">Mestres e doutores com ampla experi\u00eancia profissional e acad\u00eamica no setor de sa\u00fade.<\/p>\n                            <\/div>\n                        <\/div>\n                                    <\/article>\n                            <article class=\"card elementor-repeater-item-fa84eb6 card-img branco\"\n                style=\"background-image: url(&#039;https:\/\/www.rededorsaoluiz.com.br\/instituto\/idor\/wp-content\/uploads\/2025\/12\/DIREITO-Nossos-Diferenciais-01.jpg&#039;);\">\n\n                                            <div class=\"card-content\">\n                            <h3 class=\"title-card\"><\/h3>\n                            <div class=\"card-footer\">\n                                <p class=\"description-card\"><\/p>\n                            <\/div>\n                        <\/div>\n                                    <\/article>\n                            <article class=\"card elementor-repeater-item-30a60ab  branco\"\n                style=\"\">\n\n                                            <div class=\"card-content\">\n                            <h3 class=\"title-card\">Viv\u00eancia em diversos cen\u00e1rios<\/h3>\n                            <div class=\"card-footer\">\n                                <p class=\"description-card\">Professores inseridos em variados cen\u00e1rios do mercado p\u00fablico e privado.<\/p>\n                            <\/div>\n                        <\/div>\n                                    <\/article>\n                            <article class=\"card elementor-repeater-item-3fa1bf7 card-img branco\"\n                style=\"background-image: url(&#039;https:\/\/www.rededorsaoluiz.com.br\/instituto\/idor\/wp-content\/uploads\/2025\/12\/DIREITO-Nossos-Diferenciais-02.jpg&#039;);\">\n\n                                            <div class=\"card-content\">\n                            <h3 class=\"title-card\"><\/h3>\n                            <div class=\"card-footer\">\n                                <p class=\"description-card\"><\/p>\n                            <\/div>\n                        <\/div>\n                                    <\/article>\n                            <article class=\"card elementor-repeater-item-f05211d  dourado\"\n                style=\"\">\n\n                                            <div class=\"card-content\">\n                            <h3 class=\"title-card\">Conex\u00e3o com a Rede D\u2019Or<\/h3>\n                            <div class=\"card-footer\">\n                                <p class=\"description-card\">Parte da equipe docente com experi\u00eancia de dire\u00e7\u00e3o na maior rede de hospitais da Am\u00e9rica Latina.<\/p>\n                            <\/div>\n                        <\/div>\n                                    <\/article>\n                    <\/section>\n        \t\t\t\t<\/div>\n\t\t\t\t<\/div>\n\t\t\t\t<\/div>\n\t\t\t\t\t<\/div>\n\t\t\t\t<\/div>\n\t\t<div class=\"elementor-element elementor-element-4ec7ebb6 e-flex e-con-boxed e-con e-parent\" data-id=\"4ec7ebb6\" data-element_type=\"container\">\n\t\t\t\t\t<div class=\"e-con-inner\">\n\t\t\t\t<div class=\"elementor-element elementor-element-5db07b46 elementor-absolute elementor-widget elementor-widget-image\" data-id=\"5db07b46\" data-element_type=\"widget\" data-settings=\"{&quot;_position&quot;:&quot;absolute&quot;}\" data-widget_type=\"image.default\">\n\t\t\t\t\t\t\t\t\t\t\t\t\t\t\t<img loading=\"lazy\" decoding=\"async\" width=\"246\" height=\"124\" src=\"https:\/\/www.rededorsaoluiz.com.br\/instituto\/idor\/wp-content\/uploads\/2025\/11\/Frame-75.png\" class=\"attachment-large size-large wp-image-578\" alt=\"\" \/>\t\t\t\t\t\t\t\t\t\t\t\t\t\t\t<\/div>\n\t\t<div class=\"elementor-element elementor-element-5c8e39ba e-con-full e-flex e-con e-child\" data-id=\"5c8e39ba\" data-element_type=\"container\">\n\t\t\t\t<div class=\"elementor-element elementor-element-3c69c183 elementor-widget elementor-widget-title-idor\" data-id=\"3c69c183\" data-element_type=\"widget\" data-widget_type=\"title-idor.default\">\n\t\t\t\t<div class=\"elementor-widget-container\">\n\t\t\t\t\t        <div class=\"title-idor-widget\">\n            <h2 class=\"title\">Carreira Profissional em Gest\u00e3o Executiva em Sa\u00fade<\/h2>\n        <\/div>\n        \t\t\t\t<\/div>\n\t\t\t\t<\/div>\n\t\t\t\t<div class=\"elementor-element elementor-element-4ce94e1f elementor-widget elementor-widget-image\" data-id=\"4ce94e1f\" data-element_type=\"widget\" data-widget_type=\"image.default\">\n\t\t\t\t\t\t\t\t\t\t\t\t\t\t\t<img loading=\"lazy\" decoding=\"async\" width=\"1024\" height=\"360\" src=\"https:\/\/www.rededorsaoluiz.com.br\/instituto\/idor\/wp-content\/uploads\/2025\/12\/DIREITO-imagem-box-carreira-1024x360.jpg\" class=\"attachment-large size-large wp-image-5227\" alt=\"\" srcset=\"https:\/\/www.rededorsaoluiz.com.br\/instituto\/idor\/wp-content\/uploads\/2025\/12\/DIREITO-imagem-box-carreira-1024x360.jpg 1024w, https:\/\/www.rededorsaoluiz.com.br\/instituto\/idor\/wp-content\/uploads\/2025\/12\/DIREITO-imagem-box-carreira-300x105.jpg 300w, https:\/\/www.rededorsaoluiz.com.br\/instituto\/idor\/wp-content\/uploads\/2025\/12\/DIREITO-imagem-box-carreira-768x270.jpg 768w, https:\/\/www.rededorsaoluiz.com.br\/instituto\/idor\/wp-content\/uploads\/2025\/12\/DIREITO-imagem-box-carreira.jpg 1417w\" sizes=\"(max-width: 1024px) 100vw, 1024px\" \/>\t\t\t\t\t\t\t\t\t\t\t\t\t\t\t<\/div>\n\t\t\t\t<div class=\"elementor-element elementor-element-58bf693b elementor-widget elementor-widget-texto\" data-id=\"58bf693b\" data-element_type=\"widget\" data-widget_type=\"texto.default\">\n\t\t\t\t<div class=\"elementor-widget-container\">\n\t\t\t\t\t        <div class=\"texto-widget\">\n            <p><p>O MBA Executivo em Sa\u00fade prepara profissionais para posi\u00e7\u00f5es estrat\u00e9gicas de lideran\u00e7a em hospitais, cl\u00ednicas, operadoras de sa\u00fade e organiza\u00e7\u00f5es do setor, desenvolvendo habilidades de gest\u00e3o e vis\u00e3o inovadora para atuar em diferentes cen\u00e1rios e n\u00edveis de complexidade do sistema de sa\u00fade. Os egressos estar\u00e3o aptos a promover melhorias, implementar pol\u00edticas e liderar equipes multidisciplinares com foco em efici\u00eancia e qualidade assistencial.<\/p><\/p>        <\/div>\n        \t\t\t\t<\/div>\n\t\t\t\t<\/div>\n\t\t<div class=\"elementor-element elementor-element-2cd9e37 e-con-full e-flex e-con e-child\" data-id=\"2cd9e37\" data-element_type=\"container\">\n\t\t<div class=\"elementor-element elementor-element-3fb7241f e-con-full e-flex e-con e-child\" data-id=\"3fb7241f\" data-element_type=\"container\">\n\t\t\t\t<div class=\"elementor-element elementor-element-1f22ccd6 elementor-view-default elementor-widget elementor-widget-icon\" data-id=\"1f22ccd6\" data-element_type=\"widget\" data-widget_type=\"icon.default\">\n\t\t\t\t\t\t\t<div class=\"elementor-icon-wrapper\">\n\t\t\t<div class=\"elementor-icon\">\n\t\t\t<svg aria-hidden=\"true\" class=\"e-font-icon-svg e-fas-briefcase\" viewBox=\"0 0 512 512\" xmlns=\"http:\/\/www.w3.org\/2000\/svg\"><path d=\"M320 336c0 8.84-7.16 16-16 16h-96c-8.84 0-16-7.16-16-16v-48H0v144c0 25.6 22.4 48 48 48h416c25.6 0 48-22.4 48-48V288H320v48zm144-208h-80V80c0-25.6-22.4-48-48-48H176c-25.6 0-48 22.4-48 48v48H48c-25.6 0-48 22.4-48 48v80h512v-80c0-25.6-22.4-48-48-48zm-144 0H192V96h128v32z\"><\/path><\/svg>\t\t\t<\/div>\n\t\t<\/div>\n\t\t\t\t\t\t<\/div>\n\t\t\t\t<div class=\"elementor-element elementor-element-58bebec6 elementor-widget elementor-widget-title-idor\" data-id=\"58bebec6\" data-element_type=\"widget\" data-widget_type=\"title-idor.default\">\n\t\t\t\t<div class=\"elementor-widget-container\">\n\t\t\t\t\t        <div class=\"title-idor-widget\">\n            <h2 class=\"title\">Altas oportunidades de lideran\u00e7a<\/h2>\n        <\/div>\n        \t\t\t\t<\/div>\n\t\t\t\t<\/div>\n\t\t\t\t<div class=\"elementor-element elementor-element-1e2859f elementor-widget elementor-widget-texto\" data-id=\"1e2859f\" data-element_type=\"widget\" data-widget_type=\"texto.default\">\n\t\t\t\t<div class=\"elementor-widget-container\">\n\t\t\t\t\t        <div class=\"texto-widget\">\n            <p>Forma\u00e7\u00e3o voltada para quem almeja cargos como gestor, diretor ou executivo em institui\u00e7\u00f5es de sa\u00fade, com forte demanda por profissionais qualificados para atuar em um setor que exige atualiza\u00e7\u00e3o constante.<\/p>        <\/div>\n        \t\t\t\t<\/div>\n\t\t\t\t<\/div>\n\t\t\t\t<\/div>\n\t\t<div class=\"elementor-element elementor-element-77e48ca1 e-con-full e-flex e-con e-child\" data-id=\"77e48ca1\" data-element_type=\"container\">\n\t\t\t\t<div class=\"elementor-element elementor-element-689791ef elementor-view-default elementor-widget elementor-widget-icon\" data-id=\"689791ef\" data-element_type=\"widget\" data-widget_type=\"icon.default\">\n\t\t\t\t\t\t\t<div class=\"elementor-icon-wrapper\">\n\t\t\t<div class=\"elementor-icon\">\n\t\t\t<svg aria-hidden=\"true\" class=\"e-font-icon-svg e-fas-sitemap\" viewBox=\"0 0 640 512\" xmlns=\"http:\/\/www.w3.org\/2000\/svg\"><path d=\"M128 352H32c-17.67 0-32 14.33-32 32v96c0 17.67 14.33 32 32 32h96c17.67 0 32-14.33 32-32v-96c0-17.67-14.33-32-32-32zm-24-80h192v48h48v-48h192v48h48v-57.59c0-21.17-17.23-38.41-38.41-38.41H344v-64h40c17.67 0 32-14.33 32-32V32c0-17.67-14.33-32-32-32H256c-17.67 0-32 14.33-32 32v96c0 17.67 14.33 32 32 32h40v64H94.41C73.23 224 56 241.23 56 262.41V320h48v-48zm264 80h-96c-17.67 0-32 14.33-32 32v96c0 17.67 14.33 32 32 32h96c17.67 0 32-14.33 32-32v-96c0-17.67-14.33-32-32-32zm240 0h-96c-17.67 0-32 14.33-32 32v96c0 17.67 14.33 32 32 32h96c17.67 0 32-14.33 32-32v-96c0-17.67-14.33-32-32-32z\"><\/path><\/svg>\t\t\t<\/div>\n\t\t<\/div>\n\t\t\t\t\t\t<\/div>\n\t\t\t\t<div class=\"elementor-element elementor-element-72584ca3 elementor-widget elementor-widget-title-idor\" data-id=\"72584ca3\" data-element_type=\"widget\" data-widget_type=\"title-idor.default\">\n\t\t\t\t<div class=\"elementor-widget-container\">\n\t\t\t\t\t        <div class=\"title-idor-widget\">\n            <h2 class=\"title\">Multiplicidade de \u00e1reas de atua\u00e7\u00e3o<\/h2>\n        <\/div>\n        \t\t\t\t<\/div>\n\t\t\t\t<\/div>\n\t\t\t\t<div class=\"elementor-element elementor-element-34c1640 elementor-widget elementor-widget-texto\" data-id=\"34c1640\" data-element_type=\"widget\" data-widget_type=\"texto.default\">\n\t\t\t\t<div class=\"elementor-widget-container\">\n\t\t\t\t\t        <div class=\"texto-widget\">\n            <p>O MBA permite ao profissional atuar em hospitais, cl\u00ednicas, operadoras, organiza\u00e7\u00f5es p\u00fablicas e privadas, consultorias e startups, abrindo portas para diversos segmentos da sa\u00fade.<\/p>        <\/div>\n        \t\t\t\t<\/div>\n\t\t\t\t<\/div>\n\t\t\t\t<\/div>\n\t\t\t\t<\/div>\n\t\t<div class=\"elementor-element elementor-element-1d357a6f e-con-full e-flex e-con e-child\" data-id=\"1d357a6f\" data-element_type=\"container\">\n\t\t\t\t<div class=\"elementor-element elementor-element-6a4d9da1 elementor-widget elementor-widget-title-idor\" data-id=\"6a4d9da1\" data-element_type=\"widget\" data-widget_type=\"title-idor.default\">\n\t\t\t\t<div class=\"elementor-widget-container\">\n\t\t\t\t\t        <div class=\"title-idor-widget\">\n            <h2 class=\"title\">Tire suas d\u00favidas sobre o curso<\/h2>\n        <\/div>\n        \t\t\t\t<\/div>\n\t\t\t\t<\/div>\n\t\t\t\t<div class=\"elementor-element elementor-element-5fa15b1d elementor-widget elementor-widget-texto\" data-id=\"5fa15b1d\" data-element_type=\"widget\" data-widget_type=\"texto.default\">\n\t\t\t\t<div class=\"elementor-widget-container\">\n\t\t\t\t\t        <div class=\"texto-widget\">\n            <p>Confira as d\u00favidas mais comuns sobre o MBA Executivo em Sa\u00fade para entender melhor como funciona o curso, sua estrutura e benef\u00edcios.<\/p>        <\/div>\n        \t\t\t\t<\/div>\n\t\t\t\t<\/div>\n\t\t\t\t<div class=\"elementor-element elementor-element-14026455 elementor-widget elementor-widget-n-accordion\" data-id=\"14026455\" data-element_type=\"widget\" data-settings=\"{&quot;default_state&quot;:&quot;expanded&quot;,&quot;max_items_expended&quot;:&quot;one&quot;,&quot;n_accordion_animation_duration&quot;:{&quot;unit&quot;:&quot;ms&quot;,&quot;size&quot;:400,&quot;sizes&quot;:[]}}\" data-widget_type=\"nested-accordion.default\">\n\t\t\t\t\t\t\t<div class=\"e-n-accordion\" aria-label=\"Accordion. Open links with Enter or Space, close with Escape, and navigate with Arrow Keys\">\n\t\t\t\t\t\t<details id=\"e-n-accordion-item-3350\" class=\"e-n-accordion-item\" open>\n\t\t\t\t<summary class=\"e-n-accordion-item-title\" data-accordion-index=\"1\" tabindex=\"0\" aria-expanded=\"true\" aria-controls=\"e-n-accordion-item-3350\" >\n\t\t\t\t\t<span class='e-n-accordion-item-title-header'><div class=\"e-n-accordion-item-title-text\"> Qual \u00e9 a dura\u00e7\u00e3o do curso? <\/div><\/span>\n\t\t\t\t\t\t\t<span class='e-n-accordion-item-title-icon'>\n\t\t\t<span class='e-opened' ><svg aria-hidden=\"true\" class=\"e-font-icon-svg e-fas-chevron-up\" viewBox=\"0 0 448 512\" xmlns=\"http:\/\/www.w3.org\/2000\/svg\"><path d=\"M240.971 130.524l194.343 194.343c9.373 9.373 9.373 24.569 0 33.941l-22.667 22.667c-9.357 9.357-24.522 9.375-33.901.04L224 227.495 69.255 381.516c-9.379 9.335-24.544 9.317-33.901-.04l-22.667-22.667c-9.373-9.373-9.373-24.569 0-33.941L207.03 130.525c9.372-9.373 24.568-9.373 33.941-.001z\"><\/path><\/svg><\/span>\n\t\t\t<span class='e-closed'><svg aria-hidden=\"true\" class=\"e-font-icon-svg e-fas-chevron-down\" viewBox=\"0 0 448 512\" xmlns=\"http:\/\/www.w3.org\/2000\/svg\"><path d=\"M207.029 381.476L12.686 187.132c-9.373-9.373-9.373-24.569 0-33.941l22.667-22.667c9.357-9.357 24.522-9.375 33.901-.04L224 284.505l154.745-154.021c9.379-9.335 24.544-9.317 33.901.04l22.667 22.667c9.373 9.373 9.373 24.569 0 33.941L240.971 381.476c-9.373 9.372-24.569 9.372-33.942 0z\"><\/path><\/svg><\/span>\n\t\t<\/span>\n\n\t\t\t\t\t\t<\/summary>\n\t\t\t\t<div role=\"region\" aria-labelledby=\"e-n-accordion-item-3350\" class=\"elementor-element elementor-element-65c3c80 e-con-full e-flex e-con e-child\" data-id=\"65c3c80\" data-element_type=\"container\">\n\t\t\t\t<div class=\"elementor-element elementor-element-68bc9cf elementor-widget elementor-widget-texto\" data-id=\"68bc9cf\" data-element_type=\"widget\" data-widget_type=\"texto.default\">\n\t\t\t\t<div class=\"elementor-widget-container\">\n\t\t\t\t\t        <div class=\"texto-widget\">\n            <p>O curso tem dura\u00e7\u00e3o de 18 meses, com encontros quinzenais aos s\u00e1bados das 8h \u00e0s 18h.<\/p>        <\/div>\n        \t\t\t\t<\/div>\n\t\t\t\t<\/div>\n\t\t\t\t<\/div>\n\t\t\t\t\t<\/details>\n\t\t\t\t\t\t<details id=\"e-n-accordion-item-3351\" class=\"e-n-accordion-item\" >\n\t\t\t\t<summary class=\"e-n-accordion-item-title\" data-accordion-index=\"2\" tabindex=\"-1\" aria-expanded=\"false\" aria-controls=\"e-n-accordion-item-3351\" >\n\t\t\t\t\t<span class='e-n-accordion-item-title-header'><div class=\"e-n-accordion-item-title-text\"> Qual a modalidade das aulas? <\/div><\/span>\n\t\t\t\t\t\t\t<span class='e-n-accordion-item-title-icon'>\n\t\t\t<span class='e-opened' ><svg aria-hidden=\"true\" class=\"e-font-icon-svg e-fas-chevron-up\" viewBox=\"0 0 448 512\" xmlns=\"http:\/\/www.w3.org\/2000\/svg\"><path d=\"M240.971 130.524l194.343 194.343c9.373 9.373 9.373 24.569 0 33.941l-22.667 22.667c-9.357 9.357-24.522 9.375-33.901.04L224 227.495 69.255 381.516c-9.379 9.335-24.544 9.317-33.901-.04l-22.667-22.667c-9.373-9.373-9.373-24.569 0-33.941L207.03 130.525c9.372-9.373 24.568-9.373 33.941-.001z\"><\/path><\/svg><\/span>\n\t\t\t<span class='e-closed'><svg aria-hidden=\"true\" class=\"e-font-icon-svg e-fas-chevron-down\" viewBox=\"0 0 448 512\" xmlns=\"http:\/\/www.w3.org\/2000\/svg\"><path d=\"M207.029 381.476L12.686 187.132c-9.373-9.373-9.373-24.569 0-33.941l22.667-22.667c9.357-9.357 24.522-9.375 33.901-.04L224 284.505l154.745-154.021c9.379-9.335 24.544-9.317 33.901.04l22.667 22.667c9.373 9.373 9.373 24.569 0 33.941L240.971 381.476c-9.373 9.372-24.569 9.372-33.942 0z\"><\/path><\/svg><\/span>\n\t\t<\/span>\n\n\t\t\t\t\t\t<\/summary>\n\t\t\t\t<div role=\"region\" aria-labelledby=\"e-n-accordion-item-3351\" class=\"elementor-element elementor-element-ddfd2f9 e-con-full e-flex e-con e-child\" data-id=\"ddfd2f9\" data-element_type=\"container\">\n\t\t\t\t<div class=\"elementor-element elementor-element-711a8ad elementor-widget elementor-widget-texto\" data-id=\"711a8ad\" data-element_type=\"widget\" data-widget_type=\"texto.default\">\n\t\t\t\t<div class=\"elementor-widget-container\">\n\t\t\t\t\t        <div class=\"texto-widget\">\n            <p>O curso \u00e9 oferecido na modalidade on-line ao vivo, com apenas dois encontros presenciais na unidade do IDOR em S\u00e3o Paulo.<\/p>        <\/div>\n        \t\t\t\t<\/div>\n\t\t\t\t<\/div>\n\t\t\t\t<\/div>\n\t\t\t\t\t<\/details>\n\t\t\t\t\t\t<details id=\"e-n-accordion-item-3352\" class=\"e-n-accordion-item\" >\n\t\t\t\t<summary class=\"e-n-accordion-item-title\" data-accordion-index=\"3\" tabindex=\"-1\" aria-expanded=\"false\" aria-controls=\"e-n-accordion-item-3352\" >\n\t\t\t\t\t<span class='e-n-accordion-item-title-header'><div class=\"e-n-accordion-item-title-text\"> Qual \u00e9 a carga hor\u00e1ria total do MBA? <\/div><\/span>\n\t\t\t\t\t\t\t<span class='e-n-accordion-item-title-icon'>\n\t\t\t<span class='e-opened' ><svg aria-hidden=\"true\" class=\"e-font-icon-svg e-fas-chevron-up\" viewBox=\"0 0 448 512\" xmlns=\"http:\/\/www.w3.org\/2000\/svg\"><path d=\"M240.971 130.524l194.343 194.343c9.373 9.373 9.373 24.569 0 33.941l-22.667 22.667c-9.357 9.357-24.522 9.375-33.901.04L224 227.495 69.255 381.516c-9.379 9.335-24.544 9.317-33.901-.04l-22.667-22.667c-9.373-9.373-9.373-24.569 0-33.941L207.03 130.525c9.372-9.373 24.568-9.373 33.941-.001z\"><\/path><\/svg><\/span>\n\t\t\t<span class='e-closed'><svg aria-hidden=\"true\" class=\"e-font-icon-svg e-fas-chevron-down\" viewBox=\"0 0 448 512\" xmlns=\"http:\/\/www.w3.org\/2000\/svg\"><path d=\"M207.029 381.476L12.686 187.132c-9.373-9.373-9.373-24.569 0-33.941l22.667-22.667c9.357-9.357 24.522-9.375 33.901-.04L224 284.505l154.745-154.021c9.379-9.335 24.544-9.317 33.901.04l22.667 22.667c9.373 9.373 9.373 24.569 0 33.941L240.971 381.476c-9.373 9.372-24.569 9.372-33.942 0z\"><\/path><\/svg><\/span>\n\t\t<\/span>\n\n\t\t\t\t\t\t<\/summary>\n\t\t\t\t<div role=\"region\" aria-labelledby=\"e-n-accordion-item-3352\" class=\"elementor-element elementor-element-36e8d9e e-con-full e-flex e-con e-child\" data-id=\"36e8d9e\" data-element_type=\"container\">\n\t\t\t\t<div class=\"elementor-element elementor-element-c351de3 elementor-widget elementor-widget-texto\" data-id=\"c351de3\" data-element_type=\"widget\" data-widget_type=\"texto.default\">\n\t\t\t\t<div class=\"elementor-widget-container\">\n\t\t\t\t\t        <div class=\"texto-widget\">\n            <p>A carga hor\u00e1ria total \u00e9 de 360 horas, sendo 340h on-line e 20h presenciais.<\/p>        <\/div>\n        \t\t\t\t<\/div>\n\t\t\t\t<\/div>\n\t\t\t\t<\/div>\n\t\t\t\t\t<\/details>\n\t\t\t\t\t\t<details id=\"e-n-accordion-item-3353\" class=\"e-n-accordion-item\" >\n\t\t\t\t<summary class=\"e-n-accordion-item-title\" data-accordion-index=\"4\" tabindex=\"-1\" aria-expanded=\"false\" aria-controls=\"e-n-accordion-item-3353\" >\n\t\t\t\t\t<span class='e-n-accordion-item-title-header'><div class=\"e-n-accordion-item-title-text\"> Quem pode se inscrever neste MBA? <\/div><\/span>\n\t\t\t\t\t\t\t<span class='e-n-accordion-item-title-icon'>\n\t\t\t<span class='e-opened' ><svg aria-hidden=\"true\" class=\"e-font-icon-svg e-fas-chevron-up\" viewBox=\"0 0 448 512\" xmlns=\"http:\/\/www.w3.org\/2000\/svg\"><path d=\"M240.971 130.524l194.343 194.343c9.373 9.373 9.373 24.569 0 33.941l-22.667 22.667c-9.357 9.357-24.522 9.375-33.901.04L224 227.495 69.255 381.516c-9.379 9.335-24.544 9.317-33.901-.04l-22.667-22.667c-9.373-9.373-9.373-24.569 0-33.941L207.03 130.525c9.372-9.373 24.568-9.373 33.941-.001z\"><\/path><\/svg><\/span>\n\t\t\t<span class='e-closed'><svg aria-hidden=\"true\" class=\"e-font-icon-svg e-fas-chevron-down\" viewBox=\"0 0 448 512\" xmlns=\"http:\/\/www.w3.org\/2000\/svg\"><path d=\"M207.029 381.476L12.686 187.132c-9.373-9.373-9.373-24.569 0-33.941l22.667-22.667c9.357-9.357 24.522-9.375 33.901-.04L224 284.505l154.745-154.021c9.379-9.335 24.544-9.317 33.901.04l22.667 22.667c9.373 9.373 9.373 24.569 0 33.941L240.971 381.476c-9.373 9.372-24.569 9.372-33.942 0z\"><\/path><\/svg><\/span>\n\t\t<\/span>\n\n\t\t\t\t\t\t<\/summary>\n\t\t\t\t<div role=\"region\" aria-labelledby=\"e-n-accordion-item-3353\" class=\"elementor-element elementor-element-21d7531 e-con-full e-flex e-con e-child\" data-id=\"21d7531\" data-element_type=\"container\">\n\t\t\t\t<div class=\"elementor-element elementor-element-3544d31 elementor-widget elementor-widget-texto\" data-id=\"3544d31\" data-element_type=\"widget\" data-widget_type=\"texto.default\">\n\t\t\t\t<div class=\"elementor-widget-container\">\n\t\t\t\t\t        <div class=\"texto-widget\">\n            <p>O p\u00fablico-alvo s\u00e3o gestores, l\u00edderes, coordenadores e executivos de organiza\u00e7\u00f5es de sa\u00fade que j\u00e1 atuem ou queiram atuar em fun\u00e7\u00f5es de gest\u00e3o.<\/p>        <\/div>\n        \t\t\t\t<\/div>\n\t\t\t\t<\/div>\n\t\t\t\t<\/div>\n\t\t\t\t\t<\/details>\n\t\t\t\t\t\t<details id=\"e-n-accordion-item-3354\" class=\"e-n-accordion-item\" >\n\t\t\t\t<summary class=\"e-n-accordion-item-title\" data-accordion-index=\"5\" tabindex=\"-1\" aria-expanded=\"false\" aria-controls=\"e-n-accordion-item-3354\" >\n\t\t\t\t\t<span class='e-n-accordion-item-title-header'><div class=\"e-n-accordion-item-title-text\"> Quais s\u00e3o as condi\u00e7\u00f5es de desconto dispon\u00edveis? <\/div><\/span>\n\t\t\t\t\t\t\t<span class='e-n-accordion-item-title-icon'>\n\t\t\t<span class='e-opened' ><svg aria-hidden=\"true\" class=\"e-font-icon-svg e-fas-chevron-up\" viewBox=\"0 0 448 512\" xmlns=\"http:\/\/www.w3.org\/2000\/svg\"><path d=\"M240.971 130.524l194.343 194.343c9.373 9.373 9.373 24.569 0 33.941l-22.667 22.667c-9.357 9.357-24.522 9.375-33.901.04L224 227.495 69.255 381.516c-9.379 9.335-24.544 9.317-33.901-.04l-22.667-22.667c-9.373-9.373-9.373-24.569 0-33.941L207.03 130.525c9.372-9.373 24.568-9.373 33.941-.001z\"><\/path><\/svg><\/span>\n\t\t\t<span class='e-closed'><svg aria-hidden=\"true\" class=\"e-font-icon-svg e-fas-chevron-down\" viewBox=\"0 0 448 512\" xmlns=\"http:\/\/www.w3.org\/2000\/svg\"><path d=\"M207.029 381.476L12.686 187.132c-9.373-9.373-9.373-24.569 0-33.941l22.667-22.667c9.357-9.357 24.522-9.375 33.901-.04L224 284.505l154.745-154.021c9.379-9.335 24.544-9.317 33.901.04l22.667 22.667c9.373 9.373 9.373 24.569 0 33.941L240.971 381.476c-9.373 9.372-24.569 9.372-33.942 0z\"><\/path><\/svg><\/span>\n\t\t<\/span>\n\n\t\t\t\t\t\t<\/summary>\n\t\t\t\t<div role=\"region\" aria-labelledby=\"e-n-accordion-item-3354\" class=\"elementor-element elementor-element-f87610e e-con-full e-flex e-con e-child\" data-id=\"f87610e\" data-element_type=\"container\">\n\t\t\t\t<div class=\"elementor-element elementor-element-8ee3470 elementor-widget elementor-widget-texto\" data-id=\"8ee3470\" data-element_type=\"widget\" data-widget_type=\"texto.default\">\n\t\t\t\t<div class=\"elementor-widget-container\">\n\t\t\t\t\t        <div class=\"texto-widget\">\n            <p>H\u00e1 descontos progressivos para matr\u00edculas antecipadas, al\u00e9m de condi\u00e7\u00f5es especiais para ex-alunos do IDOR e colaboradores da Rede D\u2019Or, Oncologia D\u2019Or, IDOR e Sulam\u00e9rica.<\/p>        <\/div>\n        \t\t\t\t<\/div>\n\t\t\t\t<\/div>\n\t\t\t\t<\/div>\n\t\t\t\t\t<\/details>\n\t\t\t\t\t<\/div>\n\t\t\t\t\t\t<\/div>\n\t\t\t\t<\/div>\n\t\t\t\t<\/div>\n\t\t\t\t\t<\/div>\n\t\t\t\t<\/div>\n\t\t\t\t<\/div>\n\t\t","protected":false},"excerpt":{"rendered":"<p>O programa do MBA Executivo em Sa\u00fade visa especializar profissionais para ocupar o papel de lideran\u00e7a em organiza\u00e7\u00f5es de sa\u00fade, por meio de conhecimentos t\u00e9cnicos e habilidades de gest\u00e3o, desenvolvendo compet\u00eancias anal\u00edticas e sustent\u00e1veis diante dos diversos cen\u00e1rios do sistema de sa\u00fade.<\/p>\n","protected":false},"featured_media":5229,"template":"","meta":{"_acf_changed":false},"especialidades":[146],"modalidade":[62,63],"class_list":["post-5228","curso","type-curso","status-publish","has-post-thumbnail","hentry","especialidades-gestao","modalidade-online-ao-vivo","modalidade-sao-paulo"],"acf":[],"yoast_head":"<!-- This site is optimized with the Yoast SEO plugin v27.3 - https:\/\/yoast.com\/product\/yoast-seo-wordpress\/ -->\n<title>MBA Executivo em Sa\u00fade - IDOR - Instituto D&#039;Or de Pesquisa e Ensino<\/title>\n<link rel=\"canonical\" href=\"https:\/\/www.rededorsaoluiz.com.br\/instituto\/idor\/cursos\/mba-executivo-em-saude\/\" \/>\n<meta property=\"og:locale\" content=\"pt_BR\" \/>\n<meta property=\"og:type\" content=\"article\" \/>\n<meta property=\"og:title\" content=\"MBA Executivo em Sa\u00fade - IDOR - Instituto D&#039;Or de Pesquisa e Ensino\" \/>\n<meta property=\"og:description\" content=\"O programa do MBA Executivo em Sa\u00fade visa especializar profissionais para ocupar o papel de lideran\u00e7a em organiza\u00e7\u00f5es de sa\u00fade, por meio de conhecimentos t\u00e9cnicos e habilidades de gest\u00e3o, desenvolvendo compet\u00eancias anal\u00edticas e sustent\u00e1veis diante dos diversos cen\u00e1rios do sistema de sa\u00fade.\" \/>\n<meta property=\"og:url\" content=\"https:\/\/www.rededorsaoluiz.com.br\/instituto\/idor\/cursos\/mba-executivo-em-saude\/\" \/>\n<meta property=\"og:site_name\" content=\"IDOR - Instituto D&#039;Or de Pesquisa e Ensino\" \/>\n<meta property=\"article:modified_time\" content=\"2026-04-27T12:14:45+00:00\" \/>\n<meta property=\"og:image\" content=\"https:\/\/www.rededorsaoluiz.com.br\/instituto\/idor\/wp-content\/uploads\/2025\/12\/shutterstock_1031044339-scaled-1.jpg\" \/>\n\t<meta property=\"og:image:width\" content=\"2560\" \/>\n\t<meta property=\"og:image:height\" content=\"1440\" \/>\n\t<meta property=\"og:image:type\" content=\"image\/jpeg\" \/>\n<meta name=\"twitter:card\" content=\"summary_large_image\" \/>\n<meta name=\"twitter:label1\" content=\"Est. tempo de leitura\" \/>\n\t<meta name=\"twitter:data1\" content=\"10 minutos\" \/>\n<script type=\"application\/ld+json\" class=\"yoast-schema-graph\">{\"@context\":\"https:\\\/\\\/schema.org\",\"@graph\":[{\"@type\":\"WebPage\",\"@id\":\"https:\\\/\\\/www.rededorsaoluiz.com.br\\\/instituto\\\/idor\\\/cursos\\\/mba-executivo-em-saude\\\/\",\"url\":\"https:\\\/\\\/www.rededorsaoluiz.com.br\\\/instituto\\\/idor\\\/cursos\\\/mba-executivo-em-saude\\\/\",\"name\":\"MBA Executivo em Sa\u00fade - IDOR - Instituto D&#039;Or de Pesquisa e Ensino\",\"isPartOf\":{\"@id\":\"https:\\\/\\\/www.rededorsaoluiz.com.br\\\/instituto\\\/idor\\\/#website\"},\"primaryImageOfPage\":{\"@id\":\"https:\\\/\\\/www.rededorsaoluiz.com.br\\\/instituto\\\/idor\\\/cursos\\\/mba-executivo-em-saude\\\/#primaryimage\"},\"image\":{\"@id\":\"https:\\\/\\\/www.rededorsaoluiz.com.br\\\/instituto\\\/idor\\\/cursos\\\/mba-executivo-em-saude\\\/#primaryimage\"},\"thumbnailUrl\":\"https:\\\/\\\/www.rededorsaoluiz.com.br\\\/instituto\\\/idor\\\/wp-content\\\/uploads\\\/2025\\\/12\\\/shutterstock_1031044339-scaled-1.jpg\",\"datePublished\":\"2023-06-07T12:24:54+00:00\",\"dateModified\":\"2026-04-27T12:14:45+00:00\",\"breadcrumb\":{\"@id\":\"https:\\\/\\\/www.rededorsaoluiz.com.br\\\/instituto\\\/idor\\\/cursos\\\/mba-executivo-em-saude\\\/#breadcrumb\"},\"inLanguage\":\"pt-BR\",\"potentialAction\":[{\"@type\":\"ReadAction\",\"target\":[\"https:\\\/\\\/www.rededorsaoluiz.com.br\\\/instituto\\\/idor\\\/cursos\\\/mba-executivo-em-saude\\\/\"]}]},{\"@type\":\"ImageObject\",\"inLanguage\":\"pt-BR\",\"@id\":\"https:\\\/\\\/www.rededorsaoluiz.com.br\\\/instituto\\\/idor\\\/cursos\\\/mba-executivo-em-saude\\\/#primaryimage\",\"url\":\"https:\\\/\\\/www.rededorsaoluiz.com.br\\\/instituto\\\/idor\\\/wp-content\\\/uploads\\\/2025\\\/12\\\/shutterstock_1031044339-scaled-1.jpg\",\"contentUrl\":\"https:\\\/\\\/www.rededorsaoluiz.com.br\\\/instituto\\\/idor\\\/wp-content\\\/uploads\\\/2025\\\/12\\\/shutterstock_1031044339-scaled-1.jpg\",\"width\":2560,\"height\":1440},{\"@type\":\"BreadcrumbList\",\"@id\":\"https:\\\/\\\/www.rededorsaoluiz.com.br\\\/instituto\\\/idor\\\/cursos\\\/mba-executivo-em-saude\\\/#breadcrumb\",\"itemListElement\":[{\"@type\":\"ListItem\",\"position\":1,\"name\":\"In\u00edcio\",\"item\":\"https:\\\/\\\/www.rededorsaoluiz.com.br\\\/instituto\\\/idor\\\/\"},{\"@type\":\"ListItem\",\"position\":2,\"name\":\"MBA Executivo em Sa\u00fade\"}]},{\"@type\":\"WebSite\",\"@id\":\"https:\\\/\\\/www.rededorsaoluiz.com.br\\\/instituto\\\/idor\\\/#website\",\"url\":\"https:\\\/\\\/www.rededorsaoluiz.com.br\\\/instituto\\\/idor\\\/\",\"name\":\"IDOR - Instituto D&#039;Or de Pesquisa e Ensino\",\"description\":\"\",\"potentialAction\":[{\"@type\":\"SearchAction\",\"target\":{\"@type\":\"EntryPoint\",\"urlTemplate\":\"https:\\\/\\\/www.rededorsaoluiz.com.br\\\/instituto\\\/idor\\\/?s={search_term_string}\"},\"query-input\":{\"@type\":\"PropertyValueSpecification\",\"valueRequired\":true,\"valueName\":\"search_term_string\"}}],\"inLanguage\":\"pt-BR\"}]}<\/script>\n<!-- \/ Yoast SEO plugin. -->","yoast_head_json":{"title":"MBA Executivo em Sa\u00fade - IDOR - Instituto D&#039;Or de Pesquisa e Ensino","canonical":"https:\/\/www.rededorsaoluiz.com.br\/instituto\/idor\/cursos\/mba-executivo-em-saude\/","og_locale":"pt_BR","og_type":"article","og_title":"MBA Executivo em Sa\u00fade - IDOR - Instituto D&#039;Or de Pesquisa e Ensino","og_description":"O programa do MBA Executivo em Sa\u00fade visa especializar profissionais para ocupar o papel de lideran\u00e7a em organiza\u00e7\u00f5es de sa\u00fade, por meio de conhecimentos t\u00e9cnicos e habilidades de gest\u00e3o, desenvolvendo compet\u00eancias anal\u00edticas e sustent\u00e1veis diante dos diversos cen\u00e1rios do sistema de sa\u00fade.","og_url":"https:\/\/www.rededorsaoluiz.com.br\/instituto\/idor\/cursos\/mba-executivo-em-saude\/","og_site_name":"IDOR - Instituto D&#039;Or de Pesquisa e Ensino","article_modified_time":"2026-04-27T12:14:45+00:00","og_image":[{"width":2560,"height":1440,"url":"https:\/\/www.rededorsaoluiz.com.br\/instituto\/idor\/wp-content\/uploads\/2025\/12\/shutterstock_1031044339-scaled-1.jpg","type":"image\/jpeg"}],"twitter_card":"summary_large_image","twitter_misc":{"Est. tempo de leitura":"10 minutos"},"schema":{"@context":"https:\/\/schema.org","@graph":[{"@type":"WebPage","@id":"https:\/\/www.rededorsaoluiz.com.br\/instituto\/idor\/cursos\/mba-executivo-em-saude\/","url":"https:\/\/www.rededorsaoluiz.com.br\/instituto\/idor\/cursos\/mba-executivo-em-saude\/","name":"MBA Executivo em Sa\u00fade - IDOR - Instituto D&#039;Or de Pesquisa e Ensino","isPartOf":{"@id":"https:\/\/www.rededorsaoluiz.com.br\/instituto\/idor\/#website"},"primaryImageOfPage":{"@id":"https:\/\/www.rededorsaoluiz.com.br\/instituto\/idor\/cursos\/mba-executivo-em-saude\/#primaryimage"},"image":{"@id":"https:\/\/www.rededorsaoluiz.com.br\/instituto\/idor\/cursos\/mba-executivo-em-saude\/#primaryimage"},"thumbnailUrl":"https:\/\/www.rededorsaoluiz.com.br\/instituto\/idor\/wp-content\/uploads\/2025\/12\/shutterstock_1031044339-scaled-1.jpg","datePublished":"2023-06-07T12:24:54+00:00","dateModified":"2026-04-27T12:14:45+00:00","breadcrumb":{"@id":"https:\/\/www.rededorsaoluiz.com.br\/instituto\/idor\/cursos\/mba-executivo-em-saude\/#breadcrumb"},"inLanguage":"pt-BR","potentialAction":[{"@type":"ReadAction","target":["https:\/\/www.rededorsaoluiz.com.br\/instituto\/idor\/cursos\/mba-executivo-em-saude\/"]}]},{"@type":"ImageObject","inLanguage":"pt-BR","@id":"https:\/\/www.rededorsaoluiz.com.br\/instituto\/idor\/cursos\/mba-executivo-em-saude\/#primaryimage","url":"https:\/\/www.rededorsaoluiz.com.br\/instituto\/idor\/wp-content\/uploads\/2025\/12\/shutterstock_1031044339-scaled-1.jpg","contentUrl":"https:\/\/www.rededorsaoluiz.com.br\/instituto\/idor\/wp-content\/uploads\/2025\/12\/shutterstock_1031044339-scaled-1.jpg","width":2560,"height":1440},{"@type":"BreadcrumbList","@id":"https:\/\/www.rededorsaoluiz.com.br\/instituto\/idor\/cursos\/mba-executivo-em-saude\/#breadcrumb","itemListElement":[{"@type":"ListItem","position":1,"name":"In\u00edcio","item":"https:\/\/www.rededorsaoluiz.com.br\/instituto\/idor\/"},{"@type":"ListItem","position":2,"name":"MBA Executivo em Sa\u00fade"}]},{"@type":"WebSite","@id":"https:\/\/www.rededorsaoluiz.com.br\/instituto\/idor\/#website","url":"https:\/\/www.rededorsaoluiz.com.br\/instituto\/idor\/","name":"IDOR - Instituto D&#039;Or de Pesquisa e Ensino","description":"","potentialAction":[{"@type":"SearchAction","target":{"@type":"EntryPoint","urlTemplate":"https:\/\/www.rededorsaoluiz.com.br\/instituto\/idor\/?s={search_term_string}"},"query-input":{"@type":"PropertyValueSpecification","valueRequired":true,"valueName":"search_term_string"}}],"inLanguage":"pt-BR"}]}},"_links":{"self":[{"href":"https:\/\/www.rededorsaoluiz.com.br\/instituto\/idor\/wp-json\/wp\/v2\/curso\/5228","targetHints":{"allow":["GET"]}}],"collection":[{"href":"https:\/\/www.rededorsaoluiz.com.br\/instituto\/idor\/wp-json\/wp\/v2\/curso"}],"about":[{"href":"https:\/\/www.rededorsaoluiz.com.br\/instituto\/idor\/wp-json\/wp\/v2\/types\/curso"}],"version-history":[{"count":34,"href":"https:\/\/www.rededorsaoluiz.com.br\/instituto\/idor\/wp-json\/wp\/v2\/curso\/5228\/revisions"}],"predecessor-version":[{"id":21173,"href":"https:\/\/www.rededorsaoluiz.com.br\/instituto\/idor\/wp-json\/wp\/v2\/curso\/5228\/revisions\/21173"}],"wp:featuredmedia":[{"embeddable":true,"href":"https:\/\/www.rededorsaoluiz.com.br\/instituto\/idor\/wp-json\/wp\/v2\/media\/5229"}],"wp:attachment":[{"href":"https:\/\/www.rededorsaoluiz.com.br\/instituto\/idor\/wp-json\/wp\/v2\/media?parent=5228"}],"wp:term":[{"taxonomy":"especialidades","embeddable":true,"href":"https:\/\/www.rededorsaoluiz.com.br\/instituto\/idor\/wp-json\/wp\/v2\/especialidades?post=5228"},{"taxonomy":"modalidade","embeddable":true,"href":"https:\/\/www.rededorsaoluiz.com.br\/instituto\/idor\/wp-json\/wp\/v2\/modalidade?post=5228"}],"curies":[{"name":"wp","href":"https:\/\/api.w.org\/{rel}","templated":true}]}}