{"id":5266,"date":"2023-10-05T09:29:17","date_gmt":"2023-10-05T12:29:17","guid":{"rendered":"https:\/\/ptbr.idor.org\/curso\/residencia-medica-em-medicina-fetal-rj\/"},"modified":"2026-03-02T11:15:21","modified_gmt":"2026-03-02T14:15:21","slug":"residencia-medica-em-medicina-fetal-rj","status":"publish","type":"curso","link":"https:\/\/www.rededorsaoluiz.com.br\/instituto\/idor\/cursos\/residencia-medica-em-medicina-fetal-rj\/","title":{"rendered":"Resid\u00eancia M\u00e9dica em Medicina Fetal (RJ)"},"content":{"rendered":"\t\t<div data-elementor-type=\"wp-post\" data-elementor-id=\"5266\" class=\"elementor elementor-5266\" data-elementor-post-type=\"curso\">\n\t\t\t\t<div class=\"elementor-element elementor-element-4ab3092e e-flex e-con-boxed e-con e-parent\" data-id=\"4ab3092e\" data-element_type=\"container\">\n\t\t\t\t\t<div class=\"e-con-inner\">\n\t\t<div class=\"elementor-element elementor-element-ebfb76ba e-con-full e-flex e-con e-child\" data-id=\"ebfb76ba\" data-element_type=\"container\">\n\t\t\t\t<div class=\"elementor-element elementor-element-77428be8 elementor-widget elementor-widget-spacer\" data-id=\"77428be8\" data-element_type=\"widget\" data-widget_type=\"spacer.default\">\n\t\t\t\t\t\t\t<div class=\"elementor-spacer\">\n\t\t\t<div class=\"elementor-spacer-inner\"><\/div>\n\t\t<\/div>\n\t\t\t\t\t\t<\/div>\n\t\t<div class=\"elementor-element elementor-element-3fe35eb3 e-con-full e-flex e-con e-child\" data-id=\"3fe35eb3\" data-element_type=\"container\">\n\t\t\t\t<div class=\"elementor-element elementor-element-ab1984e0 elementor-widget elementor-widget-tagline\" data-id=\"ab1984e0\" data-element_type=\"widget\" data-widget_type=\"tagline.default\">\n\t\t\t\t<div class=\"elementor-widget-container\">\n\t\t\t\t\t        <div class=\"tagline-widget\">\n            Ensino        <\/div>\n        \t\t\t\t<\/div>\n\t\t\t\t<\/div>\n\t\t\t\t<div class=\"elementor-element elementor-element-9b1e3dfd elementor-widget elementor-widget-title-idor\" data-id=\"9b1e3dfd\" data-element_type=\"widget\" data-widget_type=\"title-idor.default\">\n\t\t\t\t<div class=\"elementor-widget-container\">\n\t\t\t\t\t        <div class=\"title-idor-widget\">\n            <h2 class=\"title\">Objetivos e diferenciais do curso na Faculdade IDOR<\/h2>\n        <\/div>\n        \t\t\t\t<\/div>\n\t\t\t\t<\/div>\n\t\t\t\t<div class=\"elementor-element elementor-element-985eb61b elementor-widget elementor-widget-texto\" data-id=\"985eb61b\" data-element_type=\"widget\" data-widget_type=\"texto.default\">\n\t\t\t\t<div class=\"elementor-widget-container\">\n\t\t\t\t\t        <div class=\"texto-widget\">\n            <p><\/p>        <\/div>\n        \t\t\t\t<\/div>\n\t\t\t\t<\/div>\n\t\t\t\t<div class=\"elementor-element elementor-element-ed47b7a1 e-n-tabs-mobile elementor-widget elementor-widget-n-tabs\" data-id=\"ed47b7a1\" data-element_type=\"widget\" data-settings=\"{&quot;tabs_justify_horizontal&quot;:&quot;stretch&quot;,&quot;horizontal_scroll&quot;:&quot;disable&quot;}\" data-widget_type=\"nested-tabs.default\">\n\t\t\t\t\t\t\t<div class=\"e-n-tabs\" data-widget-number=\"3980900257\" aria-label=\"Abas. Abra itens com &quot;Enter&quot; ou &quot;Espa\u00e7o&quot;, feche com &quot;Escape&quot; e navegue usando as teclas de &quot;Seta&quot;.\">\n\t\t\t<div class=\"e-n-tabs-heading\" role=\"tablist\">\n\t\t\t\t\t<button id=\"e-n-tab-title-39809002571\" data-tab-title-id=\"e-n-tab-title-39809002571\" class=\"e-n-tab-title\" aria-selected=\"true\" data-tab-index=\"1\" role=\"tab\" tabindex=\"0\" aria-controls=\"e-n-tab-content-39809002571\" style=\"--n-tabs-title-order: 1;\">\n\t\t\t\t\t\t<span class=\"e-n-tab-title-text\">\n\t\t\t\tP\u00fablico-alvo\t\t\t<\/span>\n\t\t<\/button>\n\t\t\t\t<button id=\"e-n-tab-title-39809002572\" data-tab-title-id=\"e-n-tab-title-39809002572\" class=\"e-n-tab-title\" aria-selected=\"false\" data-tab-index=\"2\" role=\"tab\" tabindex=\"-1\" aria-controls=\"e-n-tab-content-39809002572\" style=\"--n-tabs-title-order: 2;\">\n\t\t\t\t\t\t<span class=\"e-n-tab-title-text\">\n\t\t\t\tMais Informa\u00e7\u00f5es\t\t\t<\/span>\n\t\t<\/button>\n\t\t\t\t<button id=\"e-n-tab-title-39809002573\" data-tab-title-id=\"e-n-tab-title-39809002573\" class=\"e-n-tab-title\" aria-selected=\"false\" data-tab-index=\"3\" role=\"tab\" tabindex=\"-1\" aria-controls=\"e-n-tab-content-39809002573\" style=\"--n-tabs-title-order: 3;\">\n\t\t\t\t\t\t<span class=\"e-n-tab-title-text\">\n\t\t\t\tProvas\t\t\t<\/span>\n\t\t<\/button>\n\t\t\t\t<button id=\"e-n-tab-title-39809002574\" data-tab-title-id=\"e-n-tab-title-39809002574\" class=\"e-n-tab-title\" aria-selected=\"false\" data-tab-index=\"4\" role=\"tab\" tabindex=\"-1\" aria-controls=\"e-n-tab-content-39809002574\" style=\"--n-tabs-title-order: 4;\">\n\t\t\t\t\t\t<span class=\"e-n-tab-title-text\">\n\t\t\t\tGabaritos\t\t\t<\/span>\n\t\t<\/button>\n\t\t\t\t\t<\/div>\n\t\t\t<div class=\"e-n-tabs-content\">\n\t\t\t\t<div id=\"e-n-tab-content-39809002571\" role=\"tabpanel\" aria-labelledby=\"e-n-tab-title-39809002571\" data-tab-index=\"1\" style=\"--n-tabs-title-order: 1;\" class=\"e-active elementor-element elementor-element-7aa5496 e-con-full e-flex e-con e-child\" data-id=\"7aa5496\" data-element_type=\"container\">\n\t\t\t\t<div class=\"elementor-element elementor-element-a97fedf elementor-widget elementor-widget-title-idor\" data-id=\"a97fedf\" data-element_type=\"widget\" data-widget_type=\"title-idor.default\">\n\t\t\t\t<div class=\"elementor-widget-container\">\n\t\t\t\t\t        <div class=\"title-idor-widget\">\n            <h3 class=\"title\">P\u00fablico-alvo<\/h3>\n        <\/div>\n        \t\t\t\t<\/div>\n\t\t\t\t<\/div>\n\t\t\t\t<div class=\"elementor-element elementor-element-facabe7 elementor-icon-list--layout-traditional elementor-list-item-link-full_width elementor-widget elementor-widget-icon-list\" data-id=\"facabe7\" data-element_type=\"widget\" data-widget_type=\"icon-list.default\">\n\t\t\t\t\t\t\t<ul class=\"elementor-icon-list-items\">\n\t\t\t\t\t\t\t<li class=\"elementor-icon-list-item\">\n\t\t\t\t\t\t\t\t\t\t\t<span class=\"elementor-icon-list-icon\">\n\t\t\t\t\t\t\t<svg aria-hidden=\"true\" class=\"e-font-icon-svg e-fas-chevron-right\" viewBox=\"0 0 320 512\" xmlns=\"http:\/\/www.w3.org\/2000\/svg\"><path d=\"M285.476 272.971L91.132 467.314c-9.373 9.373-24.569 9.373-33.941 0l-22.667-22.667c-9.357-9.357-9.375-24.522-.04-33.901L188.505 256 34.484 101.255c-9.335-9.379-9.317-24.544.04-33.901l22.667-22.667c9.373-9.373 24.569-9.373 33.941 0L285.475 239.03c9.373 9.372 9.373 24.568.001 33.941z\"><\/path><\/svg>\t\t\t\t\t\t<\/span>\n\t\t\t\t\t\t\t\t\t\t<span class=\"elementor-icon-list-text\">Resid\u00eancia completa em Ginecologia e Obstetr\u00edcia em Institui\u00e7\u00f5es reconhecidas pelo MEC ou aprova\u00e7\u00e3o para o t\u00edtulo de especialista.<\/span>\n\t\t\t\t\t\t\t\t\t<\/li>\n\t\t\t\t\t\t<\/ul>\n\t\t\t\t\t\t<\/div>\n\t\t\t\t<\/div>\n\t\t<div id=\"e-n-tab-content-39809002572\" role=\"tabpanel\" aria-labelledby=\"e-n-tab-title-39809002572\" data-tab-index=\"2\" style=\"--n-tabs-title-order: 2;\" class=\" elementor-element elementor-element-372dfb4 e-con-full e-flex e-con e-child\" data-id=\"372dfb4\" data-element_type=\"container\">\n\t\t\t\t<div class=\"elementor-element elementor-element-be709a1 elementor-widget elementor-widget-title-idor\" data-id=\"be709a1\" data-element_type=\"widget\" data-widget_type=\"title-idor.default\">\n\t\t\t\t<div class=\"elementor-widget-container\">\n\t\t\t\t\t        <div class=\"title-idor-widget\">\n            <h3 class=\"title\">Mais Informa\u00e7\u00f5es<\/h3>\n        <\/div>\n        \t\t\t\t<\/div>\n\t\t\t\t<\/div>\n\t\t\t\t<div class=\"elementor-element elementor-element-1186f41 elementor-icon-list--layout-traditional elementor-list-item-link-full_width elementor-widget elementor-widget-icon-list\" data-id=\"1186f41\" data-element_type=\"widget\" data-widget_type=\"icon-list.default\">\n\t\t\t\t\t\t\t<ul class=\"elementor-icon-list-items\">\n\t\t\t\t\t\t\t<li class=\"elementor-icon-list-item\">\n\t\t\t\t\t\t\t\t\t\t\t<span class=\"elementor-icon-list-icon\">\n\t\t\t\t\t\t\t<svg aria-hidden=\"true\" class=\"e-font-icon-svg e-fas-chevron-right\" viewBox=\"0 0 320 512\" xmlns=\"http:\/\/www.w3.org\/2000\/svg\"><path d=\"M285.476 272.971L91.132 467.314c-9.373 9.373-24.569 9.373-33.941 0l-22.667-22.667c-9.357-9.357-9.375-24.522-.04-33.901L188.505 256 34.484 101.255c-9.335-9.379-9.317-24.544.04-33.901l22.667-22.667c9.373-9.373 24.569-9.373 33.941 0L285.475 239.03c9.373 9.372 9.373 24.568.001 33.941z\"><\/path><\/svg>\t\t\t\t\t\t<\/span>\n\t\t\t\t\t\t\t\t\t\t<span class=\"elementor-icon-list-text\">**Central de relacionamento EconRio**<br>(21) 3559-2011 | (21) 3900-7242<br>residencia-idor@econrio.com.br<\/span>\n\t\t\t\t\t\t\t\t\t<\/li>\n\t\t\t\t\t\t<\/ul>\n\t\t\t\t\t\t<\/div>\n\t\t\t\t<\/div>\n\t\t<div id=\"e-n-tab-content-39809002573\" role=\"tabpanel\" aria-labelledby=\"e-n-tab-title-39809002573\" data-tab-index=\"3\" style=\"--n-tabs-title-order: 3;\" class=\" elementor-element elementor-element-f9c3966 e-flex e-con-boxed e-con e-child\" data-id=\"f9c3966\" data-element_type=\"container\">\n\t\t\t\t\t<div class=\"e-con-inner\">\n\t\t<div class=\"elementor-element elementor-element-06ebd98 e-con-full e-flex e-con e-child\" data-id=\"06ebd98\" data-element_type=\"container\">\n\t\t<div class=\"elementor-element elementor-element-cd69d6d e-con-full e-flex e-con e-child\" data-id=\"cd69d6d\" data-element_type=\"container\">\n\t\t\t\t<div class=\"elementor-element elementor-element-c29fcbc elementor-widget elementor-widget-heading\" data-id=\"c29fcbc\" data-element_type=\"widget\" data-widget_type=\"heading.default\">\n\t\t\t\t\t<p class=\"elementor-heading-title elementor-size-default\"><a href=\"https:\/\/www.rededorsaoluiz.com.br\/instituto\/idor\/wp-content\/uploads\/2023\/10\/25181_gabarito_prova1-acessodireto.pdf\">Acesso Direto: Clique aqui.<\/a><\/p>\t\t\t\t<\/div>\n\t\t\t\t<div class=\"elementor-element elementor-element-b07d897 elementor-widget elementor-widget-heading\" data-id=\"b07d897\" data-element_type=\"widget\" data-widget_type=\"heading.default\">\n\t\t\t\t\t<p class=\"elementor-heading-title elementor-size-default\"><a href=\"https:\/\/www.rededorsaoluiz.com.br\/instituto\/idor\/wp-content\/uploads\/2023\/10\/25181_gabarito-prova2-clinicamedica.pdf\">Pr\u00e9-requisito em Cl\u00ednica M\u00e9dica: Clique aqui.<\/a><\/p>\t\t\t\t<\/div>\n\t\t\t\t<div class=\"elementor-element elementor-element-cffd633 elementor-widget elementor-widget-heading\" data-id=\"cffd633\" data-element_type=\"widget\" data-widget_type=\"heading.default\">\n\t\t\t\t\t<p class=\"elementor-heading-title elementor-size-default\"><a href=\"https:\/\/www.rededorsaoluiz.com.br\/instituto\/idor\/wp-content\/uploads\/2023\/10\/25181_gabarito-prova3-cirurgiageral.pdf\">Pr\u00e9-requisito em Cirurgia Geral: Clique aqui.<\/a><\/p>\t\t\t\t<\/div>\n\t\t\t\t<\/div>\n\t\t<div class=\"elementor-element elementor-element-ad13a8e e-con-full e-flex e-con e-child\" data-id=\"ad13a8e\" data-element_type=\"container\">\n\t\t\t\t<div class=\"elementor-element elementor-element-6a25075 elementor-widget elementor-widget-heading\" data-id=\"6a25075\" data-element_type=\"widget\" data-widget_type=\"heading.default\">\n\t\t\t\t\t<p class=\"elementor-heading-title elementor-size-default\"><a href=\"https:\/\/www.rededorsaoluiz.com.br\/instituto\/idor\/wp-content\/uploads\/2023\/10\/25181_gabarito_prova4-cirurgiaplastica.pdf\">Pr\u00e9-requisito em Cirurgia Pl\u00e1stica ou Ortopedia e Traumatologia: Clique aqui.<\/a><\/p>\t\t\t\t<\/div>\n\t\t\t\t<div class=\"elementor-element elementor-element-ae01e01 elementor-widget elementor-widget-heading\" data-id=\"ae01e01\" data-element_type=\"widget\" data-widget_type=\"heading.default\">\n\t\t\t\t\t<p class=\"elementor-heading-title elementor-size-default\"><a href=\"https:\/\/www.rededorsaoluiz.com.br\/instituto\/idor\/wp-content\/uploads\/2023\/10\/25181_gabarito-prova5-ginecologia.pdf\">Pr\u00e9-requisito em Ginecologia e Obstetr\u00edcia: Clique aqui.<\/a><\/p>\t\t\t\t<\/div>\n\t\t\t\t<div class=\"elementor-element elementor-element-74c3e5d elementor-widget elementor-widget-heading\" data-id=\"74c3e5d\" data-element_type=\"widget\" data-widget_type=\"heading.default\">\n\t\t\t\t\t<p class=\"elementor-heading-title elementor-size-default\"><a href=\"https:\/\/www.rededorsaoluiz.com.br\/instituto\/idor\/wp-content\/uploads\/2023\/10\/25181_gabarito-prova6-pediatria.pdf\">Pr\u00e9-requisito em Pediatria: Clique aqui.<\/a><\/p>\t\t\t\t<\/div>\n\t\t\t\t<\/div>\n\t\t\t\t<\/div>\n\t\t\t\t\t<\/div>\n\t\t\t\t<\/div>\n\t\t<div id=\"e-n-tab-content-39809002574\" role=\"tabpanel\" aria-labelledby=\"e-n-tab-title-39809002574\" data-tab-index=\"4\" style=\"--n-tabs-title-order: 4;\" class=\" elementor-element elementor-element-828265b e-flex e-con-boxed e-con e-child\" data-id=\"828265b\" data-element_type=\"container\">\n\t\t\t\t\t<div class=\"e-con-inner\">\n\t\t<div class=\"elementor-element elementor-element-b2f7b2a e-con-full e-flex e-con e-child\" data-id=\"b2f7b2a\" data-element_type=\"container\">\n\t\t<div class=\"elementor-element elementor-element-57335bb e-con-full e-flex e-con e-child\" data-id=\"57335bb\" data-element_type=\"container\">\n\t\t\t\t<div class=\"elementor-element elementor-element-de33ba6 elementor-widget elementor-widget-heading\" data-id=\"de33ba6\" data-element_type=\"widget\" data-widget_type=\"heading.default\">\n\t\t\t\t\t<p class=\"elementor-heading-title elementor-size-default\"><a href=\"https:\/\/www.rededorsaoluiz.com.br\/instituto\/idor\/wp-content\/uploads\/2023\/10\/25181_gabarito_prova1-acessodireto.pdf\">Acesso Direto: Clique aqui.<\/a><\/p>\t\t\t\t<\/div>\n\t\t\t\t<div class=\"elementor-element elementor-element-633833d elementor-widget elementor-widget-heading\" data-id=\"633833d\" data-element_type=\"widget\" data-widget_type=\"heading.default\">\n\t\t\t\t\t<p class=\"elementor-heading-title elementor-size-default\"><a href=\"https:\/\/www.rededorsaoluiz.com.br\/instituto\/idor\/wp-content\/uploads\/2023\/10\/25181_gabarito-prova2-clinicamedica.pdf\">Pr\u00e9-requisito em Cl\u00ednica M\u00e9dica: Clique aqui.<\/a><\/p>\t\t\t\t<\/div>\n\t\t\t\t<div class=\"elementor-element elementor-element-fbdbaf0 elementor-widget elementor-widget-heading\" data-id=\"fbdbaf0\" data-element_type=\"widget\" data-widget_type=\"heading.default\">\n\t\t\t\t\t<p class=\"elementor-heading-title elementor-size-default\"><a href=\"https:\/\/www.rededorsaoluiz.com.br\/instituto\/idor\/wp-content\/uploads\/2023\/10\/25181_gabarito-prova3-cirurgiageral.pdf\">Pr\u00e9-requisito em Cirurgia Geral: Clique aqui.<\/a><\/p>\t\t\t\t<\/div>\n\t\t\t\t<\/div>\n\t\t<div class=\"elementor-element elementor-element-7699783 e-con-full e-flex e-con e-child\" data-id=\"7699783\" data-element_type=\"container\">\n\t\t\t\t<div class=\"elementor-element elementor-element-1f8ad4b elementor-widget elementor-widget-heading\" data-id=\"1f8ad4b\" data-element_type=\"widget\" data-widget_type=\"heading.default\">\n\t\t\t\t\t<p class=\"elementor-heading-title elementor-size-default\"><a href=\"https:\/\/www.rededorsaoluiz.com.br\/instituto\/idor\/wp-content\/uploads\/2023\/10\/25181_gabarito_prova4-cirurgiaplastica.pdf\">Pr\u00e9-requisito em Cirurgia Pl\u00e1stica ou Ortopedia e Traumatologia: Clique aqui.<\/a><\/p>\t\t\t\t<\/div>\n\t\t\t\t<div class=\"elementor-element elementor-element-f421676 elementor-widget elementor-widget-heading\" data-id=\"f421676\" data-element_type=\"widget\" data-widget_type=\"heading.default\">\n\t\t\t\t\t<p class=\"elementor-heading-title elementor-size-default\"><a href=\"https:\/\/www.rededorsaoluiz.com.br\/instituto\/idor\/wp-content\/uploads\/2023\/10\/25181_gabarito-prova5-ginecologia.pdf\">Pr\u00e9-requisito em Ginecologia e Obstetr\u00edcia: Clique aqui.<\/a><\/p>\t\t\t\t<\/div>\n\t\t\t\t<div class=\"elementor-element elementor-element-b61b15b elementor-widget elementor-widget-heading\" data-id=\"b61b15b\" data-element_type=\"widget\" data-widget_type=\"heading.default\">\n\t\t\t\t\t<p class=\"elementor-heading-title elementor-size-default\"><a href=\"https:\/\/www.rededorsaoluiz.com.br\/instituto\/idor\/wp-content\/uploads\/2023\/10\/25181_gabarito-prova6-pediatria.pdf\">Pr\u00e9-requisito em Pediatria: Clique aqui.<\/a><\/p>\t\t\t\t<\/div>\n\t\t\t\t<\/div>\n\t\t\t\t<\/div>\n\t\t\t\t\t<\/div>\n\t\t\t\t<\/div>\n\t\t\t\t\t<\/div>\n\t\t<\/div>\n\t\t\t\t\t\t<\/div>\n\t\t\t\t<\/div>\n\t\t\t\t<div class=\"elementor-element elementor-element-2bba6677 elementor-widget elementor-widget-spacer\" data-id=\"2bba6677\" data-element_type=\"widget\" data-widget_type=\"spacer.default\">\n\t\t\t\t\t\t\t<div class=\"elementor-spacer\">\n\t\t\t<div class=\"elementor-spacer-inner\"><\/div>\n\t\t<\/div>\n\t\t\t\t\t\t<\/div>\n\t\t\t\t<\/div>\n\t\t\t\t\t<\/div>\n\t\t\t\t<\/div>\n\t\t<div class=\"elementor-element elementor-element-fc2cf52 elementor-hidden-widescreen elementor-hidden-desktop elementor-hidden-laptop elementor-hidden-tablet elementor-hidden-mobile e-flex e-con-boxed e-con e-parent\" data-id=\"fc2cf52\" data-element_type=\"container\" data-settings=\"{&quot;background_background&quot;:&quot;classic&quot;}\">\n\t\t\t\t\t<div class=\"e-con-inner\">\n\t\t<div class=\"elementor-element elementor-element-3a766f42 e-con-full e-flex e-con e-child\" data-id=\"3a766f42\" data-element_type=\"container\">\n\t\t\t\t<div class=\"elementor-element elementor-element-29a46fc9 elementor-widget elementor-widget-slide-depoimentos\" data-id=\"29a46fc9\" data-element_type=\"widget\" data-widget_type=\"slide-depoimentos.default\">\n\t\t\t\t<div class=\"elementor-widget-container\">\n\t\t\t\t\t        <div id=\"slide-depoimentos-id\" class=\"slide-depoimentos-widget\">\n            <div class=\"splide splide-depoimentos\" aria-label=\"Depoimentos\">\n                <div class=\"splide__track\">\n                    <ul class=\"splide__list\">\n                                                <li class=\"splide__slide\">\n                            <div class=\"card-item depoimento-card\">\n                                <div class=\"card-content\">\n                                    <p class=\"depoimento-text\">Durante a gradua\u00e7\u00e3o em Enfermagem aprendi muito al\u00e9m da teoria. Tive apoio dos professores, experi\u00eancias pr\u00e1ticas valiosas e cresci tanto profissionalmente quanto pessoalmente. Hoje me sinto preparada e confiante para atuar na \u00e1 rssoas com responsabilidade e empatia<\/p>\n                                    <div class=\"depoimento-author d-flex align-items-center gap-3\">\n                                        <div class=\"thumb\">\n                                            <img decoding=\"async\" src=\"https:\/\/www.rededorsaoluiz.com.br\/instituto\/idor\/wp-content\/themes\/idor-novo-wp\/assets\/img\/noticia-placeholder.png\" alt=\"Paula Nascimento\">\n                                        <\/div>\n                                        <div class=\"author-info\">\n                                            <strong class=\"author-name\">Paula Nascimento<\/strong>\n                                                                                            <div class=\"author-detail\">Graduada em Enfermagem pelo IDOR<\/div>\n                                                                                    <\/div>\n                                    <\/div>\n                                <\/div>\n                            <\/div>\n                        <\/li>\n                                                <li class=\"splide__slide\">\n                            <div class=\"card-item depoimento-card\">\n                                <div class=\"card-content\">\n                                    <p class=\"depoimento-text\">&quot;Durante a gradua\u00e7\u00e3o em Enfermagem aprendi muito al\u00e9m da teoria.<\/p>\n                                    <div class=\"depoimento-author d-flex align-items-center gap-3\">\n                                        <div class=\"thumb\">\n                                            <img decoding=\"async\" src=\"https:\/\/www.rededorsaoluiz.com.br\/instituto\/idor\/wp-content\/themes\/idor-novo-wp\/assets\/img\/noticia-placeholder.png\" alt=\"Renato\">\n                                        <\/div>\n                                        <div class=\"author-info\">\n                                            <strong class=\"author-name\">Renato<\/strong>\n                                                                                            <div class=\"author-detail\">Graduado em Enfermagem pelo IDOR<\/div>\n                                                                                    <\/div>\n                                    <\/div>\n                                <\/div>\n                            <\/div>\n                        <\/li>\n                                                <li class=\"splide__slide\">\n                            <div class=\"card-item depoimento-card\">\n                                <div class=\"card-content\">\n                                    <p class=\"depoimento-text\">Oi 123<\/p>\n                                    <div class=\"depoimento-author d-flex align-items-center gap-3\">\n                                        <div class=\"thumb\">\n                                            <img decoding=\"async\" src=\"https:\/\/www.rededorsaoluiz.com.br\/instituto\/idor\/wp-content\/themes\/idor-novo-wp\/assets\/img\/noticia-placeholder.png\" alt=\"Kleber\">\n                                        <\/div>\n                                        <div class=\"author-info\">\n                                            <strong class=\"author-name\">Kleber<\/strong>\n                                                                                            <div class=\"author-detail\">Graduado em Enfermagem pelo IDOR<\/div>\n                                                                                    <\/div>\n                                    <\/div>\n                                <\/div>\n                            <\/div>\n                        <\/li>\n                                            <\/ul>\n                <\/div>\n\n                <div class=\"d-flex justify-content-between align-items-center mt-lg-5 mt-0\">\n                    <div class=\"splide__arrows d-flex gap-3\">\n                        <button class=\"splide__arrow splide__arrow--prev\"><i class=\"bi bi-chevron-left\"><\/i><\/button>\n\n                        <button class=\"splide__arrow splide__arrow--next\"><i class=\"bi bi-chevron-right\"><\/i><\/button>\n                    <\/div>\n                <\/div>\n            <\/div>\n        <\/div>\n        \t\t\t\t<\/div>\n\t\t\t\t<\/div>\n\t\t\t\t<\/div>\n\t\t\t\t\t<\/div>\n\t\t\t\t<\/div>\n\t\t<div class=\"elementor-element elementor-element-53bc0751 e-flex e-con-boxed e-con e-parent\" data-id=\"53bc0751\" data-element_type=\"container\" data-settings=\"{&quot;background_background&quot;:&quot;classic&quot;}\">\n\t\t\t\t\t<div class=\"e-con-inner\">\n\t\t\t\t<div class=\"elementor-element elementor-element-404de4b8 elementor-absolute elementor-widget elementor-widget-image\" data-id=\"404de4b8\" data-element_type=\"widget\" data-settings=\"{&quot;_position&quot;:&quot;absolute&quot;}\" data-widget_type=\"image.default\">\n\t\t\t\t\t\t\t\t\t\t\t\t\t\t\t<img decoding=\"async\" width=\"146\" height=\"124\" src=\"https:\/\/www.rededorsaoluiz.com.br\/instituto\/idor\/wp-content\/uploads\/2025\/10\/Frame-branco.svg\" class=\"attachment-large size-large wp-image-665\" alt=\"\" \/>\t\t\t\t\t\t\t\t\t\t\t\t\t\t\t<\/div>\n\t\t<div class=\"elementor-element elementor-element-7abe4c2d e-con-full e-flex e-con e-child\" data-id=\"7abe4c2d\" data-element_type=\"container\">\n\t\t\t\t<div class=\"elementor-element elementor-element-68b9f91c elementor-widget elementor-widget-image\" data-id=\"68b9f91c\" data-element_type=\"widget\" data-widget_type=\"image.default\">\n\t\t\t\t\t\t\t\t\t\t\t\t\t\t\t<img fetchpriority=\"high\" decoding=\"async\" width=\"1024\" height=\"725\" src=\"https:\/\/www.rededorsaoluiz.com.br\/instituto\/idor\/wp-content\/uploads\/2025\/11\/Frame-126-1-1024x725.jpg\" class=\"attachment-large size-large wp-image-3052\" alt=\"\" srcset=\"https:\/\/www.rededorsaoluiz.com.br\/instituto\/idor\/wp-content\/uploads\/2025\/11\/Frame-126-1-1024x725.jpg 1024w, https:\/\/www.rededorsaoluiz.com.br\/instituto\/idor\/wp-content\/uploads\/2025\/11\/Frame-126-1-300x212.jpg 300w, https:\/\/www.rededorsaoluiz.com.br\/instituto\/idor\/wp-content\/uploads\/2025\/11\/Frame-126-1-768x544.jpg 768w, https:\/\/www.rededorsaoluiz.com.br\/instituto\/idor\/wp-content\/uploads\/2025\/11\/Frame-126-1.jpg 1066w\" sizes=\"(max-width: 1024px) 100vw, 1024px\" \/>\t\t\t\t\t\t\t\t\t\t\t\t\t\t\t<\/div>\n\t\t\t\t<div class=\"elementor-element elementor-element-7d37e2fb elementor-widget elementor-widget-texto\" data-id=\"7d37e2fb\" data-element_type=\"widget\" data-widget_type=\"texto.default\">\n\t\t\t\t<div class=\"elementor-widget-container\">\n\t\t\t\t\t        <div class=\"texto-widget\">\n            <p>A Resid\u00eancia M\u00e9dica em Medicina Fetal (RJ) oferece certificado de conclus\u00e3o reconhecido pelo MEC, assegurando credibilidade \u00e0 sua forma\u00e7\u00e3o.<\/p>        <\/div>\n        \t\t\t\t<\/div>\n\t\t\t\t<\/div>\n\t\t\t\t<\/div>\n\t\t\t\t\t<\/div>\n\t\t\t\t<\/div>\n\t\t<div class=\"elementor-element elementor-element-aeb23f4 e-flex e-con-boxed e-con e-parent\" data-id=\"aeb23f4\" data-element_type=\"container\">\n\t\t\t\t\t<div class=\"e-con-inner\">\n\t\t\t\t<div class=\"elementor-element elementor-element-f7bea5e elementor-absolute elementor-widget elementor-widget-image\" data-id=\"f7bea5e\" data-element_type=\"widget\" data-settings=\"{&quot;_position&quot;:&quot;absolute&quot;}\" data-widget_type=\"image.default\">\n\t\t\t\t\t\t\t\t\t\t\t\t\t\t\t<img decoding=\"async\" width=\"277\" height=\"117\" src=\"https:\/\/www.rededorsaoluiz.com.br\/instituto\/idor\/wp-content\/uploads\/2025\/10\/Frame-74.svg\" class=\"attachment-large size-large wp-image-642\" alt=\"\" \/>\t\t\t\t\t\t\t\t\t\t\t\t\t\t\t<\/div>\n\t\t<div class=\"elementor-element elementor-element-0a79f4a e-con-full e-flex e-con e-child\" data-id=\"0a79f4a\" data-element_type=\"container\">\n\t\t\t\t<div class=\"elementor-element elementor-element-d2581f3 elementor-widget elementor-widget-title-idor\" data-id=\"d2581f3\" data-element_type=\"widget\" data-widget_type=\"title-idor.default\">\n\t\t\t\t<div class=\"elementor-widget-container\">\n\t\t\t\t\t        <div class=\"title-idor-widget\">\n            <h2 class=\"title\">Sum\u00e1rio<\/h2>\n        <\/div>\n        \t\t\t\t<\/div>\n\t\t\t\t<\/div>\n\t\t\t\t<div class=\"elementor-element elementor-element-aa65b6d elementor-widget elementor-widget-sumario-curso\" data-id=\"aa65b6d\" data-element_type=\"widget\" data-widget_type=\"sumario-curso.default\">\n\t\t\t\t<div class=\"elementor-widget-container\">\n\t\t\t\t\t        <div class=\"sumario-curso-widget\">\n                           <div class=\"item-sumario-curso \">\n                    <div class=\"item-header\">\n                        <i class=\"bi bi-chevron-right\" aria-hidden=\"true\"><\/i>\n                        <span class=\"item-label\">Inscri\u00e7\u00f5es at\u00e9:<\/span>\n                                                    <span class=\"item-valor\">08\/12\/2025<\/span>\n                                                                    <\/div>\n                                    <\/div>\n                            <div class=\"item-sumario-curso has-content\">\n                    <div class=\"item-header\">\n                        <i class=\"bi bi-chevron-right\" aria-hidden=\"true\"><\/i>\n                        <span class=\"item-label\">Taxa de inscri\u00e7\u00e3o:<\/span>\n                                                    <span class=\"item-valor\">R$550,00<\/span>\n                                                                    <\/div>\n                                            <div class=\"item-conteudo\" id=\"sumario-item-1\" style=\"display: none;\">\n                            <p>(quinhentos e cinquenta reais)<\/p>                        <\/div>\n                        <button class=\"btn-ver-mais\" data-target=\"sumario-item-1\" aria-expanded=\"false\">\n                            <span class=\"text-ver-mais\">Ver mais<\/span>\n                            <span class=\"text-ver-menos\" style=\"display: none;\">Fechar<\/span>\n                        <\/button>\n                                    <\/div>\n                            <div class=\"item-sumario-curso has-content\">\n                    <div class=\"item-header\">\n                        <i class=\"bi bi-chevron-right\" aria-hidden=\"true\"><\/i>\n                        <span class=\"item-label\">Prova presencial:<\/span>\n                                                    <span class=\"item-valor\">13\/12\/2025 \u00e0s 15h<\/span>\n                                                                    <\/div>\n                                            <div class=\"item-conteudo\" id=\"sumario-item-2\" style=\"display: none;\">\n                            <ul><li>Confira os locais de prova no <strong>ANEXO 5<\/strong>.<\/li><\/ul>                        <\/div>\n                        <button class=\"btn-ver-mais\" data-target=\"sumario-item-2\" aria-expanded=\"false\">\n                            <span class=\"text-ver-mais\">Ver mais<\/span>\n                            <span class=\"text-ver-menos\" style=\"display: none;\">Fechar<\/span>\n                        <\/button>\n                                    <\/div>\n                            <div class=\"item-sumario-curso has-content\">\n                    <div class=\"item-header\">\n                        <i class=\"bi bi-chevron-right\" aria-hidden=\"true\"><\/i>\n                        <span class=\"item-label\">Portal do Candidato:<\/span>\n                                                                    <\/div>\n                                            <div class=\"item-conteudo\" id=\"sumario-item-3\" style=\"display: none;\">\n                            <a href=\"https:\/\/idor.econrio.com.br\/modulo\/login\/src\/view\/action\/LoginIniciaAction.php?fonte=residencia-idor\">Acompanhe sua inscri\u00e7\u00e3o aqui<\/a>                        <\/div>\n                        <button class=\"btn-ver-mais\" data-target=\"sumario-item-3\" aria-expanded=\"false\">\n                            <span class=\"text-ver-mais\">Ver mais<\/span>\n                            <span class=\"text-ver-menos\" style=\"display: none;\">Fechar<\/span>\n                        <\/button>\n                                    <\/div>\n                            <div class=\"item-sumario-curso has-content\">\n                    <div class=\"item-header\">\n                        <i class=\"bi bi-chevron-right\" aria-hidden=\"true\"><\/i>\n                        <span class=\"item-label\">Documenta\u00e7\u00e3o do Processo Seletivo:<\/span>\n                                                                    <\/div>\n                                            <div class=\"item-conteudo\" id=\"sumario-item-4\" style=\"display: none;\">\n                            <ul><li><a href=\"https:\/\/www.rededorsaoluiz.com.br\/instituto\/idor\/wp-content\/uploads\/2023\/10\/25181_edital_retificado-rm_unificado_idor_2026.1_18.11.pdf\">Edital Retificado em 18\/11\/2025<\/a><\/li><li><a href=\"https:\/\/www.rededorsaoluiz.com.br\/instituto\/idor\/wp-content\/uploads\/2023\/10\/25181_5a_retificacao_do_edital_-_18112025.pdf\">5\u00aa Retifica\u00e7\u00e3o de edital (18\/11\/2025)<\/a><\/li><li><a href=\"https:\/\/www.rededorsaoluiz.com.br\/instituto\/idor\/wp-content\/uploads\/2022\/04\/25181_anexo_1_-_cronograma_retificado_rm_-_idor_2026_03102025.pdf\">Anexo 1 \u2013 Cronograma \u2013 Retificado em 03\/10\/2025<\/a><\/li><li><a href=\"https:\/\/www.rededorsaoluiz.com.br\/instituto\/idor\/wp-content\/uploads\/2023\/10\/25181_anexo_2_-__quadro_de_vagas_rm_unificado_idor_2026_-retificado_06112025.pdf\">Anexo 2 \u2013 Quadro de Vagas \u2013 Retificado em 06\/11\/2025<\/a><\/li><li><a href=\"https:\/\/www.rededorsaoluiz.com.br\/instituto\/idor\/wp-content\/uploads\/2023\/10\/25181__anexo_3_-_referencias_bibliograficas-Outubro.pdf\">Anexo 3 \u2013 Refer\u00eancias Bibliogr\u00e1ficas<\/a><\/li><li><a href=\"https:\/\/www.rededorsaoluiz.com.br\/instituto\/idor\/wp-content\/uploads\/2023\/10\/25181_anexo_4_-__retificado_analise_curricular_rm_idor_2026.pdf\">Anexo 4 \u2013 An\u00e1lise Curricular \u2013 Retificado em 04\/11\/2025<\/a><\/li><li><a href=\"https:\/\/www.rededorsaoluiz.com.br\/instituto\/idor\/wp-content\/uploads\/2023\/10\/25181_anexo_5-_cidades_de_aplicacao_de_prova_-_rm_unificado_idor_2026_retificado_06112015.pdf\">Anexo 5 \u2013 Cidades de Aplica\u00e7\u00e3o de Prova \u2013 Retificado em 06\/11\/2025<\/a><\/li><\/ul>                        <\/div>\n                        <button class=\"btn-ver-mais\" data-target=\"sumario-item-4\" aria-expanded=\"false\">\n                            <span class=\"text-ver-mais\">Ver mais<\/span>\n                            <span class=\"text-ver-menos\" style=\"display: none;\">Fechar<\/span>\n                        <\/button>\n                                    <\/div>\n                            <div class=\"item-sumario-curso \">\n                    <div class=\"item-header\">\n                        <i class=\"bi bi-chevron-right\" aria-hidden=\"true\"><\/i>\n                        <span class=\"item-label\">In\u00edcio do programa:<\/span>\n                                                    <span class=\"item-valor\">01\/03\/2026<\/span>\n                                                                    <\/div>\n                                    <\/div>\n                            <div class=\"item-sumario-curso \">\n                    <div class=\"item-header\">\n                        <i class=\"bi bi-chevron-right\" aria-hidden=\"true\"><\/i>\n                        <span class=\"item-label\">Carga Hor\u00e1ria:<\/span>\n                                                    <span class=\"item-valor\">60 horas semanais | 2880 horas anuais<\/span>\n                                                                    <\/div>\n                                    <\/div>\n                            <div class=\"item-sumario-curso \">\n                    <div class=\"item-header\">\n                        <i class=\"bi bi-chevron-right\" aria-hidden=\"true\"><\/i>\n                        <span class=\"item-label\">Dura\u00e7\u00e3o:<\/span>\n                                                    <span class=\"item-valor\">1 ano<\/span>\n                                                                    <\/div>\n                                    <\/div>\n                            <div class=\"item-sumario-curso \">\n                    <div class=\"item-header\">\n                        <i class=\"bi bi-chevron-right\" aria-hidden=\"true\"><\/i>\n                        <span class=\"item-label\">Remunera\u00e7\u00e3o:<\/span>\n                                                    <span class=\"item-valor\">R$ 4.106,09<\/span>\n                                                                    <\/div>\n                                    <\/div>\n                            <div class=\"item-sumario-curso \">\n                    <div class=\"item-header\">\n                        <i class=\"bi bi-chevron-right\" aria-hidden=\"true\"><\/i>\n                        <span class=\"item-label\">Vagas:<\/span>\n                                                    <span class=\"item-valor\">2 (duas) vagas<\/span>\n                                                                    <\/div>\n                                    <\/div>\n                            <div class=\"item-sumario-curso \">\n                    <div class=\"item-header\">\n                        <i class=\"bi bi-chevron-right\" aria-hidden=\"true\"><\/i>\n                        <span class=\"item-label\">Local:<\/span>\n                                                    <span class=\"item-valor\">Perinatal Barra D&#039;Or e Perinatal Gl\u00f3ria D&#039;Or<\/span>\n                                                                    <\/div>\n                                    <\/div>\n                            <div class=\"item-sumario-curso has-content\">\n                    <div class=\"item-header\">\n                        <i class=\"bi bi-chevron-right\" aria-hidden=\"true\"><\/i>\n                        <span class=\"item-label\">Unidades:<\/span>\n                                                                    <\/div>\n                                            <div class=\"item-conteudo\" id=\"sumario-item-11\" style=\"display: none;\">\n                            <p>Al\u00e9m de ampliar suas frentes de atua\u00e7\u00e3o, o IDOR tamb\u00e9m est\u00e1 estendendo suas fronteiras geogr\u00e1ficas. No Rio de Janeiro, al\u00e9m da sede em Botafogo, conta, hoje, com um amplo espa\u00e7o dentro do Hospital Gl\u00f3ria D\u2019Or, dedicado \u00e0 pesquisa cl\u00ednica. Al\u00e9m disso, ganhou unidades em S\u00e3o Paulo, Salvador e Bras\u00edlia, que atuam de forma integrada em pesquisa, ensino e inova\u00e7\u00e3o. O IDOR tamb\u00e9m estende sua pesquisa a outras capitais brasileiras, contando com a estrutura da Rede D'Or nesse processo.<\/p><p><a href=\"http:\/\/www.rededorsaoluiz.com.br\/instituto\/idor\/\/apresentacao\/unidades\/\">Saiba mais<\/a><\/p>                        <\/div>\n                        <button class=\"btn-ver-mais\" data-target=\"sumario-item-11\" aria-expanded=\"false\">\n                            <span class=\"text-ver-mais\">Ver mais<\/span>\n                            <span class=\"text-ver-menos\" style=\"display: none;\">Fechar<\/span>\n                        <\/button>\n                                    <\/div>\n                    <\/div>\n        \t\t\t\t<\/div>\n\t\t\t\t<\/div>\n\t\t\t\t<\/div>\n\t\t\t\t\t<\/div>\n\t\t\t\t<\/div>\n\t\t<div class=\"elementor-element elementor-element-4c456ff0 e-flex e-con-boxed e-con e-parent\" data-id=\"4c456ff0\" data-element_type=\"container\">\n\t\t\t\t\t<div class=\"e-con-inner\">\n\t\t\t\t<div class=\"elementor-element elementor-element-4965a0e0 elementor-absolute elementor-widget elementor-widget-image\" data-id=\"4965a0e0\" data-element_type=\"widget\" data-settings=\"{&quot;_position&quot;:&quot;absolute&quot;}\" data-widget_type=\"image.default\">\n\t\t\t\t\t\t\t\t\t\t\t\t\t\t\t<img decoding=\"async\" width=\"277\" height=\"117\" src=\"https:\/\/www.rededorsaoluiz.com.br\/instituto\/idor\/wp-content\/uploads\/2025\/10\/Frame-74.svg\" class=\"attachment-large size-large wp-image-642\" alt=\"\" \/>\t\t\t\t\t\t\t\t\t\t\t\t\t\t\t<\/div>\n\t\t<div class=\"elementor-element elementor-element-4a4b1933 e-con-full e-flex e-con e-child\" data-id=\"4a4b1933\" data-element_type=\"container\">\n\t\t\t\t<div class=\"elementor-element elementor-element-3736d3d1 elementor-widget elementor-widget-spacer\" data-id=\"3736d3d1\" data-element_type=\"widget\" data-widget_type=\"spacer.default\">\n\t\t\t\t\t\t\t<div class=\"elementor-spacer\">\n\t\t\t<div class=\"elementor-spacer-inner\"><\/div>\n\t\t<\/div>\n\t\t\t\t\t\t<\/div>\n\t\t<div class=\"elementor-element elementor-element-2117f9d0 e-con-full e-flex e-con e-child\" data-id=\"2117f9d0\" data-element_type=\"container\">\n\t\t<div class=\"elementor-element elementor-element-7ecb70af e-con-full e-flex e-con e-child\" data-id=\"7ecb70af\" data-element_type=\"container\">\n\t\t<div class=\"elementor-element elementor-element-68b84647 e-con-full e-flex e-con e-child\" data-id=\"68b84647\" data-element_type=\"container\">\n\t\t\t\t<div class=\"elementor-element elementor-element-7a6e53c3 elementor-widget elementor-widget-image\" data-id=\"7a6e53c3\" data-element_type=\"widget\" data-widget_type=\"image.default\">\n\t\t\t\t\t\t\t\t\t\t\t\t\t\t\t<img loading=\"lazy\" decoding=\"async\" width=\"246\" height=\"377\" src=\"https:\/\/www.rededorsaoluiz.com.br\/instituto\/idor\/wp-content\/uploads\/2025\/10\/Group-11.png\" class=\"attachment-large size-large wp-image-671\" alt=\"\" srcset=\"https:\/\/www.rededorsaoluiz.com.br\/instituto\/idor\/wp-content\/uploads\/2025\/10\/Group-11.png 246w, https:\/\/www.rededorsaoluiz.com.br\/instituto\/idor\/wp-content\/uploads\/2025\/10\/Group-11-196x300.png 196w\" sizes=\"(max-width: 246px) 100vw, 246px\" \/>\t\t\t\t\t\t\t\t\t\t\t\t\t\t\t<\/div>\n\t\t\t\t<\/div>\n\t\t<div class=\"elementor-element elementor-element-16ffc99d e-con-full e-flex e-con e-child\" data-id=\"16ffc99d\" data-element_type=\"container\">\n\t\t\t\t<div class=\"elementor-element elementor-element-7c6e4cdd elementor-widget elementor-widget-tagline\" data-id=\"7c6e4cdd\" data-element_type=\"widget\" data-widget_type=\"tagline.default\">\n\t\t\t\t<div class=\"elementor-widget-container\">\n\t\t\t\t\t        <div class=\"tagline-widget\">\n            Coordena\u00e7\u00e3o do Curso        <\/div>\n        \t\t\t\t<\/div>\n\t\t\t\t<\/div>\n\t\t\t\t<div class=\"elementor-element elementor-element-5f494ae0 elementor-widget elementor-widget-title-idor\" data-id=\"5f494ae0\" data-element_type=\"widget\" data-widget_type=\"title-idor.default\">\n\t\t\t\t<div class=\"elementor-widget-container\">\n\t\t\t\t\t        <div class=\"title-idor-widget\">\n            <h2 class=\"title\">Fernanda Campos da Silva MD, PhD<\/h2>\n        <\/div>\n        \t\t\t\t<\/div>\n\t\t\t\t<\/div>\n\t\t\t\t<div class=\"elementor-element elementor-element-73f6c2e9 elementor-widget elementor-widget-texto\" data-id=\"73f6c2e9\" data-element_type=\"widget\" data-widget_type=\"texto.default\">\n\t\t\t\t<div class=\"elementor-widget-container\">\n\t\t\t\t\t        <div class=\"texto-widget\">\n            <p><p>A supervis\u00e3o do curso \u00e9 realizada por Fernanda Campos da Silva, que possui t\u00edtulo de MD e PhD. Contudo, n\u00e3o foram fornecidas informa\u00e7\u00f5es adicionais sobre sua forma\u00e7\u00e3o, experi\u00eancia profissional, \u00e1reas de especializa\u00e7\u00e3o ou atua\u00e7\u00e3o na coordena\u00e7\u00e3o do curso.<\/p><\/p>        <\/div>\n        \t\t\t\t<\/div>\n\t\t\t\t<\/div>\n\t\t\t\t<\/div>\n\t\t\t\t<\/div>\n\t\t\t\t<\/div>\n\t\t\t\t<\/div>\n\t\t\t\t\t<\/div>\n\t\t\t\t<\/div>\n\t\t<div class=\"elementor-element elementor-element-670c7be1 e-flex e-con-boxed e-con e-parent\" data-id=\"670c7be1\" data-element_type=\"container\" data-settings=\"{&quot;background_background&quot;:&quot;classic&quot;}\">\n\t\t\t\t\t<div class=\"e-con-inner\">\n\t\t\t\t<div class=\"elementor-element elementor-element-7f523c2d elementor-absolute elementor-widget elementor-widget-image\" data-id=\"7f523c2d\" data-element_type=\"widget\" data-settings=\"{&quot;_position&quot;:&quot;absolute&quot;}\" data-widget_type=\"image.default\">\n\t\t\t\t\t\t\t\t\t\t\t\t\t\t\t<img loading=\"lazy\" decoding=\"async\" width=\"274\" height=\"74\" src=\"https:\/\/www.rededorsaoluiz.com.br\/instituto\/idor\/wp-content\/uploads\/2025\/10\/Frame-76.svg\" class=\"attachment-large size-large wp-image-686\" alt=\"\" \/>\t\t\t\t\t\t\t\t\t\t\t\t\t\t\t<\/div>\n\t\t<div class=\"elementor-element elementor-element-70ba592e e-con-full e-flex e-con e-child\" data-id=\"70ba592e\" data-element_type=\"container\">\n\t\t\t\t<div class=\"elementor-element elementor-element-a51cb7e elementor-widget elementor-widget-title-idor\" data-id=\"a51cb7e\" data-element_type=\"widget\" data-widget_type=\"title-idor.default\">\n\t\t\t\t<div class=\"elementor-widget-container\">\n\t\t\t\t\t        <div class=\"title-idor-widget\">\n            <h2 class=\"title\">Nossos Diferenciais<\/h2>\n        <\/div>\n        \t\t\t\t<\/div>\n\t\t\t\t<\/div>\n\t\t\t\t<div class=\"elementor-element elementor-element-26c9e976 elementor-widget elementor-widget-texto\" data-id=\"26c9e976\" data-element_type=\"widget\" data-widget_type=\"texto.default\">\n\t\t\t\t<div class=\"elementor-widget-container\">\n\t\t\t\t\t        <div class=\"texto-widget\">\n            <p>Em breve<\/p>        <\/div>\n        \t\t\t\t<\/div>\n\t\t\t\t<\/div>\n\t\t\t\t<div class=\"elementor-element elementor-element-665bc4b8 elementor-widget elementor-widget-grid-card\" data-id=\"665bc4b8\" data-element_type=\"widget\" data-widget_type=\"grid-card.default\">\n\t\t\t\t<div class=\"elementor-widget-container\">\n\t\t\t\t\t<style>.elementor-repeater-item-b4a627a { grid-column: span 6; } @media(max-width:1024px){.elementor-repeater-item-b4a627a { grid-column: span 6; }} @media(max-width:767px){.elementor-repeater-item-b4a627a { grid-column: span 12; }} .elementor-repeater-item-fa84eb6 { grid-column: span 6; } @media(max-width:1024px){.elementor-repeater-item-fa84eb6 { grid-column: span 6; }} @media(max-width:767px){.elementor-repeater-item-fa84eb6 { grid-column: span 12; }} .elementor-repeater-item-30a60ab { grid-column: span 12; } @media(max-width:1024px){.elementor-repeater-item-30a60ab { grid-column: span 12; }} @media(max-width:767px){.elementor-repeater-item-30a60ab { grid-column: span 12; }} .elementor-repeater-item-3fa1bf7 { grid-column: span 6; } @media(max-width:1024px){.elementor-repeater-item-3fa1bf7 { grid-column: span 6; }} @media(max-width:767px){.elementor-repeater-item-3fa1bf7 { grid-column: span 12; }} .elementor-repeater-item-f05211d { grid-column: span 6; } @media(max-width:1024px){.elementor-repeater-item-f05211d { grid-column: span 6; }} @media(max-width:767px){.elementor-repeater-item-f05211d { grid-column: span 12; }}<\/style>        <section class=\"widget-grid-card\">\n                            <article class=\"card elementor-repeater-item-b4a627a  azul-escuro\"\n                style=\"\">\n\n                                            <div class=\"card-content\">\n                            <h3 class=\"title-card\"><\/h3>\n                            <div class=\"card-footer\">\n                                <p class=\"description-card\"><\/p>\n                            <\/div>\n                        <\/div>\n                                    <\/article>\n                            <article class=\"card elementor-repeater-item-fa84eb6 card-img branco\"\n                style=\"background-image: url(&#039;https:\/\/www.rededorsaoluiz.com.br\/instituto\/idor\/wp-content\/uploads\/2025\/12\/REPRODUCAO-Nossos-Diferenciais-01-2.jpg&#039;);\">\n\n                                            <div class=\"card-content\">\n                            <h3 class=\"title-card\"><\/h3>\n                            <div class=\"card-footer\">\n                                <p class=\"description-card\"><\/p>\n                            <\/div>\n                        <\/div>\n                                    <\/article>\n                            <article class=\"card elementor-repeater-item-30a60ab  branco\"\n                style=\"\">\n\n                                            <div class=\"card-content\">\n                            <h3 class=\"title-card\"><\/h3>\n                            <div class=\"card-footer\">\n                                <p class=\"description-card\"><\/p>\n                            <\/div>\n                        <\/div>\n                                    <\/article>\n                            <article class=\"card elementor-repeater-item-3fa1bf7 card-img branco\"\n                style=\"background-image: url(&#039;https:\/\/www.rededorsaoluiz.com.br\/instituto\/idor\/wp-content\/uploads\/2025\/12\/REPRODUCAO-Nossos-Diferenciais-02-2.jpg&#039;);\">\n\n                                            <div class=\"card-content\">\n                            <h3 class=\"title-card\"><\/h3>\n                            <div class=\"card-footer\">\n                                <p class=\"description-card\"><\/p>\n                            <\/div>\n                        <\/div>\n                                    <\/article>\n                            <article class=\"card elementor-repeater-item-f05211d  dourado\"\n                style=\"\">\n\n                                            <div class=\"card-content\">\n                            <h3 class=\"title-card\"><\/h3>\n                            <div class=\"card-footer\">\n                                <p class=\"description-card\"><\/p>\n                            <\/div>\n                        <\/div>\n                                    <\/article>\n                    <\/section>\n        \t\t\t\t<\/div>\n\t\t\t\t<\/div>\n\t\t\t\t<\/div>\n\t\t\t\t\t<\/div>\n\t\t\t\t<\/div>\n\t\t<div class=\"elementor-element elementor-element-4ec7ebb6 e-flex e-con-boxed e-con e-parent\" data-id=\"4ec7ebb6\" data-element_type=\"container\">\n\t\t\t\t\t<div class=\"e-con-inner\">\n\t\t\t\t<div class=\"elementor-element elementor-element-5db07b46 elementor-absolute elementor-widget elementor-widget-image\" data-id=\"5db07b46\" data-element_type=\"widget\" data-settings=\"{&quot;_position&quot;:&quot;absolute&quot;}\" data-widget_type=\"image.default\">\n\t\t\t\t\t\t\t\t\t\t\t\t\t\t\t<img loading=\"lazy\" decoding=\"async\" width=\"246\" height=\"124\" src=\"https:\/\/www.rededorsaoluiz.com.br\/instituto\/idor\/wp-content\/uploads\/2025\/11\/Frame-75.png\" class=\"attachment-large size-large wp-image-578\" alt=\"\" \/>\t\t\t\t\t\t\t\t\t\t\t\t\t\t\t<\/div>\n\t\t<div class=\"elementor-element elementor-element-5c8e39ba e-con-full e-flex e-con e-child\" data-id=\"5c8e39ba\" data-element_type=\"container\">\n\t\t\t\t<div class=\"elementor-element elementor-element-3c69c183 elementor-widget elementor-widget-title-idor\" data-id=\"3c69c183\" data-element_type=\"widget\" data-widget_type=\"title-idor.default\">\n\t\t\t\t<div class=\"elementor-widget-container\">\n\t\t\t\t\t        <div class=\"title-idor-widget\">\n            <h2 class=\"title\">Carreira Profissional em Ginecologia e Obstetr\u00edcia<\/h2>\n        <\/div>\n        \t\t\t\t<\/div>\n\t\t\t\t<\/div>\n\t\t\t\t<div class=\"elementor-element elementor-element-4ce94e1f elementor-widget elementor-widget-image\" data-id=\"4ce94e1f\" data-element_type=\"widget\" data-widget_type=\"image.default\">\n\t\t\t\t\t\t\t\t\t\t\t\t\t\t\t<img loading=\"lazy\" decoding=\"async\" width=\"1024\" height=\"360\" src=\"https:\/\/www.rededorsaoluiz.com.br\/instituto\/idor\/wp-content\/uploads\/2025\/12\/REPRODUCAO-imagem-box-carreira-2-1024x360.jpg\" class=\"attachment-large size-large wp-image-5265\" alt=\"\" srcset=\"https:\/\/www.rededorsaoluiz.com.br\/instituto\/idor\/wp-content\/uploads\/2025\/12\/REPRODUCAO-imagem-box-carreira-2-1024x360.jpg 1024w, https:\/\/www.rededorsaoluiz.com.br\/instituto\/idor\/wp-content\/uploads\/2025\/12\/REPRODUCAO-imagem-box-carreira-2-300x105.jpg 300w, https:\/\/www.rededorsaoluiz.com.br\/instituto\/idor\/wp-content\/uploads\/2025\/12\/REPRODUCAO-imagem-box-carreira-2-768x270.jpg 768w, https:\/\/www.rededorsaoluiz.com.br\/instituto\/idor\/wp-content\/uploads\/2025\/12\/REPRODUCAO-imagem-box-carreira-2.jpg 1418w\" sizes=\"(max-width: 1024px) 100vw, 1024px\" \/>\t\t\t\t\t\t\t\t\t\t\t\t\t\t\t<\/div>\n\t\t\t\t<div class=\"elementor-element elementor-element-58bf693b elementor-widget elementor-widget-texto\" data-id=\"58bf693b\" data-element_type=\"widget\" data-widget_type=\"texto.default\">\n\t\t\t\t<div class=\"elementor-widget-container\">\n\t\t\t\t\t        <div class=\"texto-widget\">\n            <p><p>O profissional formado e especializado em Ginecologia e Obstetr\u00edcia atua no cuidado integral \u00e0 sa\u00fade da mulher, ao longo de todas as fases da vida. Com a resid\u00eancia ou t\u00edtulo de especialista, \u00e9 poss\u00edvel atuar em hospitais, cl\u00ednicas, consult\u00f3rios e em centros de reprodu\u00e7\u00e3o assistida, promovendo preven\u00e7\u00e3o, diagn\u00f3stico e tratamentos relacionados \u00e0 sa\u00fade reprodutiva e obst\u00e9trica.<\/p><\/p>        <\/div>\n        \t\t\t\t<\/div>\n\t\t\t\t<\/div>\n\t\t<div class=\"elementor-element elementor-element-2cd9e37 e-con-full e-flex e-con e-child\" data-id=\"2cd9e37\" data-element_type=\"container\">\n\t\t<div class=\"elementor-element elementor-element-3fb7241f e-con-full e-flex e-con e-child\" data-id=\"3fb7241f\" data-element_type=\"container\">\n\t\t\t\t<div class=\"elementor-element elementor-element-1f22ccd6 elementor-view-default elementor-widget elementor-widget-icon\" data-id=\"1f22ccd6\" data-element_type=\"widget\" data-widget_type=\"icon.default\">\n\t\t\t\t\t\t\t<div class=\"elementor-icon-wrapper\">\n\t\t\t<div class=\"elementor-icon\">\n\t\t\t<svg aria-hidden=\"true\" class=\"e-font-icon-svg e-fas-hospital\" viewBox=\"0 0 448 512\" xmlns=\"http:\/\/www.w3.org\/2000\/svg\"><path d=\"M448 492v20H0v-20c0-6.627 5.373-12 12-12h20V120c0-13.255 10.745-24 24-24h88V24c0-13.255 10.745-24 24-24h112c13.255 0 24 10.745 24 24v72h88c13.255 0 24 10.745 24 24v360h20c6.627 0 12 5.373 12 12zM308 192h-40c-6.627 0-12 5.373-12 12v40c0 6.627 5.373 12 12 12h40c6.627 0 12-5.373 12-12v-40c0-6.627-5.373-12-12-12zm-168 64h40c6.627 0 12-5.373 12-12v-40c0-6.627-5.373-12-12-12h-40c-6.627 0-12 5.373-12 12v40c0 6.627 5.373 12 12 12zm104 128h-40c-6.627 0-12 5.373-12 12v84h64v-84c0-6.627-5.373-12-12-12zm64-96h-40c-6.627 0-12 5.373-12 12v40c0 6.627 5.373 12 12 12h40c6.627 0 12-5.373 12-12v-40c0-6.627-5.373-12-12-12zm-116 12c0-6.627-5.373-12-12-12h-40c-6.627 0-12 5.373-12 12v40c0 6.627 5.373 12 12 12h40c6.627 0 12-5.373 12-12v-40zM182 96h26v26a6 6 0 0 0 6 6h20a6 6 0 0 0 6-6V96h26a6 6 0 0 0 6-6V70a6 6 0 0 0-6-6h-26V38a6 6 0 0 0-6-6h-20a6 6 0 0 0-6 6v26h-26a6 6 0 0 0-6 6v20a6 6 0 0 0 6 6z\"><\/path><\/svg>\t\t\t<\/div>\n\t\t<\/div>\n\t\t\t\t\t\t<\/div>\n\t\t\t\t<div class=\"elementor-element elementor-element-58bebec6 elementor-widget elementor-widget-title-idor\" data-id=\"58bebec6\" data-element_type=\"widget\" data-widget_type=\"title-idor.default\">\n\t\t\t\t<div class=\"elementor-widget-container\">\n\t\t\t\t\t        <div class=\"title-idor-widget\">\n            <h2 class=\"title\">Atua\u00e7\u00e3o em Diversos Cen\u00e1rios<\/h2>\n        <\/div>\n        \t\t\t\t<\/div>\n\t\t\t\t<\/div>\n\t\t\t\t<div class=\"elementor-element elementor-element-1e2859f elementor-widget elementor-widget-texto\" data-id=\"1e2859f\" data-element_type=\"widget\" data-widget_type=\"texto.default\">\n\t\t\t\t<div class=\"elementor-widget-container\">\n\t\t\t\t\t        <div class=\"texto-widget\">\n            <p>O ginecologista-obstetra pode atuar em hospitais, maternidades, cl\u00ednicas privadas, centros de reprodu\u00e7\u00e3o humana e consult\u00f3rios, ampliando suas possibilidades profissionais.<\/p>        <\/div>\n        \t\t\t\t<\/div>\n\t\t\t\t<\/div>\n\t\t\t\t<\/div>\n\t\t<div class=\"elementor-element elementor-element-77e48ca1 e-con-full e-flex e-con e-child\" data-id=\"77e48ca1\" data-element_type=\"container\">\n\t\t\t\t<div class=\"elementor-element elementor-element-689791ef elementor-view-default elementor-widget elementor-widget-icon\" data-id=\"689791ef\" data-element_type=\"widget\" data-widget_type=\"icon.default\">\n\t\t\t\t\t\t\t<div class=\"elementor-icon-wrapper\">\n\t\t\t<div class=\"elementor-icon\">\n\t\t\t<svg aria-hidden=\"true\" class=\"e-font-icon-svg e-fas-chart-line\" viewBox=\"0 0 512 512\" xmlns=\"http:\/\/www.w3.org\/2000\/svg\"><path d=\"M496 384H64V80c0-8.84-7.16-16-16-16H16C7.16 64 0 71.16 0 80v336c0 17.67 14.33 32 32 32h464c8.84 0 16-7.16 16-16v-32c0-8.84-7.16-16-16-16zM464 96H345.94c-21.38 0-32.09 25.85-16.97 40.97l32.4 32.4L288 242.75l-73.37-73.37c-12.5-12.5-32.76-12.5-45.25 0l-68.69 68.69c-6.25 6.25-6.25 16.38 0 22.63l22.62 22.62c6.25 6.25 16.38 6.25 22.63 0L192 237.25l73.37 73.37c12.5 12.5 32.76 12.5 45.25 0l96-96 32.4 32.4c15.12 15.12 40.97 4.41 40.97-16.97V112c.01-8.84-7.15-16-15.99-16z\"><\/path><\/svg>\t\t\t<\/div>\n\t\t<\/div>\n\t\t\t\t\t\t<\/div>\n\t\t\t\t<div class=\"elementor-element elementor-element-72584ca3 elementor-widget elementor-widget-title-idor\" data-id=\"72584ca3\" data-element_type=\"widget\" data-widget_type=\"title-idor.default\">\n\t\t\t\t<div class=\"elementor-widget-container\">\n\t\t\t\t\t        <div class=\"title-idor-widget\">\n            <h2 class=\"title\">Alta Demanda e Reconhecimento<\/h2>\n        <\/div>\n        \t\t\t\t<\/div>\n\t\t\t\t<\/div>\n\t\t\t\t<div class=\"elementor-element elementor-element-34c1640 elementor-widget elementor-widget-texto\" data-id=\"34c1640\" data-element_type=\"widget\" data-widget_type=\"texto.default\">\n\t\t\t\t<div class=\"elementor-widget-container\">\n\t\t\t\t\t        <div class=\"texto-widget\">\n            <p>A especialidade apresenta alta demanda tanto no setor p\u00fablico quanto no privado pela import\u00e2ncia do acompanhamento \u00e0 sa\u00fade da mulher, al\u00e9m de garantir reconhecimento profissional.<\/p>        <\/div>\n        \t\t\t\t<\/div>\n\t\t\t\t<\/div>\n\t\t\t\t<\/div>\n\t\t\t\t<\/div>\n\t\t<div class=\"elementor-element elementor-element-1d357a6f e-con-full e-flex e-con e-child\" data-id=\"1d357a6f\" data-element_type=\"container\">\n\t\t\t\t<div class=\"elementor-element elementor-element-6a4d9da1 elementor-widget elementor-widget-title-idor\" data-id=\"6a4d9da1\" data-element_type=\"widget\" data-widget_type=\"title-idor.default\">\n\t\t\t\t<div class=\"elementor-widget-container\">\n\t\t\t\t\t        <div class=\"title-idor-widget\">\n            <h2 class=\"title\">Tire suas d\u00favidas sobre o curso<\/h2>\n        <\/div>\n        \t\t\t\t<\/div>\n\t\t\t\t<\/div>\n\t\t\t\t<div class=\"elementor-element elementor-element-5fa15b1d elementor-widget elementor-widget-texto\" data-id=\"5fa15b1d\" data-element_type=\"widget\" data-widget_type=\"texto.default\">\n\t\t\t\t<div class=\"elementor-widget-container\">\n\t\t\t\t\t        <div class=\"texto-widget\">\n            <p>Confira as principais d\u00favidas sobre o processo seletivo, requisitos e informa\u00e7\u00f5es do curso.<\/p>        <\/div>\n        \t\t\t\t<\/div>\n\t\t\t\t<\/div>\n\t\t\t\t<div class=\"elementor-element elementor-element-14026455 elementor-widget elementor-widget-n-accordion\" data-id=\"14026455\" data-element_type=\"widget\" data-settings=\"{&quot;default_state&quot;:&quot;expanded&quot;,&quot;max_items_expended&quot;:&quot;one&quot;,&quot;n_accordion_animation_duration&quot;:{&quot;unit&quot;:&quot;ms&quot;,&quot;size&quot;:400,&quot;sizes&quot;:[]}}\" data-widget_type=\"nested-accordion.default\">\n\t\t\t\t\t\t\t<div class=\"e-n-accordion\" aria-label=\"Accordion. Open links with Enter or Space, close with Escape, and navigate with Arrow Keys\">\n\t\t\t\t\t\t<details id=\"e-n-accordion-item-3350\" class=\"e-n-accordion-item\" open>\n\t\t\t\t<summary class=\"e-n-accordion-item-title\" data-accordion-index=\"1\" tabindex=\"0\" aria-expanded=\"true\" aria-controls=\"e-n-accordion-item-3350\" >\n\t\t\t\t\t<span class='e-n-accordion-item-title-header'><div class=\"e-n-accordion-item-title-text\"> Quem pode se inscrever no curso? <\/div><\/span>\n\t\t\t\t\t\t\t<span class='e-n-accordion-item-title-icon'>\n\t\t\t<span class='e-opened' ><svg aria-hidden=\"true\" class=\"e-font-icon-svg e-fas-chevron-up\" viewBox=\"0 0 448 512\" xmlns=\"http:\/\/www.w3.org\/2000\/svg\"><path d=\"M240.971 130.524l194.343 194.343c9.373 9.373 9.373 24.569 0 33.941l-22.667 22.667c-9.357 9.357-24.522 9.375-33.901.04L224 227.495 69.255 381.516c-9.379 9.335-24.544 9.317-33.901-.04l-22.667-22.667c-9.373-9.373-9.373-24.569 0-33.941L207.03 130.525c9.372-9.373 24.568-9.373 33.941-.001z\"><\/path><\/svg><\/span>\n\t\t\t<span class='e-closed'><svg aria-hidden=\"true\" class=\"e-font-icon-svg e-fas-chevron-down\" viewBox=\"0 0 448 512\" xmlns=\"http:\/\/www.w3.org\/2000\/svg\"><path d=\"M207.029 381.476L12.686 187.132c-9.373-9.373-9.373-24.569 0-33.941l22.667-22.667c9.357-9.357 24.522-9.375 33.901-.04L224 284.505l154.745-154.021c9.379-9.335 24.544-9.317 33.901.04l22.667 22.667c9.373 9.373 9.373 24.569 0 33.941L240.971 381.476c-9.373 9.372-24.569 9.372-33.942 0z\"><\/path><\/svg><\/span>\n\t\t<\/span>\n\n\t\t\t\t\t\t<\/summary>\n\t\t\t\t<div role=\"region\" aria-labelledby=\"e-n-accordion-item-3350\" class=\"elementor-element elementor-element-65c3c80 e-con-full e-flex e-con e-child\" data-id=\"65c3c80\" data-element_type=\"container\">\n\t\t\t\t<div class=\"elementor-element elementor-element-68bc9cf elementor-widget elementor-widget-texto\" data-id=\"68bc9cf\" data-element_type=\"widget\" data-widget_type=\"texto.default\">\n\t\t\t\t<div class=\"elementor-widget-container\">\n\t\t\t\t\t        <div class=\"texto-widget\">\n            <p>O curso \u00e9 destinado a quem possui resid\u00eancia completa em Ginecologia e Obstetr\u00edcia em institui\u00e7\u00f5es reconhecidas pelo MEC ou aprova\u00e7\u00e3o para o t\u00edtulo de especialista.<\/p>        <\/div>\n        \t\t\t\t<\/div>\n\t\t\t\t<\/div>\n\t\t\t\t<\/div>\n\t\t\t\t\t<\/details>\n\t\t\t\t\t\t<details id=\"e-n-accordion-item-3351\" class=\"e-n-accordion-item\" >\n\t\t\t\t<summary class=\"e-n-accordion-item-title\" data-accordion-index=\"2\" tabindex=\"-1\" aria-expanded=\"false\" aria-controls=\"e-n-accordion-item-3351\" >\n\t\t\t\t\t<span class='e-n-accordion-item-title-header'><div class=\"e-n-accordion-item-title-text\"> Qual \u00e9 o per\u00edodo de inscri\u00e7\u00f5es e valor da taxa? <\/div><\/span>\n\t\t\t\t\t\t\t<span class='e-n-accordion-item-title-icon'>\n\t\t\t<span class='e-opened' ><svg aria-hidden=\"true\" class=\"e-font-icon-svg e-fas-chevron-up\" viewBox=\"0 0 448 512\" xmlns=\"http:\/\/www.w3.org\/2000\/svg\"><path d=\"M240.971 130.524l194.343 194.343c9.373 9.373 9.373 24.569 0 33.941l-22.667 22.667c-9.357 9.357-24.522 9.375-33.901.04L224 227.495 69.255 381.516c-9.379 9.335-24.544 9.317-33.901-.04l-22.667-22.667c-9.373-9.373-9.373-24.569 0-33.941L207.03 130.525c9.372-9.373 24.568-9.373 33.941-.001z\"><\/path><\/svg><\/span>\n\t\t\t<span class='e-closed'><svg aria-hidden=\"true\" class=\"e-font-icon-svg e-fas-chevron-down\" viewBox=\"0 0 448 512\" xmlns=\"http:\/\/www.w3.org\/2000\/svg\"><path d=\"M207.029 381.476L12.686 187.132c-9.373-9.373-9.373-24.569 0-33.941l22.667-22.667c9.357-9.357 24.522-9.375 33.901-.04L224 284.505l154.745-154.021c9.379-9.335 24.544-9.317 33.901.04l22.667 22.667c9.373 9.373 9.373 24.569 0 33.941L240.971 381.476c-9.373 9.372-24.569 9.372-33.942 0z\"><\/path><\/svg><\/span>\n\t\t<\/span>\n\n\t\t\t\t\t\t<\/summary>\n\t\t\t\t<div role=\"region\" aria-labelledby=\"e-n-accordion-item-3351\" class=\"elementor-element elementor-element-ddfd2f9 e-con-full e-flex e-con e-child\" data-id=\"ddfd2f9\" data-element_type=\"container\">\n\t\t\t\t<div class=\"elementor-element elementor-element-711a8ad elementor-widget elementor-widget-texto\" data-id=\"711a8ad\" data-element_type=\"widget\" data-widget_type=\"texto.default\">\n\t\t\t\t<div class=\"elementor-widget-container\">\n\t\t\t\t\t        <div class=\"texto-widget\">\n            <p>As inscri\u00e7\u00f5es v\u00e3o at\u00e9 08\/12\/2025 e a taxa de inscri\u00e7\u00e3o \u00e9 de R$550,00.<\/p>        <\/div>\n        \t\t\t\t<\/div>\n\t\t\t\t<\/div>\n\t\t\t\t<\/div>\n\t\t\t\t\t<\/details>\n\t\t\t\t\t\t<details id=\"e-n-accordion-item-3352\" class=\"e-n-accordion-item\" >\n\t\t\t\t<summary class=\"e-n-accordion-item-title\" data-accordion-index=\"3\" tabindex=\"-1\" aria-expanded=\"false\" aria-controls=\"e-n-accordion-item-3352\" >\n\t\t\t\t\t<span class='e-n-accordion-item-title-header'><div class=\"e-n-accordion-item-title-text\"> Quando ser\u00e1 realizada a prova presencial? <\/div><\/span>\n\t\t\t\t\t\t\t<span class='e-n-accordion-item-title-icon'>\n\t\t\t<span class='e-opened' ><svg aria-hidden=\"true\" class=\"e-font-icon-svg e-fas-chevron-up\" viewBox=\"0 0 448 512\" xmlns=\"http:\/\/www.w3.org\/2000\/svg\"><path d=\"M240.971 130.524l194.343 194.343c9.373 9.373 9.373 24.569 0 33.941l-22.667 22.667c-9.357 9.357-24.522 9.375-33.901.04L224 227.495 69.255 381.516c-9.379 9.335-24.544 9.317-33.901-.04l-22.667-22.667c-9.373-9.373-9.373-24.569 0-33.941L207.03 130.525c9.372-9.373 24.568-9.373 33.941-.001z\"><\/path><\/svg><\/span>\n\t\t\t<span class='e-closed'><svg aria-hidden=\"true\" class=\"e-font-icon-svg e-fas-chevron-down\" viewBox=\"0 0 448 512\" xmlns=\"http:\/\/www.w3.org\/2000\/svg\"><path d=\"M207.029 381.476L12.686 187.132c-9.373-9.373-9.373-24.569 0-33.941l22.667-22.667c9.357-9.357 24.522-9.375 33.901-.04L224 284.505l154.745-154.021c9.379-9.335 24.544-9.317 33.901.04l22.667 22.667c9.373 9.373 9.373 24.569 0 33.941L240.971 381.476c-9.373 9.372-24.569 9.372-33.942 0z\"><\/path><\/svg><\/span>\n\t\t<\/span>\n\n\t\t\t\t\t\t<\/summary>\n\t\t\t\t<div role=\"region\" aria-labelledby=\"e-n-accordion-item-3352\" class=\"elementor-element elementor-element-36e8d9e e-con-full e-flex e-con e-child\" data-id=\"36e8d9e\" data-element_type=\"container\">\n\t\t\t\t<div class=\"elementor-element elementor-element-c351de3 elementor-widget elementor-widget-texto\" data-id=\"c351de3\" data-element_type=\"widget\" data-widget_type=\"texto.default\">\n\t\t\t\t<div class=\"elementor-widget-container\">\n\t\t\t\t\t        <div class=\"texto-widget\">\n            <p>A prova presencial acontecer\u00e1 no dia 13\/12\/2025 \u00e0s 15h. Os locais de prova est\u00e3o dispon\u00edveis no Anexo 5 do edital.<\/p>        <\/div>\n        \t\t\t\t<\/div>\n\t\t\t\t<\/div>\n\t\t\t\t<\/div>\n\t\t\t\t\t<\/details>\n\t\t\t\t\t\t<details id=\"e-n-accordion-item-3353\" class=\"e-n-accordion-item\" >\n\t\t\t\t<summary class=\"e-n-accordion-item-title\" data-accordion-index=\"4\" tabindex=\"-1\" aria-expanded=\"false\" aria-controls=\"e-n-accordion-item-3353\" >\n\t\t\t\t\t<span class='e-n-accordion-item-title-header'><div class=\"e-n-accordion-item-title-text\"> Qual \u00e9 a dura\u00e7\u00e3o e carga hor\u00e1ria do curso? <\/div><\/span>\n\t\t\t\t\t\t\t<span class='e-n-accordion-item-title-icon'>\n\t\t\t<span class='e-opened' ><svg aria-hidden=\"true\" class=\"e-font-icon-svg e-fas-chevron-up\" viewBox=\"0 0 448 512\" xmlns=\"http:\/\/www.w3.org\/2000\/svg\"><path d=\"M240.971 130.524l194.343 194.343c9.373 9.373 9.373 24.569 0 33.941l-22.667 22.667c-9.357 9.357-24.522 9.375-33.901.04L224 227.495 69.255 381.516c-9.379 9.335-24.544 9.317-33.901-.04l-22.667-22.667c-9.373-9.373-9.373-24.569 0-33.941L207.03 130.525c9.372-9.373 24.568-9.373 33.941-.001z\"><\/path><\/svg><\/span>\n\t\t\t<span class='e-closed'><svg aria-hidden=\"true\" class=\"e-font-icon-svg e-fas-chevron-down\" viewBox=\"0 0 448 512\" xmlns=\"http:\/\/www.w3.org\/2000\/svg\"><path d=\"M207.029 381.476L12.686 187.132c-9.373-9.373-9.373-24.569 0-33.941l22.667-22.667c9.357-9.357 24.522-9.375 33.901-.04L224 284.505l154.745-154.021c9.379-9.335 24.544-9.317 33.901.04l22.667 22.667c9.373 9.373 9.373 24.569 0 33.941L240.971 381.476c-9.373 9.372-24.569 9.372-33.942 0z\"><\/path><\/svg><\/span>\n\t\t<\/span>\n\n\t\t\t\t\t\t<\/summary>\n\t\t\t\t<div role=\"region\" aria-labelledby=\"e-n-accordion-item-3353\" class=\"elementor-element elementor-element-21d7531 e-con-full e-flex e-con e-child\" data-id=\"21d7531\" data-element_type=\"container\">\n\t\t\t\t<div class=\"elementor-element elementor-element-3544d31 elementor-widget elementor-widget-texto\" data-id=\"3544d31\" data-element_type=\"widget\" data-widget_type=\"texto.default\">\n\t\t\t\t<div class=\"elementor-widget-container\">\n\t\t\t\t\t        <div class=\"texto-widget\">\n            <p>O curso tem dura\u00e7\u00e3o de 1 ano, com carga hor\u00e1ria de 60 horas semanais e 2880 horas anuais.<\/p>        <\/div>\n        \t\t\t\t<\/div>\n\t\t\t\t<\/div>\n\t\t\t\t<\/div>\n\t\t\t\t\t<\/details>\n\t\t\t\t\t\t<details id=\"e-n-accordion-item-3354\" class=\"e-n-accordion-item\" >\n\t\t\t\t<summary class=\"e-n-accordion-item-title\" data-accordion-index=\"5\" tabindex=\"-1\" aria-expanded=\"false\" aria-controls=\"e-n-accordion-item-3354\" >\n\t\t\t\t\t<span class='e-n-accordion-item-title-header'><div class=\"e-n-accordion-item-title-text\"> Onde o curso \u00e9 realizado e qual a remunera\u00e7\u00e3o? <\/div><\/span>\n\t\t\t\t\t\t\t<span class='e-n-accordion-item-title-icon'>\n\t\t\t<span class='e-opened' ><svg aria-hidden=\"true\" class=\"e-font-icon-svg e-fas-chevron-up\" viewBox=\"0 0 448 512\" xmlns=\"http:\/\/www.w3.org\/2000\/svg\"><path d=\"M240.971 130.524l194.343 194.343c9.373 9.373 9.373 24.569 0 33.941l-22.667 22.667c-9.357 9.357-24.522 9.375-33.901.04L224 227.495 69.255 381.516c-9.379 9.335-24.544 9.317-33.901-.04l-22.667-22.667c-9.373-9.373-9.373-24.569 0-33.941L207.03 130.525c9.372-9.373 24.568-9.373 33.941-.001z\"><\/path><\/svg><\/span>\n\t\t\t<span class='e-closed'><svg aria-hidden=\"true\" class=\"e-font-icon-svg e-fas-chevron-down\" viewBox=\"0 0 448 512\" xmlns=\"http:\/\/www.w3.org\/2000\/svg\"><path d=\"M207.029 381.476L12.686 187.132c-9.373-9.373-9.373-24.569 0-33.941l22.667-22.667c9.357-9.357 24.522-9.375 33.901-.04L224 284.505l154.745-154.021c9.379-9.335 24.544-9.317 33.901.04l22.667 22.667c9.373 9.373 9.373 24.569 0 33.941L240.971 381.476c-9.373 9.372-24.569 9.372-33.942 0z\"><\/path><\/svg><\/span>\n\t\t<\/span>\n\n\t\t\t\t\t\t<\/summary>\n\t\t\t\t<div role=\"region\" aria-labelledby=\"e-n-accordion-item-3354\" class=\"elementor-element elementor-element-f87610e e-con-full e-flex e-con e-child\" data-id=\"f87610e\" data-element_type=\"container\">\n\t\t\t\t<div class=\"elementor-element elementor-element-8ee3470 elementor-widget elementor-widget-texto\" data-id=\"8ee3470\" data-element_type=\"widget\" data-widget_type=\"texto.default\">\n\t\t\t\t<div class=\"elementor-widget-container\">\n\t\t\t\t\t        <div class=\"texto-widget\">\n            <p>O curso ocorre na Perinatal Barra D'Or e Perinatal Gl\u00f3ria D'Or, com remunera\u00e7\u00e3o de R$ 4.106,09.<\/p>        <\/div>\n        \t\t\t\t<\/div>\n\t\t\t\t<\/div>\n\t\t\t\t<\/div>\n\t\t\t\t\t<\/details>\n\t\t\t\t\t<\/div>\n\t\t\t\t\t\t<\/div>\n\t\t\t\t<\/div>\n\t\t\t\t<\/div>\n\t\t\t\t\t<\/div>\n\t\t\t\t<\/div>\n\t\t\t\t<\/div>\n\t\t","protected":false},"excerpt":{"rendered":"<p>Quero ser informado sobre novas turmas<\/p>\n","protected":false},"featured_media":5267,"template":"","meta":{"_acf_changed":false},"especialidades":[99],"modalidade":[48],"class_list":["post-5266","curso","type-curso","status-publish","has-post-thumbnail","hentry","especialidades-medicina-fetal","modalidade-rio-de-janeiro"],"acf":[],"yoast_head":"<!-- This site is optimized with the Yoast SEO plugin v27.3 - https:\/\/yoast.com\/product\/yoast-seo-wordpress\/ -->\n<title>Resid\u00eancia M\u00e9dica em Medicina Fetal (RJ) - IDOR - Instituto D&#039;Or de Pesquisa e Ensino<\/title>\n<link rel=\"canonical\" href=\"https:\/\/www.rededorsaoluiz.com.br\/instituto\/idor\/cursos\/residencia-medica-em-medicina-fetal-rj\/\" \/>\n<meta property=\"og:locale\" content=\"pt_BR\" \/>\n<meta property=\"og:type\" content=\"article\" \/>\n<meta property=\"og:title\" content=\"Resid\u00eancia M\u00e9dica em Medicina Fetal (RJ) - IDOR - Instituto D&#039;Or de Pesquisa e Ensino\" \/>\n<meta property=\"og:description\" content=\"Quero ser informado sobre novas turmas\" \/>\n<meta property=\"og:url\" content=\"https:\/\/www.rededorsaoluiz.com.br\/instituto\/idor\/cursos\/residencia-medica-em-medicina-fetal-rj\/\" \/>\n<meta property=\"og:site_name\" content=\"IDOR - Instituto D&#039;Or de Pesquisa e Ensino\" \/>\n<meta property=\"article:modified_time\" content=\"2026-03-02T14:15:21+00:00\" \/>\n<meta property=\"og:image\" content=\"https:\/\/www.rededorsaoluiz.com.br\/instituto\/idor\/wp-content\/uploads\/2025\/12\/shutterstock_1962861325-scaled.jpg\" \/>\n\t<meta property=\"og:image:width\" content=\"2560\" \/>\n\t<meta property=\"og:image:height\" content=\"1708\" \/>\n\t<meta property=\"og:image:type\" content=\"image\/jpeg\" \/>\n<meta name=\"twitter:card\" content=\"summary_large_image\" \/>\n<meta name=\"twitter:label1\" content=\"Est. tempo de leitura\" \/>\n\t<meta name=\"twitter:data1\" content=\"4 minutos\" \/>\n<script type=\"application\/ld+json\" class=\"yoast-schema-graph\">{\"@context\":\"https:\\\/\\\/schema.org\",\"@graph\":[{\"@type\":\"WebPage\",\"@id\":\"https:\\\/\\\/www.rededorsaoluiz.com.br\\\/instituto\\\/idor\\\/cursos\\\/residencia-medica-em-medicina-fetal-rj\\\/\",\"url\":\"https:\\\/\\\/www.rededorsaoluiz.com.br\\\/instituto\\\/idor\\\/cursos\\\/residencia-medica-em-medicina-fetal-rj\\\/\",\"name\":\"Resid\u00eancia M\u00e9dica em Medicina Fetal (RJ) - IDOR - Instituto D&#039;Or de Pesquisa e Ensino\",\"isPartOf\":{\"@id\":\"https:\\\/\\\/www.rededorsaoluiz.com.br\\\/instituto\\\/idor\\\/#website\"},\"primaryImageOfPage\":{\"@id\":\"https:\\\/\\\/www.rededorsaoluiz.com.br\\\/instituto\\\/idor\\\/cursos\\\/residencia-medica-em-medicina-fetal-rj\\\/#primaryimage\"},\"image\":{\"@id\":\"https:\\\/\\\/www.rededorsaoluiz.com.br\\\/instituto\\\/idor\\\/cursos\\\/residencia-medica-em-medicina-fetal-rj\\\/#primaryimage\"},\"thumbnailUrl\":\"https:\\\/\\\/www.rededorsaoluiz.com.br\\\/instituto\\\/idor\\\/wp-content\\\/uploads\\\/2025\\\/12\\\/shutterstock_1962861325-scaled.jpg\",\"datePublished\":\"2023-10-05T12:29:17+00:00\",\"dateModified\":\"2026-03-02T14:15:21+00:00\",\"breadcrumb\":{\"@id\":\"https:\\\/\\\/www.rededorsaoluiz.com.br\\\/instituto\\\/idor\\\/cursos\\\/residencia-medica-em-medicina-fetal-rj\\\/#breadcrumb\"},\"inLanguage\":\"pt-BR\",\"potentialAction\":[{\"@type\":\"ReadAction\",\"target\":[\"https:\\\/\\\/www.rededorsaoluiz.com.br\\\/instituto\\\/idor\\\/cursos\\\/residencia-medica-em-medicina-fetal-rj\\\/\"]}]},{\"@type\":\"ImageObject\",\"inLanguage\":\"pt-BR\",\"@id\":\"https:\\\/\\\/www.rededorsaoluiz.com.br\\\/instituto\\\/idor\\\/cursos\\\/residencia-medica-em-medicina-fetal-rj\\\/#primaryimage\",\"url\":\"https:\\\/\\\/www.rededorsaoluiz.com.br\\\/instituto\\\/idor\\\/wp-content\\\/uploads\\\/2025\\\/12\\\/shutterstock_1962861325-scaled.jpg\",\"contentUrl\":\"https:\\\/\\\/www.rededorsaoluiz.com.br\\\/instituto\\\/idor\\\/wp-content\\\/uploads\\\/2025\\\/12\\\/shutterstock_1962861325-scaled.jpg\",\"width\":2560,\"height\":1708},{\"@type\":\"BreadcrumbList\",\"@id\":\"https:\\\/\\\/www.rededorsaoluiz.com.br\\\/instituto\\\/idor\\\/cursos\\\/residencia-medica-em-medicina-fetal-rj\\\/#breadcrumb\",\"itemListElement\":[{\"@type\":\"ListItem\",\"position\":1,\"name\":\"In\u00edcio\",\"item\":\"https:\\\/\\\/www.rededorsaoluiz.com.br\\\/instituto\\\/idor\\\/\"},{\"@type\":\"ListItem\",\"position\":2,\"name\":\"Resid\u00eancia M\u00e9dica em Medicina Fetal (RJ)\"}]},{\"@type\":\"WebSite\",\"@id\":\"https:\\\/\\\/www.rededorsaoluiz.com.br\\\/instituto\\\/idor\\\/#website\",\"url\":\"https:\\\/\\\/www.rededorsaoluiz.com.br\\\/instituto\\\/idor\\\/\",\"name\":\"IDOR - Instituto D&#039;Or de Pesquisa e Ensino\",\"description\":\"\",\"potentialAction\":[{\"@type\":\"SearchAction\",\"target\":{\"@type\":\"EntryPoint\",\"urlTemplate\":\"https:\\\/\\\/www.rededorsaoluiz.com.br\\\/instituto\\\/idor\\\/?s={search_term_string}\"},\"query-input\":{\"@type\":\"PropertyValueSpecification\",\"valueRequired\":true,\"valueName\":\"search_term_string\"}}],\"inLanguage\":\"pt-BR\"}]}<\/script>\n<!-- \/ Yoast SEO plugin. -->","yoast_head_json":{"title":"Resid\u00eancia M\u00e9dica em Medicina Fetal (RJ) - IDOR - Instituto D&#039;Or de Pesquisa e Ensino","canonical":"https:\/\/www.rededorsaoluiz.com.br\/instituto\/idor\/cursos\/residencia-medica-em-medicina-fetal-rj\/","og_locale":"pt_BR","og_type":"article","og_title":"Resid\u00eancia M\u00e9dica em Medicina Fetal (RJ) - IDOR - Instituto D&#039;Or de Pesquisa e Ensino","og_description":"Quero ser informado sobre novas turmas","og_url":"https:\/\/www.rededorsaoluiz.com.br\/instituto\/idor\/cursos\/residencia-medica-em-medicina-fetal-rj\/","og_site_name":"IDOR - Instituto D&#039;Or de Pesquisa e Ensino","article_modified_time":"2026-03-02T14:15:21+00:00","og_image":[{"width":2560,"height":1708,"url":"https:\/\/www.rededorsaoluiz.com.br\/instituto\/idor\/wp-content\/uploads\/2025\/12\/shutterstock_1962861325-scaled.jpg","type":"image\/jpeg"}],"twitter_card":"summary_large_image","twitter_misc":{"Est. tempo de leitura":"4 minutos"},"schema":{"@context":"https:\/\/schema.org","@graph":[{"@type":"WebPage","@id":"https:\/\/www.rededorsaoluiz.com.br\/instituto\/idor\/cursos\/residencia-medica-em-medicina-fetal-rj\/","url":"https:\/\/www.rededorsaoluiz.com.br\/instituto\/idor\/cursos\/residencia-medica-em-medicina-fetal-rj\/","name":"Resid\u00eancia M\u00e9dica em Medicina Fetal (RJ) - IDOR - Instituto D&#039;Or de Pesquisa e Ensino","isPartOf":{"@id":"https:\/\/www.rededorsaoluiz.com.br\/instituto\/idor\/#website"},"primaryImageOfPage":{"@id":"https:\/\/www.rededorsaoluiz.com.br\/instituto\/idor\/cursos\/residencia-medica-em-medicina-fetal-rj\/#primaryimage"},"image":{"@id":"https:\/\/www.rededorsaoluiz.com.br\/instituto\/idor\/cursos\/residencia-medica-em-medicina-fetal-rj\/#primaryimage"},"thumbnailUrl":"https:\/\/www.rededorsaoluiz.com.br\/instituto\/idor\/wp-content\/uploads\/2025\/12\/shutterstock_1962861325-scaled.jpg","datePublished":"2023-10-05T12:29:17+00:00","dateModified":"2026-03-02T14:15:21+00:00","breadcrumb":{"@id":"https:\/\/www.rededorsaoluiz.com.br\/instituto\/idor\/cursos\/residencia-medica-em-medicina-fetal-rj\/#breadcrumb"},"inLanguage":"pt-BR","potentialAction":[{"@type":"ReadAction","target":["https:\/\/www.rededorsaoluiz.com.br\/instituto\/idor\/cursos\/residencia-medica-em-medicina-fetal-rj\/"]}]},{"@type":"ImageObject","inLanguage":"pt-BR","@id":"https:\/\/www.rededorsaoluiz.com.br\/instituto\/idor\/cursos\/residencia-medica-em-medicina-fetal-rj\/#primaryimage","url":"https:\/\/www.rededorsaoluiz.com.br\/instituto\/idor\/wp-content\/uploads\/2025\/12\/shutterstock_1962861325-scaled.jpg","contentUrl":"https:\/\/www.rededorsaoluiz.com.br\/instituto\/idor\/wp-content\/uploads\/2025\/12\/shutterstock_1962861325-scaled.jpg","width":2560,"height":1708},{"@type":"BreadcrumbList","@id":"https:\/\/www.rededorsaoluiz.com.br\/instituto\/idor\/cursos\/residencia-medica-em-medicina-fetal-rj\/#breadcrumb","itemListElement":[{"@type":"ListItem","position":1,"name":"In\u00edcio","item":"https:\/\/www.rededorsaoluiz.com.br\/instituto\/idor\/"},{"@type":"ListItem","position":2,"name":"Resid\u00eancia M\u00e9dica em Medicina Fetal (RJ)"}]},{"@type":"WebSite","@id":"https:\/\/www.rededorsaoluiz.com.br\/instituto\/idor\/#website","url":"https:\/\/www.rededorsaoluiz.com.br\/instituto\/idor\/","name":"IDOR - Instituto D&#039;Or de Pesquisa e Ensino","description":"","potentialAction":[{"@type":"SearchAction","target":{"@type":"EntryPoint","urlTemplate":"https:\/\/www.rededorsaoluiz.com.br\/instituto\/idor\/?s={search_term_string}"},"query-input":{"@type":"PropertyValueSpecification","valueRequired":true,"valueName":"search_term_string"}}],"inLanguage":"pt-BR"}]}},"_links":{"self":[{"href":"https:\/\/www.rededorsaoluiz.com.br\/instituto\/idor\/wp-json\/wp\/v2\/curso\/5266","targetHints":{"allow":["GET"]}}],"collection":[{"href":"https:\/\/www.rededorsaoluiz.com.br\/instituto\/idor\/wp-json\/wp\/v2\/curso"}],"about":[{"href":"https:\/\/www.rededorsaoluiz.com.br\/instituto\/idor\/wp-json\/wp\/v2\/types\/curso"}],"version-history":[{"count":5,"href":"https:\/\/www.rededorsaoluiz.com.br\/instituto\/idor\/wp-json\/wp\/v2\/curso\/5266\/revisions"}],"predecessor-version":[{"id":17503,"href":"https:\/\/www.rededorsaoluiz.com.br\/instituto\/idor\/wp-json\/wp\/v2\/curso\/5266\/revisions\/17503"}],"wp:featuredmedia":[{"embeddable":true,"href":"https:\/\/www.rededorsaoluiz.com.br\/instituto\/idor\/wp-json\/wp\/v2\/media\/5267"}],"wp:attachment":[{"href":"https:\/\/www.rededorsaoluiz.com.br\/instituto\/idor\/wp-json\/wp\/v2\/media?parent=5266"}],"wp:term":[{"taxonomy":"especialidades","embeddable":true,"href":"https:\/\/www.rededorsaoluiz.com.br\/instituto\/idor\/wp-json\/wp\/v2\/especialidades?post=5266"},{"taxonomy":"modalidade","embeddable":true,"href":"https:\/\/www.rededorsaoluiz.com.br\/instituto\/idor\/wp-json\/wp\/v2\/modalidade?post=5266"}],"curies":[{"name":"wp","href":"https:\/\/api.w.org\/{rel}","templated":true}]}}