{"id":6001,"date":"2025-11-05T10:04:23","date_gmt":"2025-11-05T13:04:23","guid":{"rendered":"https:\/\/ptbr.idor.org\/curso\/residencia-medica-em-medicina-intensiva-mg\/"},"modified":"2026-03-02T11:49:50","modified_gmt":"2026-03-02T14:49:50","slug":"residencia-medica-em-medicina-intensiva-mg","status":"publish","type":"curso","link":"https:\/\/www.rededorsaoluiz.com.br\/instituto\/idor\/cursos\/residencia-medica-em-medicina-intensiva-mg\/","title":{"rendered":"Resid\u00eancia M\u00e9dica em Medicina Intensiva (MG)"},"content":{"rendered":"\t\t<div data-elementor-type=\"wp-post\" data-elementor-id=\"6001\" class=\"elementor elementor-6001\" data-elementor-post-type=\"curso\">\n\t\t\t\t<div class=\"elementor-element elementor-element-3cf6fc0c e-flex e-con-boxed e-con e-parent\" data-id=\"3cf6fc0c\" data-element_type=\"container\">\n\t\t\t\t\t<div class=\"e-con-inner\">\n\t\t\t\t<div class=\"elementor-element elementor-element-3073dd4 elementor-absolute elementor-widget elementor-widget-image\" data-id=\"3073dd4\" data-element_type=\"widget\" data-settings=\"{&quot;_position&quot;:&quot;absolute&quot;}\" data-widget_type=\"image.default\">\n\t\t\t\t\t\t\t\t\t\t\t\t\t\t\t<img decoding=\"async\" width=\"277\" height=\"117\" src=\"https:\/\/www.rededorsaoluiz.com.br\/instituto\/idor\/wp-content\/uploads\/2025\/10\/Frame-74.svg\" class=\"attachment-large size-large wp-image-642\" alt=\"\" \/>\t\t\t\t\t\t\t\t\t\t\t\t\t\t\t<\/div>\n\t\t<div class=\"elementor-element elementor-element-2d53e761 e-con-full e-flex e-con e-child\" data-id=\"2d53e761\" data-element_type=\"container\">\n\t\t\t\t<div class=\"elementor-element elementor-element-6b008bf0 elementor-widget elementor-widget-spacer\" data-id=\"6b008bf0\" data-element_type=\"widget\" data-widget_type=\"spacer.default\">\n\t\t\t\t\t\t\t<div class=\"elementor-spacer\">\n\t\t\t<div class=\"elementor-spacer-inner\"><\/div>\n\t\t<\/div>\n\t\t\t\t\t\t<\/div>\n\t\t<div class=\"elementor-element elementor-element-35af1fd0 e-grid e-con-full e-con e-child\" data-id=\"35af1fd0\" data-element_type=\"container\">\n\t\t<div class=\"elementor-element elementor-element-88d4e00 e-con-full e-flex e-con e-child\" data-id=\"88d4e00\" data-element_type=\"container\">\n\t\t\t\t<div class=\"elementor-element elementor-element-7649a5dd elementor-view-default elementor-widget elementor-widget-icon\" data-id=\"7649a5dd\" data-element_type=\"widget\" data-widget_type=\"icon.default\">\n\t\t\t\t\t\t\t<div class=\"elementor-icon-wrapper\">\n\t\t\t<div class=\"elementor-icon\">\n\t\t\t<svg aria-hidden=\"true\" class=\"e-font-icon-svg e-fas-graduation-cap\" viewBox=\"0 0 640 512\" xmlns=\"http:\/\/www.w3.org\/2000\/svg\"><path d=\"M622.34 153.2L343.4 67.5c-15.2-4.67-31.6-4.67-46.79 0L17.66 153.2c-23.54 7.23-23.54 38.36 0 45.59l48.63 14.94c-10.67 13.19-17.23 29.28-17.88 46.9C38.78 266.15 32 276.11 32 288c0 10.78 5.68 19.85 13.86 25.65L20.33 428.53C18.11 438.52 25.71 448 35.94 448h56.11c10.24 0 17.84-9.48 15.62-19.47L82.14 313.65C90.32 307.85 96 298.78 96 288c0-11.57-6.47-21.25-15.66-26.87.76-15.02 8.44-28.3 20.69-36.72L296.6 284.5c9.06 2.78 26.44 6.25 46.79 0l278.95-85.7c23.55-7.24 23.55-38.36 0-45.6zM352.79 315.09c-28.53 8.76-52.84 3.92-65.59 0l-145.02-44.55L128 384c0 35.35 85.96 64 192 64s192-28.65 192-64l-14.18-113.47-145.03 44.56z\"><\/path><\/svg>\t\t\t<\/div>\n\t\t<\/div>\n\t\t\t\t\t\t<\/div>\n\t\t\t\t<div class=\"elementor-element elementor-element-2e18a81a elementor-widget elementor-widget-title-idor\" data-id=\"2e18a81a\" data-element_type=\"widget\" data-widget_type=\"title-idor.default\">\n\t\t\t\t<div class=\"elementor-widget-container\">\n\t\t\t\t\t        <div class=\"title-idor-widget\">\n            <h2 class=\"title\">Forma\u00e7\u00e3o te\u00f3rica e pr\u00e1tica supervisionada<\/h2>\n        <\/div>\n        \t\t\t\t<\/div>\n\t\t\t\t<\/div>\n\t\t\t\t<div class=\"elementor-element elementor-element-f6d4c54 elementor-widget elementor-widget-texto\" data-id=\"f6d4c54\" data-element_type=\"widget\" data-widget_type=\"texto.default\">\n\t\t\t\t<div class=\"elementor-widget-container\">\n\t\t\t\t\t        <div class=\"texto-widget\">\n            <p>Capacita\u00e7\u00e3o completa de m\u00e9dicos intensivistas com supervis\u00e3o em ambientes reais<\/p>        <\/div>\n        \t\t\t\t<\/div>\n\t\t\t\t<\/div>\n\t\t\t\t<\/div>\n\t\t<div class=\"elementor-element elementor-element-403f8ac6 e-con-full e-flex e-con e-child\" data-id=\"403f8ac6\" data-element_type=\"container\">\n\t\t\t\t<div class=\"elementor-element elementor-element-62ac059d elementor-view-default elementor-widget elementor-widget-icon\" data-id=\"62ac059d\" data-element_type=\"widget\" data-widget_type=\"icon.default\">\n\t\t\t\t\t\t\t<div class=\"elementor-icon-wrapper\">\n\t\t\t<div class=\"elementor-icon\">\n\t\t\t<svg aria-hidden=\"true\" class=\"e-font-icon-svg e-fas-microscope\" viewBox=\"0 0 512 512\" xmlns=\"http:\/\/www.w3.org\/2000\/svg\"><path d=\"M160 320h12v16c0 8.84 7.16 16 16 16h40c8.84 0 16-7.16 16-16v-16h12c17.67 0 32-14.33 32-32V64c0-17.67-14.33-32-32-32V16c0-8.84-7.16-16-16-16h-64c-8.84 0-16 7.16-16 16v16c-17.67 0-32 14.33-32 32v224c0 17.67 14.33 32 32 32zm304 128h-1.29C493.24 413.99 512 369.2 512 320c0-105.88-86.12-192-192-192v64c70.58 0 128 57.42 128 128s-57.42 128-128 128H48c-26.51 0-48 21.49-48 48 0 8.84 7.16 16 16 16h480c8.84 0 16-7.16 16-16 0-26.51-21.49-48-48-48zm-360-32h208c4.42 0 8-3.58 8-8v-16c0-4.42-3.58-8-8-8H104c-4.42 0-8 3.58-8 8v16c0 4.42 3.58 8 8 8z\"><\/path><\/svg>\t\t\t<\/div>\n\t\t<\/div>\n\t\t\t\t\t\t<\/div>\n\t\t\t\t<div class=\"elementor-element elementor-element-59b0c2e7 elementor-widget elementor-widget-title-idor\" data-id=\"59b0c2e7\" data-element_type=\"widget\" data-widget_type=\"title-idor.default\">\n\t\t\t\t<div class=\"elementor-widget-container\">\n\t\t\t\t\t        <div class=\"title-idor-widget\">\n            <h2 class=\"title\">Desenvolvimento em ensino e pesquisa cl\u00ednica<\/h2>\n        <\/div>\n        \t\t\t\t<\/div>\n\t\t\t\t<\/div>\n\t\t\t\t<div class=\"elementor-element elementor-element-861e685 elementor-widget elementor-widget-texto\" data-id=\"861e685\" data-element_type=\"widget\" data-widget_type=\"texto.default\">\n\t\t\t\t<div class=\"elementor-widget-container\">\n\t\t\t\t\t        <div class=\"texto-widget\">\n            <p>Foco no aprimoramento de habilidades para atuar em pesquisa e metodologia cient\u00edfica<\/p>        <\/div>\n        \t\t\t\t<\/div>\n\t\t\t\t<\/div>\n\t\t\t\t<\/div>\n\t\t<div class=\"elementor-element elementor-element-6c032890 e-con-full e-flex e-con e-child\" data-id=\"6c032890\" data-element_type=\"container\">\n\t\t\t\t<div class=\"elementor-element elementor-element-63f3b204 elementor-view-default elementor-widget elementor-widget-icon\" data-id=\"63f3b204\" data-element_type=\"widget\" data-widget_type=\"icon.default\">\n\t\t\t\t\t\t\t<div class=\"elementor-icon-wrapper\">\n\t\t\t<div class=\"elementor-icon\">\n\t\t\t<svg aria-hidden=\"true\" class=\"e-font-icon-svg e-fas-book\" viewBox=\"0 0 448 512\" xmlns=\"http:\/\/www.w3.org\/2000\/svg\"><path d=\"M448 360V24c0-13.3-10.7-24-24-24H96C43 0 0 43 0 96v320c0 53 43 96 96 96h328c13.3 0 24-10.7 24-24v-16c0-7.5-3.5-14.3-8.9-18.7-4.2-15.4-4.2-59.3 0-74.7 5.4-4.3 8.9-11.1 8.9-18.6zM128 134c0-3.3 2.7-6 6-6h212c3.3 0 6 2.7 6 6v20c0 3.3-2.7 6-6 6H134c-3.3 0-6-2.7-6-6v-20zm0 64c0-3.3 2.7-6 6-6h212c3.3 0 6 2.7 6 6v20c0 3.3-2.7 6-6 6H134c-3.3 0-6-2.7-6-6v-20zm253.4 250H96c-17.7 0-32-14.3-32-32 0-17.6 14.4-32 32-32h285.4c-1.9 17.1-1.9 46.9 0 64z\"><\/path><\/svg>\t\t\t<\/div>\n\t\t<\/div>\n\t\t\t\t\t\t<\/div>\n\t\t\t\t<div class=\"elementor-element elementor-element-8a77f3a elementor-widget elementor-widget-title-idor\" data-id=\"8a77f3a\" data-element_type=\"widget\" data-widget_type=\"title-idor.default\">\n\t\t\t\t<div class=\"elementor-widget-container\">\n\t\t\t\t\t        <div class=\"title-idor-widget\">\n            <h2 class=\"title\">Atividades acad\u00eamicas e cursos de imers\u00e3o<\/h2>\n        <\/div>\n        \t\t\t\t<\/div>\n\t\t\t\t<\/div>\n\t\t\t\t<div class=\"elementor-element elementor-element-12032c2a elementor-widget elementor-widget-texto\" data-id=\"12032c2a\" data-element_type=\"widget\" data-widget_type=\"texto.default\">\n\t\t\t\t<div class=\"elementor-widget-container\">\n\t\t\t\t\t        <div class=\"texto-widget\">\n            <p>Complementa\u00e7\u00e3o da forma\u00e7\u00e3o por atividades acad\u00eamicas planejadas anualmente<\/p>        <\/div>\n        \t\t\t\t<\/div>\n\t\t\t\t<\/div>\n\t\t\t\t<\/div>\n\t\t<div class=\"elementor-element elementor-element-63629b47 e-con-full e-flex e-con e-child\" data-id=\"63629b47\" data-element_type=\"container\">\n\t\t\t\t<div class=\"elementor-element elementor-element-429be504 elementor-view-default elementor-widget elementor-widget-icon\" data-id=\"429be504\" data-element_type=\"widget\" data-widget_type=\"icon.default\">\n\t\t\t\t\t\t\t<div class=\"elementor-icon-wrapper\">\n\t\t\t<div class=\"elementor-icon\">\n\t\t\t<svg aria-hidden=\"true\" class=\"e-font-icon-svg e-fas-chalkboard-teacher\" viewBox=\"0 0 640 512\" xmlns=\"http:\/\/www.w3.org\/2000\/svg\"><path d=\"M208 352c-2.39 0-4.78.35-7.06 1.09C187.98 357.3 174.35 360 160 360c-14.35 0-27.98-2.7-40.95-6.91-2.28-.74-4.66-1.09-7.05-1.09C49.94 352-.33 402.48 0 464.62.14 490.88 21.73 512 48 512h224c26.27 0 47.86-21.12 48-47.38.33-62.14-49.94-112.62-112-112.62zm-48-32c53.02 0 96-42.98 96-96s-42.98-96-96-96-96 42.98-96 96 42.98 96 96 96zM592 0H208c-26.47 0-48 22.25-48 49.59V96c23.42 0 45.1 6.78 64 17.8V64h352v288h-64v-64H384v64h-76.24c19.1 16.69 33.12 38.73 39.69 64H592c26.47 0 48-22.25 48-49.59V49.59C640 22.25 618.47 0 592 0z\"><\/path><\/svg>\t\t\t<\/div>\n\t\t<\/div>\n\t\t\t\t\t\t<\/div>\n\t\t\t\t<div class=\"elementor-element elementor-element-6f5e3bb7 elementor-widget elementor-widget-title-idor\" data-id=\"6f5e3bb7\" data-element_type=\"widget\" data-widget_type=\"title-idor.default\">\n\t\t\t\t<div class=\"elementor-widget-container\">\n\t\t\t\t\t        <div class=\"title-idor-widget\">\n            <h2 class=\"title\">Supervis\u00e3o por equipe m\u00e9dica especializada<\/h2>\n        <\/div>\n        \t\t\t\t<\/div>\n\t\t\t\t<\/div>\n\t\t\t\t<div class=\"elementor-element elementor-element-1641e330 elementor-widget elementor-widget-texto\" data-id=\"1641e330\" data-element_type=\"widget\" data-widget_type=\"texto.default\">\n\t\t\t\t<div class=\"elementor-widget-container\">\n\t\t\t\t\t        <div class=\"texto-widget\">\n            <p>Acompanhamento por preceptores, m\u00e9dicos rotinas e plantonistas do CTI<\/p>        <\/div>\n        \t\t\t\t<\/div>\n\t\t\t\t<\/div>\n\t\t\t\t<\/div>\n\t\t\t\t<\/div>\n\t\t\t\t<\/div>\n\t\t\t\t\t<\/div>\n\t\t\t\t<\/div>\n\t\t<div class=\"elementor-element elementor-element-4ab3092e e-flex e-con-boxed e-con e-parent\" data-id=\"4ab3092e\" data-element_type=\"container\">\n\t\t\t\t\t<div class=\"e-con-inner\">\n\t\t<div class=\"elementor-element elementor-element-46b858e2 e-con-full e-flex e-con e-child\" data-id=\"46b858e2\" data-element_type=\"container\">\n\t\t\t\t<div class=\"elementor-element elementor-element-659f1cb3 elementor-widget elementor-widget-spacer\" data-id=\"659f1cb3\" data-element_type=\"widget\" data-widget_type=\"spacer.default\">\n\t\t\t\t\t\t\t<div class=\"elementor-spacer\">\n\t\t\t<div class=\"elementor-spacer-inner\"><\/div>\n\t\t<\/div>\n\t\t\t\t\t\t<\/div>\n\t\t<div class=\"elementor-element elementor-element-327d84dd e-con-full e-flex e-con e-child\" data-id=\"327d84dd\" data-element_type=\"container\">\n\t\t\t\t<div class=\"elementor-element elementor-element-5b81f45e elementor-widget elementor-widget-tagline\" data-id=\"5b81f45e\" data-element_type=\"widget\" data-widget_type=\"tagline.default\">\n\t\t\t\t<div class=\"elementor-widget-container\">\n\t\t\t\t\t        <div class=\"tagline-widget\">\n            Ensino        <\/div>\n        \t\t\t\t<\/div>\n\t\t\t\t<\/div>\n\t\t\t\t<div class=\"elementor-element elementor-element-950ec8e elementor-widget elementor-widget-title-idor\" data-id=\"950ec8e\" data-element_type=\"widget\" data-widget_type=\"title-idor.default\">\n\t\t\t\t<div class=\"elementor-widget-container\">\n\t\t\t\t\t        <div class=\"title-idor-widget\">\n            <h2 class=\"title\">Objetivos e diferenciais do curso na Faculdade IDOR<\/h2>\n        <\/div>\n        \t\t\t\t<\/div>\n\t\t\t\t<\/div>\n\t\t\t\t<div class=\"elementor-element elementor-element-5c2c5062 elementor-widget elementor-widget-texto\" data-id=\"5c2c5062\" data-element_type=\"widget\" data-widget_type=\"texto.default\">\n\t\t\t\t<div class=\"elementor-widget-container\">\n\t\t\t\t\t        <div class=\"texto-widget\">\n            <p>O programa tem como objetivo o treinamento te\u00f3rico e pr\u00e1tico, sob supervis\u00e3o do residente, para a forma\u00e7\u00e3o de m\u00e9dicos intensivistas aptos a ocuparem cargos de rotina, supervisores ou coordenadores de unidades de terapia intensiva. Tamb\u00e9m visa o desenvolvimento de habilidades para ensino e pesquisa cl\u00ednica, com vis\u00e3o cr\u00edtica para interpreta\u00e7\u00e3o de artigos cient\u00edficos e processos de metodologia cient\u00edfica. As atividades dos residentes s\u00e3o supervisionadas pela preceptoria da resid\u00eancia m\u00e9dica, pelos m\u00e9dicos das unidades e pelos plantonistas do CTI, complementadas por atividades acad\u00eamicas e cursos de imers\u00e3o conforme o planejamento anual.<\/p>        <\/div>\n        \t\t\t\t<\/div>\n\t\t\t\t<\/div>\n\t\t\t\t<div class=\"elementor-element elementor-element-71950c0f e-n-tabs-mobile elementor-widget elementor-widget-n-tabs\" data-id=\"71950c0f\" data-element_type=\"widget\" data-settings=\"{&quot;tabs_justify_horizontal&quot;:&quot;stretch&quot;,&quot;horizontal_scroll&quot;:&quot;disable&quot;}\" data-widget_type=\"nested-tabs.default\">\n\t\t\t\t\t\t\t<div class=\"e-n-tabs\" data-widget-number=\"1905593359\" aria-label=\"Abas. Abra itens com &quot;Enter&quot; ou &quot;Espa\u00e7o&quot;, feche com &quot;Escape&quot; e navegue usando as teclas de &quot;Seta&quot;.\">\n\t\t\t<div class=\"e-n-tabs-heading\" role=\"tablist\">\n\t\t\t\t\t<button id=\"e-n-tab-title-19055933591\" data-tab-title-id=\"e-n-tab-title-19055933591\" class=\"e-n-tab-title\" aria-selected=\"true\" data-tab-index=\"1\" role=\"tab\" tabindex=\"0\" aria-controls=\"e-n-tab-content-19055933591\" style=\"--n-tabs-title-order: 1;\">\n\t\t\t\t\t\t<span class=\"e-n-tab-title-text\">\n\t\t\t\tP\u00fablico-alvo\t\t\t<\/span>\n\t\t<\/button>\n\t\t\t\t<button id=\"e-n-tab-title-19055933592\" data-tab-title-id=\"e-n-tab-title-19055933592\" class=\"e-n-tab-title\" aria-selected=\"false\" data-tab-index=\"2\" role=\"tab\" tabindex=\"-1\" aria-controls=\"e-n-tab-content-19055933592\" style=\"--n-tabs-title-order: 2;\">\n\t\t\t\t\t\t<span class=\"e-n-tab-title-text\">\n\t\t\t\tDiferenciais\t\t\t<\/span>\n\t\t<\/button>\n\t\t\t\t\t<\/div>\n\t\t\t<div class=\"e-n-tabs-content\">\n\t\t\t\t<div id=\"e-n-tab-content-19055933591\" role=\"tabpanel\" aria-labelledby=\"e-n-tab-title-19055933591\" data-tab-index=\"1\" style=\"--n-tabs-title-order: 1;\" class=\"e-active elementor-element elementor-element-5346c34 e-con-full e-flex e-con e-child\" data-id=\"5346c34\" data-element_type=\"container\">\n\t\t\t\t<div class=\"elementor-element elementor-element-e371502 elementor-widget elementor-widget-title-idor\" data-id=\"e371502\" data-element_type=\"widget\" data-widget_type=\"title-idor.default\">\n\t\t\t\t<div class=\"elementor-widget-container\">\n\t\t\t\t\t        <div class=\"title-idor-widget\">\n            <h3 class=\"title\">P\u00fablico-alvo<\/h3>\n        <\/div>\n        \t\t\t\t<\/div>\n\t\t\t\t<\/div>\n\t\t\t\t<div class=\"elementor-element elementor-element-2b637dc elementor-icon-list--layout-traditional elementor-list-item-link-full_width elementor-widget elementor-widget-icon-list\" data-id=\"2b637dc\" data-element_type=\"widget\" data-widget_type=\"icon-list.default\">\n\t\t\t\t\t\t\t<ul class=\"elementor-icon-list-items\">\n\t\t\t\t\t\t\t<li class=\"elementor-icon-list-item\">\n\t\t\t\t\t\t\t\t\t\t\t<span class=\"elementor-icon-list-icon\">\n\t\t\t\t\t\t\t<svg aria-hidden=\"true\" class=\"e-font-icon-svg e-fas-chevron-right\" viewBox=\"0 0 320 512\" xmlns=\"http:\/\/www.w3.org\/2000\/svg\"><path d=\"M285.476 272.971L91.132 467.314c-9.373 9.373-24.569 9.373-33.941 0l-22.667-22.667c-9.357-9.357-9.375-24.522-.04-33.901L188.505 256 34.484 101.255c-9.335-9.379-9.317-24.544.04-33.901l22.667-22.667c9.373-9.373 24.569-9.373 33.941 0L285.475 239.03c9.373 9.372 9.373 24.568.001 33.941z\"><\/path><\/svg>\t\t\t\t\t\t<\/span>\n\t\t\t\t\t\t\t\t\t\t<span class=\"elementor-icon-list-text\">Graduados em Medicina em Institui\u00e7\u00f5es reconhecidas pelo MEC (sem pr\u00e9-requisito).<\/span>\n\t\t\t\t\t\t\t\t\t<\/li>\n\t\t\t\t\t\t<\/ul>\n\t\t\t\t\t\t<\/div>\n\t\t\t\t<\/div>\n\t\t<div id=\"e-n-tab-content-19055933592\" role=\"tabpanel\" aria-labelledby=\"e-n-tab-title-19055933592\" data-tab-index=\"2\" style=\"--n-tabs-title-order: 2;\" class=\" elementor-element elementor-element-1dce4b7 e-con-full e-flex e-con e-child\" data-id=\"1dce4b7\" data-element_type=\"container\">\n\t\t\t\t<div class=\"elementor-element elementor-element-30dd259 elementor-widget elementor-widget-title-idor\" data-id=\"30dd259\" data-element_type=\"widget\" data-widget_type=\"title-idor.default\">\n\t\t\t\t<div class=\"elementor-widget-container\">\n\t\t\t\t\t        <div class=\"title-idor-widget\">\n            <h3 class=\"title\">Diferenciais<\/h3>\n        <\/div>\n        \t\t\t\t<\/div>\n\t\t\t\t<\/div>\n\t\t\t\t<div class=\"elementor-element elementor-element-064c9bf elementor-icon-list--layout-traditional elementor-list-item-link-full_width elementor-widget elementor-widget-icon-list\" data-id=\"064c9bf\" data-element_type=\"widget\" data-widget_type=\"icon-list.default\">\n\t\t\t\t\t\t\t<ul class=\"elementor-icon-list-items\">\n\t\t\t\t\t\t\t<li class=\"elementor-icon-list-item\">\n\t\t\t\t\t\t\t\t\t\t\t<span class=\"elementor-icon-list-icon\">\n\t\t\t\t\t\t\t<svg aria-hidden=\"true\" class=\"e-font-icon-svg e-fas-chevron-right\" viewBox=\"0 0 320 512\" xmlns=\"http:\/\/www.w3.org\/2000\/svg\"><path d=\"M285.476 272.971L91.132 467.314c-9.373 9.373-24.569 9.373-33.941 0l-22.667-22.667c-9.357-9.357-9.375-24.522-.04-33.901L188.505 256 34.484 101.255c-9.335-9.379-9.317-24.544.04-33.901l22.667-22.667c9.373-9.373 24.569-9.373 33.941 0L285.475 239.03c9.373 9.372 9.373 24.568.001 33.941z\"><\/path><\/svg>\t\t\t\t\t\t<\/span>\n\t\t\t\t\t\t\t\t\t\t<span class=\"elementor-icon-list-text\">Coordena\u00e7\u00e3o e preceptoria composta por especialistas em medicina intensiva com experi\u00eancia em ensino.<\/span>\n\t\t\t\t\t\t\t\t\t<\/li>\n\t\t\t\t\t\t\t\t<li class=\"elementor-icon-list-item\">\n\t\t\t\t\t\t\t\t\t\t\t<span class=\"elementor-icon-list-icon\">\n\t\t\t\t\t\t\t<svg aria-hidden=\"true\" class=\"e-font-icon-svg e-fas-chevron-right\" viewBox=\"0 0 320 512\" xmlns=\"http:\/\/www.w3.org\/2000\/svg\"><path d=\"M285.476 272.971L91.132 467.314c-9.373 9.373-24.569 9.373-33.941 0l-22.667-22.667c-9.357-9.357-9.375-24.522-.04-33.901L188.505 256 34.484 101.255c-9.335-9.379-9.317-24.544.04-33.901l22.667-22.667c9.373-9.373 24.569-9.373 33.941 0L285.475 239.03c9.373 9.372 9.373 24.568.001 33.941z\"><\/path><\/svg>\t\t\t\t\t\t<\/span>\n\t\t\t\t\t\t\t\t\t\t<span class=\"elementor-icon-list-text\">Colabora\u00e7\u00e3o com hospitais universit\u00e1rios e grandes institutos.<\/span>\n\t\t\t\t\t\t\t\t\t<\/li>\n\t\t\t\t\t\t\t\t<li class=\"elementor-icon-list-item\">\n\t\t\t\t\t\t\t\t\t\t\t<span class=\"elementor-icon-list-icon\">\n\t\t\t\t\t\t\t<svg aria-hidden=\"true\" class=\"e-font-icon-svg e-fas-chevron-right\" viewBox=\"0 0 320 512\" xmlns=\"http:\/\/www.w3.org\/2000\/svg\"><path d=\"M285.476 272.971L91.132 467.314c-9.373 9.373-24.569 9.373-33.941 0l-22.667-22.667c-9.357-9.357-9.375-24.522-.04-33.901L188.505 256 34.484 101.255c-9.335-9.379-9.317-24.544.04-33.901l22.667-22.667c9.373-9.373 24.569-9.373 33.941 0L285.475 239.03c9.373 9.372 9.373 24.568.001 33.941z\"><\/path><\/svg>\t\t\t\t\t\t<\/span>\n\t\t\t\t\t\t\t\t\t\t<span class=\"elementor-icon-list-text\">Atividades pr\u00e1ticas em hospitais terci\u00e1rios com tecnologia de alta complexidade para monitoriza\u00e7\u00e3o e tratamento de pacientes cr\u00edticos.<\/span>\n\t\t\t\t\t\t\t\t\t<\/li>\n\t\t\t\t\t\t\t\t<li class=\"elementor-icon-list-item\">\n\t\t\t\t\t\t\t\t\t\t\t<span class=\"elementor-icon-list-icon\">\n\t\t\t\t\t\t\t<svg aria-hidden=\"true\" class=\"e-font-icon-svg e-fas-chevron-right\" viewBox=\"0 0 320 512\" xmlns=\"http:\/\/www.w3.org\/2000\/svg\"><path d=\"M285.476 272.971L91.132 467.314c-9.373 9.373-24.569 9.373-33.941 0l-22.667-22.667c-9.357-9.357-9.375-24.522-.04-33.901L188.505 256 34.484 101.255c-9.335-9.379-9.317-24.544.04-33.901l22.667-22.667c9.373-9.373 24.569-9.373 33.941 0L285.475 239.03c9.373 9.372 9.373 24.568.001 33.941z\"><\/path><\/svg>\t\t\t\t\t\t<\/span>\n\t\t\t\t\t\t\t\t\t\t<span class=\"elementor-icon-list-text\">Inser\u00e7\u00e3o em hospital geral com atendimento a todas as urg\u00eancias cl\u00ednicas e cir\u00fargicas 24h por dia, 7 dias por semana.<\/span>\n\t\t\t\t\t\t\t\t\t<\/li>\n\t\t\t\t\t\t\t\t<li class=\"elementor-icon-list-item\">\n\t\t\t\t\t\t\t\t\t\t\t<span class=\"elementor-icon-list-icon\">\n\t\t\t\t\t\t\t<svg aria-hidden=\"true\" class=\"e-font-icon-svg e-fas-chevron-right\" viewBox=\"0 0 320 512\" xmlns=\"http:\/\/www.w3.org\/2000\/svg\"><path d=\"M285.476 272.971L91.132 467.314c-9.373 9.373-24.569 9.373-33.941 0l-22.667-22.667c-9.357-9.357-9.375-24.522-.04-33.901L188.505 256 34.484 101.255c-9.335-9.379-9.317-24.544.04-33.901l22.667-22.667c9.373-9.373 24.569-9.373 33.941 0L285.475 239.03c9.373 9.372 9.373 24.568.001 33.941z\"><\/path><\/svg>\t\t\t\t\t\t<\/span>\n\t\t\t\t\t\t\t\t\t\t<span class=\"elementor-icon-list-text\">Reconhecido pelo MEC e pela Associa\u00e7\u00e3o de Medicina Intensiva Brasileira (AMIB).<\/span>\n\t\t\t\t\t\t\t\t\t<\/li>\n\t\t\t\t\t\t<\/ul>\n\t\t\t\t\t\t<\/div>\n\t\t\t\t<\/div>\n\t\t\t\t\t<\/div>\n\t\t<\/div>\n\t\t\t\t\t\t<\/div>\n\t\t\t\t<\/div>\n\t\t\t\t<div class=\"elementor-element elementor-element-2158ca18 elementor-widget elementor-widget-spacer\" data-id=\"2158ca18\" data-element_type=\"widget\" data-widget_type=\"spacer.default\">\n\t\t\t\t\t\t\t<div class=\"elementor-spacer\">\n\t\t\t<div class=\"elementor-spacer-inner\"><\/div>\n\t\t<\/div>\n\t\t\t\t\t\t<\/div>\n\t\t\t\t<\/div>\n\t\t\t\t\t<\/div>\n\t\t\t\t<\/div>\n\t\t<div class=\"elementor-element elementor-element-fc2cf52 elementor-hidden-widescreen elementor-hidden-desktop elementor-hidden-laptop elementor-hidden-tablet elementor-hidden-mobile e-flex e-con-boxed e-con e-parent\" data-id=\"fc2cf52\" data-element_type=\"container\" data-settings=\"{&quot;background_background&quot;:&quot;classic&quot;}\">\n\t\t\t\t\t<div class=\"e-con-inner\">\n\t\t<div class=\"elementor-element elementor-element-3a766f42 e-con-full e-flex e-con e-child\" data-id=\"3a766f42\" data-element_type=\"container\">\n\t\t\t\t<div class=\"elementor-element elementor-element-29a46fc9 elementor-widget elementor-widget-slide-depoimentos\" data-id=\"29a46fc9\" data-element_type=\"widget\" data-widget_type=\"slide-depoimentos.default\">\n\t\t\t\t<div class=\"elementor-widget-container\">\n\t\t\t\t\t        <div id=\"slide-depoimentos-id\" class=\"slide-depoimentos-widget\">\n            <div class=\"splide splide-depoimentos\" aria-label=\"Depoimentos\">\n                <div class=\"splide__track\">\n                    <ul class=\"splide__list\">\n                                                <li class=\"splide__slide\">\n                            <div class=\"card-item depoimento-card\">\n                                <div class=\"card-content\">\n                                    <p class=\"depoimento-text\">Durante a gradua\u00e7\u00e3o em Enfermagem aprendi muito al\u00e9m da teoria. Tive apoio dos professores, experi\u00eancias pr\u00e1ticas valiosas e cresci tanto profissionalmente quanto pessoalmente. Hoje me sinto preparada e confiante para atuar na \u00e1 rssoas com responsabilidade e empatia<\/p>\n                                    <div class=\"depoimento-author d-flex align-items-center gap-3\">\n                                        <div class=\"thumb\">\n                                            <img decoding=\"async\" src=\"https:\/\/www.rededorsaoluiz.com.br\/instituto\/idor\/wp-content\/themes\/idor-novo-wp\/assets\/img\/noticia-placeholder.png\" alt=\"Paula Nascimento\">\n                                        <\/div>\n                                        <div class=\"author-info\">\n                                            <strong class=\"author-name\">Paula Nascimento<\/strong>\n                                                                                            <div class=\"author-detail\">Graduada em Enfermagem pelo IDOR<\/div>\n                                                                                    <\/div>\n                                    <\/div>\n                                <\/div>\n                            <\/div>\n                        <\/li>\n                                                <li class=\"splide__slide\">\n                            <div class=\"card-item depoimento-card\">\n                                <div class=\"card-content\">\n                                    <p class=\"depoimento-text\">&quot;Durante a gradua\u00e7\u00e3o em Enfermagem aprendi muito al\u00e9m da teoria.<\/p>\n                                    <div class=\"depoimento-author d-flex align-items-center gap-3\">\n                                        <div class=\"thumb\">\n                                            <img decoding=\"async\" src=\"https:\/\/www.rededorsaoluiz.com.br\/instituto\/idor\/wp-content\/themes\/idor-novo-wp\/assets\/img\/noticia-placeholder.png\" alt=\"Renato\">\n                                        <\/div>\n                                        <div class=\"author-info\">\n                                            <strong class=\"author-name\">Renato<\/strong>\n                                                                                            <div class=\"author-detail\">Graduado em Enfermagem pelo IDOR<\/div>\n                                                                                    <\/div>\n                                    <\/div>\n                                <\/div>\n                            <\/div>\n                        <\/li>\n                                                <li class=\"splide__slide\">\n                            <div class=\"card-item depoimento-card\">\n                                <div class=\"card-content\">\n                                    <p class=\"depoimento-text\">Oi 123<\/p>\n                                    <div class=\"depoimento-author d-flex align-items-center gap-3\">\n                                        <div class=\"thumb\">\n                                            <img decoding=\"async\" src=\"https:\/\/www.rededorsaoluiz.com.br\/instituto\/idor\/wp-content\/themes\/idor-novo-wp\/assets\/img\/noticia-placeholder.png\" alt=\"Kleber\">\n                                        <\/div>\n                                        <div class=\"author-info\">\n                                            <strong class=\"author-name\">Kleber<\/strong>\n                                                                                            <div class=\"author-detail\">Graduado em Enfermagem pelo IDOR<\/div>\n                                                                                    <\/div>\n                                    <\/div>\n                                <\/div>\n                            <\/div>\n                        <\/li>\n                                            <\/ul>\n                <\/div>\n\n                <div class=\"d-flex justify-content-between align-items-center mt-lg-5 mt-0\">\n                    <div class=\"splide__arrows d-flex gap-3\">\n                        <button class=\"splide__arrow splide__arrow--prev\"><i class=\"bi bi-chevron-left\"><\/i><\/button>\n\n                        <button class=\"splide__arrow splide__arrow--next\"><i class=\"bi bi-chevron-right\"><\/i><\/button>\n                    <\/div>\n                <\/div>\n            <\/div>\n        <\/div>\n        \t\t\t\t<\/div>\n\t\t\t\t<\/div>\n\t\t\t\t<\/div>\n\t\t\t\t\t<\/div>\n\t\t\t\t<\/div>\n\t\t<div class=\"elementor-element elementor-element-53bc0751 e-flex e-con-boxed e-con e-parent\" data-id=\"53bc0751\" data-element_type=\"container\" data-settings=\"{&quot;background_background&quot;:&quot;classic&quot;}\">\n\t\t\t\t\t<div class=\"e-con-inner\">\n\t\t\t\t<div class=\"elementor-element elementor-element-404de4b8 elementor-absolute elementor-widget elementor-widget-image\" data-id=\"404de4b8\" data-element_type=\"widget\" data-settings=\"{&quot;_position&quot;:&quot;absolute&quot;}\" data-widget_type=\"image.default\">\n\t\t\t\t\t\t\t\t\t\t\t\t\t\t\t<img decoding=\"async\" width=\"146\" height=\"124\" src=\"https:\/\/www.rededorsaoluiz.com.br\/instituto\/idor\/wp-content\/uploads\/2025\/10\/Frame-branco.svg\" class=\"attachment-large size-large wp-image-665\" alt=\"\" \/>\t\t\t\t\t\t\t\t\t\t\t\t\t\t\t<\/div>\n\t\t<div class=\"elementor-element elementor-element-7abe4c2d e-con-full e-flex e-con e-child\" data-id=\"7abe4c2d\" data-element_type=\"container\">\n\t\t\t\t<div class=\"elementor-element elementor-element-68b9f91c elementor-widget elementor-widget-image\" data-id=\"68b9f91c\" data-element_type=\"widget\" data-widget_type=\"image.default\">\n\t\t\t\t\t\t\t\t\t\t\t\t\t\t\t<img fetchpriority=\"high\" decoding=\"async\" width=\"1024\" height=\"725\" src=\"https:\/\/www.rededorsaoluiz.com.br\/instituto\/idor\/wp-content\/uploads\/2025\/11\/Frame-126-1-1024x725.jpg\" class=\"attachment-large size-large wp-image-3052\" alt=\"\" srcset=\"https:\/\/www.rededorsaoluiz.com.br\/instituto\/idor\/wp-content\/uploads\/2025\/11\/Frame-126-1-1024x725.jpg 1024w, https:\/\/www.rededorsaoluiz.com.br\/instituto\/idor\/wp-content\/uploads\/2025\/11\/Frame-126-1-300x212.jpg 300w, https:\/\/www.rededorsaoluiz.com.br\/instituto\/idor\/wp-content\/uploads\/2025\/11\/Frame-126-1-768x544.jpg 768w, https:\/\/www.rededorsaoluiz.com.br\/instituto\/idor\/wp-content\/uploads\/2025\/11\/Frame-126-1.jpg 1066w\" sizes=\"(max-width: 1024px) 100vw, 1024px\" \/>\t\t\t\t\t\t\t\t\t\t\t\t\t\t\t<\/div>\n\t\t\t\t<div class=\"elementor-element elementor-element-7d37e2fb elementor-widget elementor-widget-texto\" data-id=\"7d37e2fb\" data-element_type=\"widget\" data-widget_type=\"texto.default\">\n\t\t\t\t<div class=\"elementor-widget-container\">\n\t\t\t\t\t        <div class=\"texto-widget\">\n            <p>A Resid\u00eancia em Medicina Intensiva (MG) garante certificado de conclus\u00e3o reconhecido pelo MEC, comprovando sua especializa\u00e7\u00e3o m\u00e9dica.<\/p>        <\/div>\n        \t\t\t\t<\/div>\n\t\t\t\t<\/div>\n\t\t\t\t<\/div>\n\t\t\t\t\t<\/div>\n\t\t\t\t<\/div>\n\t\t<div class=\"elementor-element elementor-element-81222f6 e-flex e-con-boxed e-con e-parent\" data-id=\"81222f6\" data-element_type=\"container\">\n\t\t\t\t\t<div class=\"e-con-inner\">\n\t\t\t\t<div class=\"elementor-element elementor-element-1e2b539 elementor-absolute elementor-widget elementor-widget-image\" data-id=\"1e2b539\" data-element_type=\"widget\" data-settings=\"{&quot;_position&quot;:&quot;absolute&quot;}\" data-widget_type=\"image.default\">\n\t\t\t\t\t\t\t\t\t\t\t\t\t\t\t<img decoding=\"async\" width=\"277\" height=\"117\" src=\"https:\/\/www.rededorsaoluiz.com.br\/instituto\/idor\/wp-content\/uploads\/2025\/10\/Frame-74.svg\" class=\"attachment-large size-large wp-image-642\" alt=\"\" \/>\t\t\t\t\t\t\t\t\t\t\t\t\t\t\t<\/div>\n\t\t<div class=\"elementor-element elementor-element-e03332f e-con-full e-flex e-con e-child\" data-id=\"e03332f\" data-element_type=\"container\">\n\t\t\t\t<div class=\"elementor-element elementor-element-2eb583a elementor-widget elementor-widget-spacer\" data-id=\"2eb583a\" data-element_type=\"widget\" data-widget_type=\"spacer.default\">\n\t\t\t\t\t\t\t<div class=\"elementor-spacer\">\n\t\t\t<div class=\"elementor-spacer-inner\"><\/div>\n\t\t<\/div>\n\t\t\t\t\t\t<\/div>\n\t\t\t\t<div class=\"elementor-element elementor-element-500b51a elementor-widget elementor-widget-title-idor\" data-id=\"500b51a\" data-element_type=\"widget\" data-widget_type=\"title-idor.default\">\n\t\t\t\t<div class=\"elementor-widget-container\">\n\t\t\t\t\t        <div class=\"title-idor-widget\">\n            <h2 class=\"title\">Entenda mais sobre o curso<\/h2>\n        <\/div>\n        \t\t\t\t<\/div>\n\t\t\t\t<\/div>\n\t\t\t\t<div class=\"elementor-element elementor-element-88f21d1 elementor-widget elementor-widget-shortcode\" data-id=\"88f21d1\" data-element_type=\"widget\" data-widget_type=\"shortcode.default\">\n\t\t\t\t\t\t\t<div class=\"elementor-shortcode\">[\/embedyt] https:\/\/www.youtube.com\/watch?v=iOqto8LhyXM&list=PL_UpmC5IlXFV3ZE3l0j179F8gthL97Lco&index=2 [\/embedyt]<\/div>\n\t\t\t\t\t\t<\/div>\n\t\t\t\t<\/div>\n\t\t\t\t\t<\/div>\n\t\t\t\t<\/div>\n\t\t<div class=\"elementor-element elementor-element-aeb23f4 e-flex e-con-boxed e-con e-parent\" data-id=\"aeb23f4\" data-element_type=\"container\">\n\t\t\t\t\t<div class=\"e-con-inner\">\n\t\t\t\t<div class=\"elementor-element elementor-element-f7bea5e elementor-absolute elementor-widget elementor-widget-image\" data-id=\"f7bea5e\" data-element_type=\"widget\" data-settings=\"{&quot;_position&quot;:&quot;absolute&quot;}\" data-widget_type=\"image.default\">\n\t\t\t\t\t\t\t\t\t\t\t\t\t\t\t<img decoding=\"async\" width=\"277\" height=\"117\" src=\"https:\/\/www.rededorsaoluiz.com.br\/instituto\/idor\/wp-content\/uploads\/2025\/10\/Frame-74.svg\" class=\"attachment-large size-large wp-image-642\" alt=\"\" \/>\t\t\t\t\t\t\t\t\t\t\t\t\t\t\t<\/div>\n\t\t<div class=\"elementor-element elementor-element-0a79f4a e-con-full e-flex e-con e-child\" data-id=\"0a79f4a\" data-element_type=\"container\">\n\t\t\t\t<div class=\"elementor-element elementor-element-d2581f3 elementor-widget elementor-widget-title-idor\" data-id=\"d2581f3\" data-element_type=\"widget\" data-widget_type=\"title-idor.default\">\n\t\t\t\t<div class=\"elementor-widget-container\">\n\t\t\t\t\t        <div class=\"title-idor-widget\">\n            <h2 class=\"title\">Sum\u00e1rio<\/h2>\n        <\/div>\n        \t\t\t\t<\/div>\n\t\t\t\t<\/div>\n\t\t\t\t<div class=\"elementor-element elementor-element-aa65b6d elementor-widget elementor-widget-sumario-curso\" data-id=\"aa65b6d\" data-element_type=\"widget\" data-widget_type=\"sumario-curso.default\">\n\t\t\t\t<div class=\"elementor-widget-container\">\n\t\t\t\t\t        <div class=\"sumario-curso-widget\">\n                           <div class=\"item-sumario-curso \">\n                    <div class=\"item-header\">\n                        <i class=\"bi bi-chevron-right\" aria-hidden=\"true\"><\/i>\n                        <span class=\"item-label\">Inscri\u00e7\u00f5es at\u00e9:<\/span>\n                                                    <span class=\"item-valor\">08\/12\/2025<\/span>\n                                                                    <\/div>\n                                    <\/div>\n                            <div class=\"item-sumario-curso \">\n                    <div class=\"item-header\">\n                        <i class=\"bi bi-chevron-right\" aria-hidden=\"true\"><\/i>\n                        <span class=\"item-label\">Taxa de inscri\u00e7\u00e3o:<\/span>\n                                                    <span class=\"item-valor\">R$550,00 (quinhentos e cinquenta reais)<\/span>\n                                                                    <\/div>\n                                    <\/div>\n                            <div class=\"item-sumario-curso has-content\">\n                    <div class=\"item-header\">\n                        <i class=\"bi bi-chevron-right\" aria-hidden=\"true\"><\/i>\n                        <span class=\"item-label\">Prova presencial:<\/span>\n                                                    <span class=\"item-valor\">13\/12\/2025 \u00e0s 15h<\/span>\n                                                                    <\/div>\n                                            <div class=\"item-conteudo\" id=\"sumario-item-2\" style=\"display: none;\">\n                            <ul><li>CONFIRA OS LOCAIS DE PROVA NO <strong>ANEXO 5<\/strong>.<\/li><\/ul>                        <\/div>\n                        <button class=\"btn-ver-mais\" data-target=\"sumario-item-2\" aria-expanded=\"false\">\n                            <span class=\"text-ver-mais\">Ver mais<\/span>\n                            <span class=\"text-ver-menos\" style=\"display: none;\">Fechar<\/span>\n                        <\/button>\n                                    <\/div>\n                            <div class=\"item-sumario-curso has-content\">\n                    <div class=\"item-header\">\n                        <i class=\"bi bi-chevron-right\" aria-hidden=\"true\"><\/i>\n                        <span class=\"item-label\">Portal do Candidato:<\/span>\n                                                                    <\/div>\n                                            <div class=\"item-conteudo\" id=\"sumario-item-3\" style=\"display: none;\">\n                            <a href=\"https:\/\/idor.econrio.com.br\/modulo\/login\/src\/view\/action\/LoginIniciaAction.php?fonte=residencia-idor\">Acompanhe sua inscri\u00e7\u00e3o aqui<\/a>                        <\/div>\n                        <button class=\"btn-ver-mais\" data-target=\"sumario-item-3\" aria-expanded=\"false\">\n                            <span class=\"text-ver-mais\">Ver mais<\/span>\n                            <span class=\"text-ver-menos\" style=\"display: none;\">Fechar<\/span>\n                        <\/button>\n                                    <\/div>\n                            <div class=\"item-sumario-curso has-content\">\n                    <div class=\"item-header\">\n                        <i class=\"bi bi-chevron-right\" aria-hidden=\"true\"><\/i>\n                        <span class=\"item-label\">Documentos do Processo Seletivo:<\/span>\n                                                                    <\/div>\n                                            <div class=\"item-conteudo\" id=\"sumario-item-4\" style=\"display: none;\">\n                            <ul>\n<li><a href=\"https:\/\/www.rededorsaoluiz.com.br\/instituto\/idor\/wp-content\/uploads\/2023\/10\/25181_edital_retificado-rm_unificado_idor_2026.1_18.11.pdf\">Edital Retificado em 18\/11\/2025<\/a><\/li>\n<li><a href=\"https:\/\/www.rededorsaoluiz.com.br\/instituto\/idor\/wp-content\/uploads\/2023\/10\/25181_5a_retificacao_do_edital_-_18112025.pdf\">5\u00aa Retifica\u00e7\u00e3o de edital (18\/11\/2025)<\/a><\/li>\n<li><a href=\"https:\/\/www.rededorsaoluiz.com.br\/instituto\/idor\/wp-content\/uploads\/2022\/04\/25181_anexo_1_-_cronograma_retificado_rm_-_idor_2026_03102025.pdf\">ANEXO 1 \u2013 CRONOGRAMA \u2013 RETIFICADO EM 03\/10\/2025<\/a><\/li>\n<li><a href=\"https:\/\/www.rededorsaoluiz.com.br\/instituto\/idor\/wp-content\/uploads\/2023\/10\/25181_anexo_2_-__quadro_de_vagas_rm_unificado_idor_2026_-retificado_06112025.pdf\">ANEXO 2 \u2013 QUADRO DE VAGAS \u2013 RETIFICADO EM 06\/11\/2025<\/a><\/li>\n<li><a href=\"https:\/\/www.rededorsaoluiz.com.br\/instituto\/idor\/wp-content\/uploads\/2023\/10\/25181__anexo_3_-_referencias_bibliograficas-Outubro.pdf\">ANEXO 3 \u2013 REFER\u00caNCIAS BIBLIOGR\u00c1FICAS<\/a><\/li>\n<li><a href=\"https:\/\/www.rededorsaoluiz.com.br\/instituto\/idor\/wp-content\/uploads\/2023\/10\/25181_anexo_4_-__retificado_analise_curricular_rm_idor_2026.pdf\">ANEXO 4 \u2013 AN\u00c1LISE CURRICULAR \u2013 RETIFICADO EM 04\/11\/2025<\/a><\/li>\n<li><a href=\"https:\/\/www.rededorsaoluiz.com.br\/instituto\/idor\/wp-content\/uploads\/2023\/10\/25181_anexo_5-_cidades_de_aplicacao_de_prova_-_rm_unificado_idor_2026_retificado_06112015.pdf\">ANEXO 5 \u2013 CIDADES DE APLICA\u00c7\u00c3O DE PROVA \u2013 RETIFICADO EM 06\/11\/2025<\/a><\/li>\n<\/ul>                        <\/div>\n                        <button class=\"btn-ver-mais\" data-target=\"sumario-item-4\" aria-expanded=\"false\">\n                            <span class=\"text-ver-mais\">Ver mais<\/span>\n                            <span class=\"text-ver-menos\" style=\"display: none;\">Fechar<\/span>\n                        <\/button>\n                                    <\/div>\n                            <div class=\"item-sumario-curso \">\n                    <div class=\"item-header\">\n                        <i class=\"bi bi-chevron-right\" aria-hidden=\"true\"><\/i>\n                        <span class=\"item-label\">In\u00edcio do programa:<\/span>\n                                                    <span class=\"item-valor\">01\/03\/2026<\/span>\n                                                                    <\/div>\n                                    <\/div>\n                            <div class=\"item-sumario-curso \">\n                    <div class=\"item-header\">\n                        <i class=\"bi bi-chevron-right\" aria-hidden=\"true\"><\/i>\n                        <span class=\"item-label\">Carga hor\u00e1ria:<\/span>\n                                                    <span class=\"item-valor\">60 horas semanais | 2880 horas anuais<\/span>\n                                                                    <\/div>\n                                    <\/div>\n                            <div class=\"item-sumario-curso \">\n                    <div class=\"item-header\">\n                        <i class=\"bi bi-chevron-right\" aria-hidden=\"true\"><\/i>\n                        <span class=\"item-label\">Dura\u00e7\u00e3o:<\/span>\n                                                    <span class=\"item-valor\">3 anos<\/span>\n                                                                    <\/div>\n                                    <\/div>\n                            <div class=\"item-sumario-curso \">\n                    <div class=\"item-header\">\n                        <i class=\"bi bi-chevron-right\" aria-hidden=\"true\"><\/i>\n                        <span class=\"item-label\">Remunera\u00e7\u00e3o:<\/span>\n                                                    <span class=\"item-valor\">R$ 4.106,09<\/span>\n                                                                    <\/div>\n                                    <\/div>\n                            <div class=\"item-sumario-curso \">\n                    <div class=\"item-header\">\n                        <i class=\"bi bi-chevron-right\" aria-hidden=\"true\"><\/i>\n                        <span class=\"item-label\">Vagas:<\/span>\n                                                    <span class=\"item-valor\">1 (uma) vaga<\/span>\n                                                                    <\/div>\n                                    <\/div>\n                            <div class=\"item-sumario-curso \">\n                    <div class=\"item-header\">\n                        <i class=\"bi bi-chevron-right\" aria-hidden=\"true\"><\/i>\n                        <span class=\"item-label\">Local:<\/span>\n                                                    <span class=\"item-valor\">Hospital Biocor<\/span>\n                                                                    <\/div>\n                                    <\/div>\n                            <div class=\"item-sumario-curso has-content\">\n                    <div class=\"item-header\">\n                        <i class=\"bi bi-chevron-right\" aria-hidden=\"true\"><\/i>\n                        <span class=\"item-label\">Unidades:<\/span>\n                                                                    <\/div>\n                                            <div class=\"item-conteudo\" id=\"sumario-item-11\" style=\"display: none;\">\n                            <p>Al\u00e9m de ampliar suas frentes de atua\u00e7\u00e3o, o IDOR tamb\u00e9m est\u00e1 estendendo suas fronteiras geogr\u00e1ficas. No Rio de Janeiro, al\u00e9m da sede em Botafogo, conta, hoje, com um amplo espa\u00e7o dentro do Hospital Gl\u00f3ria D\u2019Or, dedicado \u00e0 pesquisa cl\u00ednica. Al\u00e9m disso, ganhou unidades em S\u00e3o Paulo, Salvador e Bras\u00edlia, que atuam de forma integrada em pesquisa, ensino e inova\u00e7\u00e3o. O IDOR tamb\u00e9m estende sua pesquisa a outras capitais brasileiras, contando com a estrutura da Rede D'Or nesse processo.<\/p><p><a href=\"http:\/\/www.rededorsaoluiz.com.br\/instituto\/idor\/\/apresentacao\/unidades\/\">Saiba mais<\/a><\/p>                        <\/div>\n                        <button class=\"btn-ver-mais\" data-target=\"sumario-item-11\" aria-expanded=\"false\">\n                            <span class=\"text-ver-mais\">Ver mais<\/span>\n                            <span class=\"text-ver-menos\" style=\"display: none;\">Fechar<\/span>\n                        <\/button>\n                                    <\/div>\n                    <\/div>\n        \t\t\t\t<\/div>\n\t\t\t\t<\/div>\n\t\t\t\t<\/div>\n\t\t\t\t\t<\/div>\n\t\t\t\t<\/div>\n\t\t<div class=\"elementor-element elementor-element-4c456ff0 e-flex e-con-boxed e-con e-parent\" data-id=\"4c456ff0\" data-element_type=\"container\">\n\t\t\t\t\t<div class=\"e-con-inner\">\n\t\t\t\t<div class=\"elementor-element elementor-element-4965a0e0 elementor-absolute elementor-widget elementor-widget-image\" data-id=\"4965a0e0\" data-element_type=\"widget\" data-settings=\"{&quot;_position&quot;:&quot;absolute&quot;}\" data-widget_type=\"image.default\">\n\t\t\t\t\t\t\t\t\t\t\t\t\t\t\t<img decoding=\"async\" width=\"277\" height=\"117\" src=\"https:\/\/www.rededorsaoluiz.com.br\/instituto\/idor\/wp-content\/uploads\/2025\/10\/Frame-74.svg\" class=\"attachment-large size-large wp-image-642\" alt=\"\" \/>\t\t\t\t\t\t\t\t\t\t\t\t\t\t\t<\/div>\n\t\t<div class=\"elementor-element elementor-element-4a4b1933 e-con-full e-flex e-con e-child\" data-id=\"4a4b1933\" data-element_type=\"container\">\n\t\t\t\t<div class=\"elementor-element elementor-element-3736d3d1 elementor-widget elementor-widget-spacer\" data-id=\"3736d3d1\" data-element_type=\"widget\" data-widget_type=\"spacer.default\">\n\t\t\t\t\t\t\t<div class=\"elementor-spacer\">\n\t\t\t<div class=\"elementor-spacer-inner\"><\/div>\n\t\t<\/div>\n\t\t\t\t\t\t<\/div>\n\t\t<div class=\"elementor-element elementor-element-2117f9d0 e-con-full e-flex e-con e-child\" data-id=\"2117f9d0\" data-element_type=\"container\">\n\t\t<div class=\"elementor-element elementor-element-7ecb70af e-con-full e-flex e-con e-child\" data-id=\"7ecb70af\" data-element_type=\"container\">\n\t\t<div class=\"elementor-element elementor-element-68b84647 e-con-full e-flex e-con e-child\" data-id=\"68b84647\" data-element_type=\"container\">\n\t\t\t\t<div class=\"elementor-element elementor-element-7a6e53c3 elementor-widget elementor-widget-image\" data-id=\"7a6e53c3\" data-element_type=\"widget\" data-widget_type=\"image.default\">\n\t\t\t\t\t\t\t\t\t\t\t\t\t\t\t<img loading=\"lazy\" decoding=\"async\" width=\"246\" height=\"377\" src=\"https:\/\/www.rededorsaoluiz.com.br\/instituto\/idor\/wp-content\/uploads\/2025\/10\/Group-11.png\" class=\"attachment-large size-large wp-image-671\" alt=\"\" srcset=\"https:\/\/www.rededorsaoluiz.com.br\/instituto\/idor\/wp-content\/uploads\/2025\/10\/Group-11.png 246w, https:\/\/www.rededorsaoluiz.com.br\/instituto\/idor\/wp-content\/uploads\/2025\/10\/Group-11-196x300.png 196w\" sizes=\"(max-width: 246px) 100vw, 246px\" \/>\t\t\t\t\t\t\t\t\t\t\t\t\t\t\t<\/div>\n\t\t\t\t<\/div>\n\t\t<div class=\"elementor-element elementor-element-16ffc99d e-con-full e-flex e-con e-child\" data-id=\"16ffc99d\" data-element_type=\"container\">\n\t\t\t\t<div class=\"elementor-element elementor-element-7c6e4cdd elementor-widget elementor-widget-tagline\" data-id=\"7c6e4cdd\" data-element_type=\"widget\" data-widget_type=\"tagline.default\">\n\t\t\t\t<div class=\"elementor-widget-container\">\n\t\t\t\t\t        <div class=\"tagline-widget\">\n            Coordena\u00e7\u00e3o do Curso        <\/div>\n        \t\t\t\t<\/div>\n\t\t\t\t<\/div>\n\t\t\t\t<div class=\"elementor-element elementor-element-5f494ae0 elementor-widget elementor-widget-title-idor\" data-id=\"5f494ae0\" data-element_type=\"widget\" data-widget_type=\"title-idor.default\">\n\t\t\t\t<div class=\"elementor-widget-container\">\n\t\t\t\t\t        <div class=\"title-idor-widget\">\n            <h2 class=\"title\">Joel Teles Corr\u00eaa de Oliveira<\/h2>\n        <\/div>\n        \t\t\t\t<\/div>\n\t\t\t\t<\/div>\n\t\t\t\t<div class=\"elementor-element elementor-element-73f6c2e9 elementor-widget elementor-widget-texto\" data-id=\"73f6c2e9\" data-element_type=\"widget\" data-widget_type=\"texto.default\">\n\t\t\t\t<div class=\"elementor-widget-container\">\n\t\t\t\t\t        <div class=\"texto-widget\">\n            <p><p>A coordena\u00e7\u00e3o e preceptoria do curso s\u00e3o compostas por especialistas em medicina intensiva, todos com t\u00edtulo de especialista pela AMIB e\/ou resid\u00eancia m\u00e9dica em terapia intensiva. Os membros da equipe possuem experi\u00eancia em ensino e colaboram com hospitais universit\u00e1rios e grandes institutos, proporcionando atividades pr\u00e1ticas em hospitais terci\u00e1rios com alta complexidade tecnol\u00f3gica. O ambiente favorece o desenvolvimento das habilidades necess\u00e1rias para monitoriza\u00e7\u00e3o e tratamento de pacientes cr\u00edticos, bem como o aprimoramento do ensino e da pesquisa cl\u00ednica.<\/p><\/p>        <\/div>\n        \t\t\t\t<\/div>\n\t\t\t\t<\/div>\n\t\t\t\t<\/div>\n\t\t\t\t<\/div>\n\t\t\t\t<\/div>\n\t\t\t\t<\/div>\n\t\t\t\t\t<\/div>\n\t\t\t\t<\/div>\n\t\t<div class=\"elementor-element elementor-element-670c7be1 e-flex e-con-boxed e-con e-parent\" data-id=\"670c7be1\" data-element_type=\"container\" data-settings=\"{&quot;background_background&quot;:&quot;classic&quot;}\">\n\t\t\t\t\t<div class=\"e-con-inner\">\n\t\t\t\t<div class=\"elementor-element elementor-element-7f523c2d elementor-absolute elementor-widget elementor-widget-image\" data-id=\"7f523c2d\" data-element_type=\"widget\" data-settings=\"{&quot;_position&quot;:&quot;absolute&quot;}\" data-widget_type=\"image.default\">\n\t\t\t\t\t\t\t\t\t\t\t\t\t\t\t<img loading=\"lazy\" decoding=\"async\" width=\"274\" height=\"74\" src=\"https:\/\/www.rededorsaoluiz.com.br\/instituto\/idor\/wp-content\/uploads\/2025\/10\/Frame-76.svg\" class=\"attachment-large size-large wp-image-686\" alt=\"\" \/>\t\t\t\t\t\t\t\t\t\t\t\t\t\t\t<\/div>\n\t\t<div class=\"elementor-element elementor-element-70ba592e e-con-full e-flex e-con e-child\" data-id=\"70ba592e\" data-element_type=\"container\">\n\t\t\t\t<div class=\"elementor-element elementor-element-a51cb7e elementor-widget elementor-widget-title-idor\" data-id=\"a51cb7e\" data-element_type=\"widget\" data-widget_type=\"title-idor.default\">\n\t\t\t\t<div class=\"elementor-widget-container\">\n\t\t\t\t\t        <div class=\"title-idor-widget\">\n            <h2 class=\"title\">Nossos Diferenciais<\/h2>\n        <\/div>\n        \t\t\t\t<\/div>\n\t\t\t\t<\/div>\n\t\t\t\t<div class=\"elementor-element elementor-element-26c9e976 elementor-widget elementor-widget-texto\" data-id=\"26c9e976\" data-element_type=\"widget\" data-widget_type=\"texto.default\">\n\t\t\t\t<div class=\"elementor-widget-container\">\n\t\t\t\t\t        <div class=\"texto-widget\">\n            <p>Coordena\u00e7\u00e3o e preceptoria composta por especialistas em medicina intensiva (t\u00edtulo de especialista AMIB e\/ou RM em terapia intensiva) com experi\u00eancia em ensino, colabora\u00e7\u00e3o com hospitais universit\u00e1rios e grandes institutos. Atividades pr\u00e1ticas em hospitais terci\u00e1rios com disponibilidade de tecnologia de alta complexidade para monitoriza\u00e7\u00e3o e tratamento de pacientes cr\u00edticos. Inser\u00e7\u00e3o em hospital geral com disponibilidade de atendimento a todas as urg\u00eancias cl\u00ednicas e cir\u00fargicas 24h\/dia e 7 dias por semana. Reconhecido pelo MEC e pela Associa\u00e7\u00e3o de Medicina Intensiva Brasileira (AMIB).<\/p>        <\/div>\n        \t\t\t\t<\/div>\n\t\t\t\t<\/div>\n\t\t\t\t<div class=\"elementor-element elementor-element-665bc4b8 elementor-widget elementor-widget-grid-card\" data-id=\"665bc4b8\" data-element_type=\"widget\" data-widget_type=\"grid-card.default\">\n\t\t\t\t<div class=\"elementor-widget-container\">\n\t\t\t\t\t<style>.elementor-repeater-item-b4a627a { grid-column: span 6; } @media(max-width:1024px){.elementor-repeater-item-b4a627a { grid-column: span 6; }} @media(max-width:767px){.elementor-repeater-item-b4a627a { grid-column: span 12; }} .elementor-repeater-item-fa84eb6 { grid-column: span 6; } @media(max-width:1024px){.elementor-repeater-item-fa84eb6 { grid-column: span 6; }} @media(max-width:767px){.elementor-repeater-item-fa84eb6 { grid-column: span 12; }} .elementor-repeater-item-30a60ab { grid-column: span 12; } @media(max-width:1024px){.elementor-repeater-item-30a60ab { grid-column: span 12; }} @media(max-width:767px){.elementor-repeater-item-30a60ab { grid-column: span 12; }} .elementor-repeater-item-3fa1bf7 { grid-column: span 6; } @media(max-width:1024px){.elementor-repeater-item-3fa1bf7 { grid-column: span 6; }} @media(max-width:767px){.elementor-repeater-item-3fa1bf7 { grid-column: span 12; }} .elementor-repeater-item-f05211d { grid-column: span 6; } @media(max-width:1024px){.elementor-repeater-item-f05211d { grid-column: span 6; }} @media(max-width:767px){.elementor-repeater-item-f05211d { grid-column: span 12; }}<\/style>        <section class=\"widget-grid-card\">\n                            <article class=\"card elementor-repeater-item-b4a627a  azul-escuro\"\n                style=\"\">\n\n                                            <div class=\"card-content\">\n                            <h3 class=\"title-card\">Especialistas em Medicina Intensiva<\/h3>\n                            <div class=\"card-footer\">\n                                <p class=\"description-card\">Coordena\u00e7\u00e3o e preceptoria composta por profissionais com t\u00edtulo de especialista AMIB e\/ou RM em terapia intensiva e experi\u00eancia em ensino.<\/p>\n                            <\/div>\n                        <\/div>\n                                    <\/article>\n                            <article class=\"card elementor-repeater-item-fa84eb6 card-img branco\"\n                style=\"background-image: url(&#039;https:\/\/www.rededorsaoluiz.com.br\/instituto\/idor\/wp-content\/uploads\/2025\/12\/TERAPIA-Nossos-Diferenciais-01-22.jpg&#039;);\">\n\n                                            <div class=\"card-content\">\n                            <h3 class=\"title-card\"><\/h3>\n                            <div class=\"card-footer\">\n                                <p class=\"description-card\"><\/p>\n                            <\/div>\n                        <\/div>\n                                    <\/article>\n                            <article class=\"card elementor-repeater-item-30a60ab  branco\"\n                style=\"\">\n\n                                            <div class=\"card-content\">\n                            <h3 class=\"title-card\">Estrutura de Alta Complexidade<\/h3>\n                            <div class=\"card-footer\">\n                                <p class=\"description-card\">Atividades pr\u00e1ticas em hospitais terci\u00e1rios com tecnologia avan\u00e7ada para monitoriza\u00e7\u00e3o e tratamento de pacientes cr\u00edticos.<\/p>\n                            <\/div>\n                        <\/div>\n                                    <\/article>\n                            <article class=\"card elementor-repeater-item-3fa1bf7 card-img branco\"\n                style=\"background-image: url(&#039;https:\/\/www.rededorsaoluiz.com.br\/instituto\/idor\/wp-content\/uploads\/2025\/12\/TERAPIA-Nossos-Diferenciais-02-22.jpg&#039;);\">\n\n                                            <div class=\"card-content\">\n                            <h3 class=\"title-card\"><\/h3>\n                            <div class=\"card-footer\">\n                                <p class=\"description-card\"><\/p>\n                            <\/div>\n                        <\/div>\n                                    <\/article>\n                            <article class=\"card elementor-repeater-item-f05211d  dourado\"\n                style=\"\">\n\n                                            <div class=\"card-content\">\n                            <h3 class=\"title-card\">Reconhecimento<\/h3>\n                            <div class=\"card-footer\">\n                                <p class=\"description-card\">Curso reconhecido pelo MEC e pela Associa\u00e7\u00e3o de Medicina Intensiva Brasileira (AMIB).<\/p>\n                            <\/div>\n                        <\/div>\n                                    <\/article>\n                    <\/section>\n        \t\t\t\t<\/div>\n\t\t\t\t<\/div>\n\t\t\t\t<\/div>\n\t\t\t\t\t<\/div>\n\t\t\t\t<\/div>\n\t\t<div class=\"elementor-element elementor-element-4ec7ebb6 e-flex e-con-boxed e-con e-parent\" data-id=\"4ec7ebb6\" data-element_type=\"container\">\n\t\t\t\t\t<div class=\"e-con-inner\">\n\t\t\t\t<div class=\"elementor-element elementor-element-5db07b46 elementor-absolute elementor-widget elementor-widget-image\" data-id=\"5db07b46\" data-element_type=\"widget\" data-settings=\"{&quot;_position&quot;:&quot;absolute&quot;}\" data-widget_type=\"image.default\">\n\t\t\t\t\t\t\t\t\t\t\t\t\t\t\t<img loading=\"lazy\" decoding=\"async\" width=\"246\" height=\"124\" src=\"https:\/\/www.rededorsaoluiz.com.br\/instituto\/idor\/wp-content\/uploads\/2025\/11\/Frame-75.png\" class=\"attachment-large size-large wp-image-578\" alt=\"\" \/>\t\t\t\t\t\t\t\t\t\t\t\t\t\t\t<\/div>\n\t\t<div class=\"elementor-element elementor-element-5c8e39ba e-con-full e-flex e-con e-child\" data-id=\"5c8e39ba\" data-element_type=\"container\">\n\t\t\t\t<div class=\"elementor-element elementor-element-3c69c183 elementor-widget elementor-widget-title-idor\" data-id=\"3c69c183\" data-element_type=\"widget\" data-widget_type=\"title-idor.default\">\n\t\t\t\t<div class=\"elementor-widget-container\">\n\t\t\t\t\t        <div class=\"title-idor-widget\">\n            <h2 class=\"title\">Carreira Profissional em Medicina Intensiva<\/h2>\n        <\/div>\n        \t\t\t\t<\/div>\n\t\t\t\t<\/div>\n\t\t\t\t<div class=\"elementor-element elementor-element-4ce94e1f elementor-widget elementor-widget-image\" data-id=\"4ce94e1f\" data-element_type=\"widget\" data-widget_type=\"image.default\">\n\t\t\t\t\t\t\t\t\t\t\t\t\t\t\t<img loading=\"lazy\" decoding=\"async\" width=\"1024\" height=\"354\" src=\"https:\/\/www.rededorsaoluiz.com.br\/instituto\/idor\/wp-content\/uploads\/2025\/12\/TERAPIA-imagem-box-carreira-22-1024x354.jpg\" class=\"attachment-large size-large wp-image-6000\" alt=\"\" srcset=\"https:\/\/www.rededorsaoluiz.com.br\/instituto\/idor\/wp-content\/uploads\/2025\/12\/TERAPIA-imagem-box-carreira-22-1024x354.jpg 1024w, https:\/\/www.rededorsaoluiz.com.br\/instituto\/idor\/wp-content\/uploads\/2025\/12\/TERAPIA-imagem-box-carreira-22-300x104.jpg 300w, https:\/\/www.rededorsaoluiz.com.br\/instituto\/idor\/wp-content\/uploads\/2025\/12\/TERAPIA-imagem-box-carreira-22-768x265.jpg 768w, https:\/\/www.rededorsaoluiz.com.br\/instituto\/idor\/wp-content\/uploads\/2025\/12\/TERAPIA-imagem-box-carreira-22.jpg 1418w\" sizes=\"(max-width: 1024px) 100vw, 1024px\" \/>\t\t\t\t\t\t\t\t\t\t\t\t\t\t\t<\/div>\n\t\t\t\t<div class=\"elementor-element elementor-element-58bf693b elementor-widget elementor-widget-texto\" data-id=\"58bf693b\" data-element_type=\"widget\" data-widget_type=\"texto.default\">\n\t\t\t\t<div class=\"elementor-widget-container\">\n\t\t\t\t\t        <div class=\"texto-widget\">\n            <p><p>O especialista formado nesse curso encontra amplo mercado de trabalho em unidades de terapia intensiva no Brasil, atuando como m\u00e9dico rotina, supervisor, coordenador de UTI e tamb\u00e9m em \u00e1reas relacionadas ao ensino e pesquisa cl\u00ednica. O fortalecimento do perfil acad\u00eamico e pr\u00e1tico permite participa\u00e7\u00e3o em centros hospitalares de refer\u00eancia, hospitais universit\u00e1rios e institutos especializados.<\/p><\/p>        <\/div>\n        \t\t\t\t<\/div>\n\t\t\t\t<\/div>\n\t\t<div class=\"elementor-element elementor-element-2cd9e37 e-con-full e-flex e-con e-child\" data-id=\"2cd9e37\" data-element_type=\"container\">\n\t\t<div class=\"elementor-element elementor-element-3fb7241f e-con-full e-flex e-con e-child\" data-id=\"3fb7241f\" data-element_type=\"container\">\n\t\t\t\t<div class=\"elementor-element elementor-element-1f22ccd6 elementor-view-default elementor-widget elementor-widget-icon\" data-id=\"1f22ccd6\" data-element_type=\"widget\" data-widget_type=\"icon.default\">\n\t\t\t\t\t\t\t<div class=\"elementor-icon-wrapper\">\n\t\t\t<div class=\"elementor-icon\">\n\t\t\t<svg aria-hidden=\"true\" class=\"e-font-icon-svg e-fas-hospital\" viewBox=\"0 0 448 512\" xmlns=\"http:\/\/www.w3.org\/2000\/svg\"><path d=\"M448 492v20H0v-20c0-6.627 5.373-12 12-12h20V120c0-13.255 10.745-24 24-24h88V24c0-13.255 10.745-24 24-24h112c13.255 0 24 10.745 24 24v72h88c13.255 0 24 10.745 24 24v360h20c6.627 0 12 5.373 12 12zM308 192h-40c-6.627 0-12 5.373-12 12v40c0 6.627 5.373 12 12 12h40c6.627 0 12-5.373 12-12v-40c0-6.627-5.373-12-12-12zm-168 64h40c6.627 0 12-5.373 12-12v-40c0-6.627-5.373-12-12-12h-40c-6.627 0-12 5.373-12 12v40c0 6.627 5.373 12 12 12zm104 128h-40c-6.627 0-12 5.373-12 12v84h64v-84c0-6.627-5.373-12-12-12zm64-96h-40c-6.627 0-12 5.373-12 12v40c0 6.627 5.373 12 12 12h40c6.627 0 12-5.373 12-12v-40c0-6.627-5.373-12-12-12zm-116 12c0-6.627-5.373-12-12-12h-40c-6.627 0-12 5.373-12 12v40c0 6.627 5.373 12 12 12h40c6.627 0 12-5.373 12-12v-40zM182 96h26v26a6 6 0 0 0 6 6h20a6 6 0 0 0 6-6V96h26a6 6 0 0 0 6-6V70a6 6 0 0 0-6-6h-26V38a6 6 0 0 0-6-6h-20a6 6 0 0 0-6 6v26h-26a6 6 0 0 0-6 6v20a6 6 0 0 0 6 6z\"><\/path><\/svg>\t\t\t<\/div>\n\t\t<\/div>\n\t\t\t\t\t\t<\/div>\n\t\t\t\t<div class=\"elementor-element elementor-element-58bebec6 elementor-widget elementor-widget-title-idor\" data-id=\"58bebec6\" data-element_type=\"widget\" data-widget_type=\"title-idor.default\">\n\t\t\t\t<div class=\"elementor-widget-container\">\n\t\t\t\t\t        <div class=\"title-idor-widget\">\n            <h2 class=\"title\">Oportunidades em UTIs<\/h2>\n        <\/div>\n        \t\t\t\t<\/div>\n\t\t\t\t<\/div>\n\t\t\t\t<div class=\"elementor-element elementor-element-1e2859f elementor-widget elementor-widget-texto\" data-id=\"1e2859f\" data-element_type=\"widget\" data-widget_type=\"texto.default\">\n\t\t\t\t<div class=\"elementor-widget-container\">\n\t\t\t\t\t        <div class=\"texto-widget\">\n            <p>O m\u00e9dico intensivista pode atuar em UTIs de hospitais p\u00fablicos e privados, cl\u00ednicas e centros especializados, ocupando cargos de responsabilidade e lideran\u00e7a.<\/p>        <\/div>\n        \t\t\t\t<\/div>\n\t\t\t\t<\/div>\n\t\t\t\t<\/div>\n\t\t<div class=\"elementor-element elementor-element-77e48ca1 e-con-full e-flex e-con e-child\" data-id=\"77e48ca1\" data-element_type=\"container\">\n\t\t\t\t<div class=\"elementor-element elementor-element-689791ef elementor-view-default elementor-widget elementor-widget-icon\" data-id=\"689791ef\" data-element_type=\"widget\" data-widget_type=\"icon.default\">\n\t\t\t\t\t\t\t<div class=\"elementor-icon-wrapper\">\n\t\t\t<div class=\"elementor-icon\">\n\t\t\t<svg aria-hidden=\"true\" class=\"e-font-icon-svg e-fas-graduation-cap\" viewBox=\"0 0 640 512\" xmlns=\"http:\/\/www.w3.org\/2000\/svg\"><path d=\"M622.34 153.2L343.4 67.5c-15.2-4.67-31.6-4.67-46.79 0L17.66 153.2c-23.54 7.23-23.54 38.36 0 45.59l48.63 14.94c-10.67 13.19-17.23 29.28-17.88 46.9C38.78 266.15 32 276.11 32 288c0 10.78 5.68 19.85 13.86 25.65L20.33 428.53C18.11 438.52 25.71 448 35.94 448h56.11c10.24 0 17.84-9.48 15.62-19.47L82.14 313.65C90.32 307.85 96 298.78 96 288c0-11.57-6.47-21.25-15.66-26.87.76-15.02 8.44-28.3 20.69-36.72L296.6 284.5c9.06 2.78 26.44 6.25 46.79 0l278.95-85.7c23.55-7.24 23.55-38.36 0-45.6zM352.79 315.09c-28.53 8.76-52.84 3.92-65.59 0l-145.02-44.55L128 384c0 35.35 85.96 64 192 64s192-28.65 192-64l-14.18-113.47-145.03 44.56z\"><\/path><\/svg>\t\t\t<\/div>\n\t\t<\/div>\n\t\t\t\t\t\t<\/div>\n\t\t\t\t<div class=\"elementor-element elementor-element-72584ca3 elementor-widget elementor-widget-title-idor\" data-id=\"72584ca3\" data-element_type=\"widget\" data-widget_type=\"title-idor.default\">\n\t\t\t\t<div class=\"elementor-widget-container\">\n\t\t\t\t\t        <div class=\"title-idor-widget\">\n            <h2 class=\"title\">Atua\u00e7\u00e3o em Ensino e Pesquisa<\/h2>\n        <\/div>\n        \t\t\t\t<\/div>\n\t\t\t\t<\/div>\n\t\t\t\t<div class=\"elementor-element elementor-element-34c1640 elementor-widget elementor-widget-texto\" data-id=\"34c1640\" data-element_type=\"widget\" data-widget_type=\"texto.default\">\n\t\t\t\t<div class=\"elementor-widget-container\">\n\t\t\t\t\t        <div class=\"texto-widget\">\n            <p>A forma\u00e7\u00e3o proporciona base s\u00f3lida para atua\u00e7\u00e3o em pesquisa cl\u00ednica, doc\u00eancia e coordena\u00e7\u00e3o de atividades acad\u00eamicas em institui\u00e7\u00f5es de sa\u00fade e ensino.<\/p>        <\/div>\n        \t\t\t\t<\/div>\n\t\t\t\t<\/div>\n\t\t\t\t<\/div>\n\t\t\t\t<\/div>\n\t\t<div class=\"elementor-element elementor-element-1d357a6f e-con-full e-flex e-con e-child\" data-id=\"1d357a6f\" data-element_type=\"container\">\n\t\t\t\t<div class=\"elementor-element elementor-element-6a4d9da1 elementor-widget elementor-widget-title-idor\" data-id=\"6a4d9da1\" data-element_type=\"widget\" data-widget_type=\"title-idor.default\">\n\t\t\t\t<div class=\"elementor-widget-container\">\n\t\t\t\t\t        <div class=\"title-idor-widget\">\n            <h2 class=\"title\">Tire suas d\u00favidas sobre o curso<\/h2>\n        <\/div>\n        \t\t\t\t<\/div>\n\t\t\t\t<\/div>\n\t\t\t\t<div class=\"elementor-element elementor-element-5fa15b1d elementor-widget elementor-widget-texto\" data-id=\"5fa15b1d\" data-element_type=\"widget\" data-widget_type=\"texto.default\">\n\t\t\t\t<div class=\"elementor-widget-container\">\n\t\t\t\t\t        <div class=\"texto-widget\">\n            <p>Encontre respostas para as principais d\u00favidas sobre o curso de resid\u00eancia m\u00e9dica em Medicina Intensiva do Hospital Biocor.<\/p>        <\/div>\n        \t\t\t\t<\/div>\n\t\t\t\t<\/div>\n\t\t\t\t<div class=\"elementor-element elementor-element-14026455 elementor-widget elementor-widget-n-accordion\" data-id=\"14026455\" data-element_type=\"widget\" data-settings=\"{&quot;default_state&quot;:&quot;expanded&quot;,&quot;max_items_expended&quot;:&quot;one&quot;,&quot;n_accordion_animation_duration&quot;:{&quot;unit&quot;:&quot;ms&quot;,&quot;size&quot;:400,&quot;sizes&quot;:[]}}\" data-widget_type=\"nested-accordion.default\">\n\t\t\t\t\t\t\t<div class=\"e-n-accordion\" aria-label=\"Accordion. Open links with Enter or Space, close with Escape, and navigate with Arrow Keys\">\n\t\t\t\t\t\t<details id=\"e-n-accordion-item-3350\" class=\"e-n-accordion-item\" open>\n\t\t\t\t<summary class=\"e-n-accordion-item-title\" data-accordion-index=\"1\" tabindex=\"0\" aria-expanded=\"true\" aria-controls=\"e-n-accordion-item-3350\" >\n\t\t\t\t\t<span class='e-n-accordion-item-title-header'><div class=\"e-n-accordion-item-title-text\"> Qual a dura\u00e7\u00e3o e carga hor\u00e1ria do curso? <\/div><\/span>\n\t\t\t\t\t\t\t<span class='e-n-accordion-item-title-icon'>\n\t\t\t<span class='e-opened' ><svg aria-hidden=\"true\" class=\"e-font-icon-svg e-fas-chevron-up\" viewBox=\"0 0 448 512\" xmlns=\"http:\/\/www.w3.org\/2000\/svg\"><path d=\"M240.971 130.524l194.343 194.343c9.373 9.373 9.373 24.569 0 33.941l-22.667 22.667c-9.357 9.357-24.522 9.375-33.901.04L224 227.495 69.255 381.516c-9.379 9.335-24.544 9.317-33.901-.04l-22.667-22.667c-9.373-9.373-9.373-24.569 0-33.941L207.03 130.525c9.372-9.373 24.568-9.373 33.941-.001z\"><\/path><\/svg><\/span>\n\t\t\t<span class='e-closed'><svg aria-hidden=\"true\" class=\"e-font-icon-svg e-fas-chevron-down\" viewBox=\"0 0 448 512\" xmlns=\"http:\/\/www.w3.org\/2000\/svg\"><path d=\"M207.029 381.476L12.686 187.132c-9.373-9.373-9.373-24.569 0-33.941l22.667-22.667c9.357-9.357 24.522-9.375 33.901-.04L224 284.505l154.745-154.021c9.379-9.335 24.544-9.317 33.901.04l22.667 22.667c9.373 9.373 9.373 24.569 0 33.941L240.971 381.476c-9.373 9.372-24.569 9.372-33.942 0z\"><\/path><\/svg><\/span>\n\t\t<\/span>\n\n\t\t\t\t\t\t<\/summary>\n\t\t\t\t<div role=\"region\" aria-labelledby=\"e-n-accordion-item-3350\" class=\"elementor-element elementor-element-65c3c80 e-con-full e-flex e-con e-child\" data-id=\"65c3c80\" data-element_type=\"container\">\n\t\t\t\t<div class=\"elementor-element elementor-element-68bc9cf elementor-widget elementor-widget-texto\" data-id=\"68bc9cf\" data-element_type=\"widget\" data-widget_type=\"texto.default\">\n\t\t\t\t<div class=\"elementor-widget-container\">\n\t\t\t\t\t        <div class=\"texto-widget\">\n            <p>A resid\u00eancia tem dura\u00e7\u00e3o de 3 anos, com carga hor\u00e1ria de 60 horas semanais (2880 horas anuais).<\/p>        <\/div>\n        \t\t\t\t<\/div>\n\t\t\t\t<\/div>\n\t\t\t\t<\/div>\n\t\t\t\t\t<\/details>\n\t\t\t\t\t\t<details id=\"e-n-accordion-item-3351\" class=\"e-n-accordion-item\" >\n\t\t\t\t<summary class=\"e-n-accordion-item-title\" data-accordion-index=\"2\" tabindex=\"-1\" aria-expanded=\"false\" aria-controls=\"e-n-accordion-item-3351\" >\n\t\t\t\t\t<span class='e-n-accordion-item-title-header'><div class=\"e-n-accordion-item-title-text\"> Qual \u00e9 o p\u00fablico-alvo? <\/div><\/span>\n\t\t\t\t\t\t\t<span class='e-n-accordion-item-title-icon'>\n\t\t\t<span class='e-opened' ><svg aria-hidden=\"true\" class=\"e-font-icon-svg e-fas-chevron-up\" viewBox=\"0 0 448 512\" xmlns=\"http:\/\/www.w3.org\/2000\/svg\"><path d=\"M240.971 130.524l194.343 194.343c9.373 9.373 9.373 24.569 0 33.941l-22.667 22.667c-9.357 9.357-24.522 9.375-33.901.04L224 227.495 69.255 381.516c-9.379 9.335-24.544 9.317-33.901-.04l-22.667-22.667c-9.373-9.373-9.373-24.569 0-33.941L207.03 130.525c9.372-9.373 24.568-9.373 33.941-.001z\"><\/path><\/svg><\/span>\n\t\t\t<span class='e-closed'><svg aria-hidden=\"true\" class=\"e-font-icon-svg e-fas-chevron-down\" viewBox=\"0 0 448 512\" xmlns=\"http:\/\/www.w3.org\/2000\/svg\"><path d=\"M207.029 381.476L12.686 187.132c-9.373-9.373-9.373-24.569 0-33.941l22.667-22.667c9.357-9.357 24.522-9.375 33.901-.04L224 284.505l154.745-154.021c9.379-9.335 24.544-9.317 33.901.04l22.667 22.667c9.373 9.373 9.373 24.569 0 33.941L240.971 381.476c-9.373 9.372-24.569 9.372-33.942 0z\"><\/path><\/svg><\/span>\n\t\t<\/span>\n\n\t\t\t\t\t\t<\/summary>\n\t\t\t\t<div role=\"region\" aria-labelledby=\"e-n-accordion-item-3351\" class=\"elementor-element elementor-element-ddfd2f9 e-con-full e-flex e-con e-child\" data-id=\"ddfd2f9\" data-element_type=\"container\">\n\t\t\t\t<div class=\"elementor-element elementor-element-711a8ad elementor-widget elementor-widget-texto\" data-id=\"711a8ad\" data-element_type=\"widget\" data-widget_type=\"texto.default\">\n\t\t\t\t<div class=\"elementor-widget-container\">\n\t\t\t\t\t        <div class=\"texto-widget\">\n            <p>O programa \u00e9 destinado a graduados em Medicina em institui\u00e7\u00f5es reconhecidas pelo MEC, sem pr\u00e9-requisito espec\u00edfico.<\/p>        <\/div>\n        \t\t\t\t<\/div>\n\t\t\t\t<\/div>\n\t\t\t\t<\/div>\n\t\t\t\t\t<\/details>\n\t\t\t\t\t\t<details id=\"e-n-accordion-item-3352\" class=\"e-n-accordion-item\" >\n\t\t\t\t<summary class=\"e-n-accordion-item-title\" data-accordion-index=\"3\" tabindex=\"-1\" aria-expanded=\"false\" aria-controls=\"e-n-accordion-item-3352\" >\n\t\t\t\t\t<span class='e-n-accordion-item-title-header'><div class=\"e-n-accordion-item-title-text\"> Quais s\u00e3o as principais atividades e diferenciais da resid\u00eancia? <\/div><\/span>\n\t\t\t\t\t\t\t<span class='e-n-accordion-item-title-icon'>\n\t\t\t<span class='e-opened' ><svg aria-hidden=\"true\" class=\"e-font-icon-svg e-fas-chevron-up\" viewBox=\"0 0 448 512\" xmlns=\"http:\/\/www.w3.org\/2000\/svg\"><path d=\"M240.971 130.524l194.343 194.343c9.373 9.373 9.373 24.569 0 33.941l-22.667 22.667c-9.357 9.357-24.522 9.375-33.901.04L224 227.495 69.255 381.516c-9.379 9.335-24.544 9.317-33.901-.04l-22.667-22.667c-9.373-9.373-9.373-24.569 0-33.941L207.03 130.525c9.372-9.373 24.568-9.373 33.941-.001z\"><\/path><\/svg><\/span>\n\t\t\t<span class='e-closed'><svg aria-hidden=\"true\" class=\"e-font-icon-svg e-fas-chevron-down\" viewBox=\"0 0 448 512\" xmlns=\"http:\/\/www.w3.org\/2000\/svg\"><path d=\"M207.029 381.476L12.686 187.132c-9.373-9.373-9.373-24.569 0-33.941l22.667-22.667c9.357-9.357 24.522-9.375 33.901-.04L224 284.505l154.745-154.021c9.379-9.335 24.544-9.317 33.901.04l22.667 22.667c9.373 9.373 9.373 24.569 0 33.941L240.971 381.476c-9.373 9.372-24.569 9.372-33.942 0z\"><\/path><\/svg><\/span>\n\t\t<\/span>\n\n\t\t\t\t\t\t<\/summary>\n\t\t\t\t<div role=\"region\" aria-labelledby=\"e-n-accordion-item-3352\" class=\"elementor-element elementor-element-36e8d9e e-con-full e-flex e-con e-child\" data-id=\"36e8d9e\" data-element_type=\"container\">\n\t\t\t\t<div class=\"elementor-element elementor-element-c351de3 elementor-widget elementor-widget-texto\" data-id=\"c351de3\" data-element_type=\"widget\" data-widget_type=\"texto.default\">\n\t\t\t\t<div class=\"elementor-widget-container\">\n\t\t\t\t\t        <div class=\"texto-widget\">\n            <p>O curso oferece treinamento te\u00f3rico e pr\u00e1tico em hospitais de alta complexidade, com supervis\u00e3o de especialistas, atividades acad\u00eamicas e foco em ensino e pesquisa cl\u00ednica.<\/p>        <\/div>\n        \t\t\t\t<\/div>\n\t\t\t\t<\/div>\n\t\t\t\t<\/div>\n\t\t\t\t\t<\/details>\n\t\t\t\t\t\t<details id=\"e-n-accordion-item-3353\" class=\"e-n-accordion-item\" >\n\t\t\t\t<summary class=\"e-n-accordion-item-title\" data-accordion-index=\"4\" tabindex=\"-1\" aria-expanded=\"false\" aria-controls=\"e-n-accordion-item-3353\" >\n\t\t\t\t\t<span class='e-n-accordion-item-title-header'><div class=\"e-n-accordion-item-title-text\"> Qual a remunera\u00e7\u00e3o oferecida? <\/div><\/span>\n\t\t\t\t\t\t\t<span class='e-n-accordion-item-title-icon'>\n\t\t\t<span class='e-opened' ><svg aria-hidden=\"true\" class=\"e-font-icon-svg e-fas-chevron-up\" viewBox=\"0 0 448 512\" xmlns=\"http:\/\/www.w3.org\/2000\/svg\"><path d=\"M240.971 130.524l194.343 194.343c9.373 9.373 9.373 24.569 0 33.941l-22.667 22.667c-9.357 9.357-24.522 9.375-33.901.04L224 227.495 69.255 381.516c-9.379 9.335-24.544 9.317-33.901-.04l-22.667-22.667c-9.373-9.373-9.373-24.569 0-33.941L207.03 130.525c9.372-9.373 24.568-9.373 33.941-.001z\"><\/path><\/svg><\/span>\n\t\t\t<span class='e-closed'><svg aria-hidden=\"true\" class=\"e-font-icon-svg e-fas-chevron-down\" viewBox=\"0 0 448 512\" xmlns=\"http:\/\/www.w3.org\/2000\/svg\"><path d=\"M207.029 381.476L12.686 187.132c-9.373-9.373-9.373-24.569 0-33.941l22.667-22.667c9.357-9.357 24.522-9.375 33.901-.04L224 284.505l154.745-154.021c9.379-9.335 24.544-9.317 33.901.04l22.667 22.667c9.373 9.373 9.373 24.569 0 33.941L240.971 381.476c-9.373 9.372-24.569 9.372-33.942 0z\"><\/path><\/svg><\/span>\n\t\t<\/span>\n\n\t\t\t\t\t\t<\/summary>\n\t\t\t\t<div role=\"region\" aria-labelledby=\"e-n-accordion-item-3353\" class=\"elementor-element elementor-element-21d7531 e-con-full e-flex e-con e-child\" data-id=\"21d7531\" data-element_type=\"container\">\n\t\t\t\t<div class=\"elementor-element elementor-element-3544d31 elementor-widget elementor-widget-texto\" data-id=\"3544d31\" data-element_type=\"widget\" data-widget_type=\"texto.default\">\n\t\t\t\t<div class=\"elementor-widget-container\">\n\t\t\t\t\t        <div class=\"texto-widget\">\n            <p>O valor da remunera\u00e7\u00e3o do residente \u00e9 de R$ 4.106,09.<\/p>        <\/div>\n        \t\t\t\t<\/div>\n\t\t\t\t<\/div>\n\t\t\t\t<\/div>\n\t\t\t\t\t<\/details>\n\t\t\t\t\t\t<details id=\"e-n-accordion-item-3354\" class=\"e-n-accordion-item\" >\n\t\t\t\t<summary class=\"e-n-accordion-item-title\" data-accordion-index=\"5\" tabindex=\"-1\" aria-expanded=\"false\" aria-controls=\"e-n-accordion-item-3354\" >\n\t\t\t\t\t<span class='e-n-accordion-item-title-header'><div class=\"e-n-accordion-item-title-text\"> Onde acontecem as atividades pr\u00e1ticas? <\/div><\/span>\n\t\t\t\t\t\t\t<span class='e-n-accordion-item-title-icon'>\n\t\t\t<span class='e-opened' ><svg aria-hidden=\"true\" class=\"e-font-icon-svg e-fas-chevron-up\" viewBox=\"0 0 448 512\" xmlns=\"http:\/\/www.w3.org\/2000\/svg\"><path d=\"M240.971 130.524l194.343 194.343c9.373 9.373 9.373 24.569 0 33.941l-22.667 22.667c-9.357 9.357-24.522 9.375-33.901.04L224 227.495 69.255 381.516c-9.379 9.335-24.544 9.317-33.901-.04l-22.667-22.667c-9.373-9.373-9.373-24.569 0-33.941L207.03 130.525c9.372-9.373 24.568-9.373 33.941-.001z\"><\/path><\/svg><\/span>\n\t\t\t<span class='e-closed'><svg aria-hidden=\"true\" class=\"e-font-icon-svg e-fas-chevron-down\" viewBox=\"0 0 448 512\" xmlns=\"http:\/\/www.w3.org\/2000\/svg\"><path d=\"M207.029 381.476L12.686 187.132c-9.373-9.373-9.373-24.569 0-33.941l22.667-22.667c9.357-9.357 24.522-9.375 33.901-.04L224 284.505l154.745-154.021c9.379-9.335 24.544-9.317 33.901.04l22.667 22.667c9.373 9.373 9.373 24.569 0 33.941L240.971 381.476c-9.373 9.372-24.569 9.372-33.942 0z\"><\/path><\/svg><\/span>\n\t\t<\/span>\n\n\t\t\t\t\t\t<\/summary>\n\t\t\t\t<div role=\"region\" aria-labelledby=\"e-n-accordion-item-3354\" class=\"elementor-element elementor-element-f87610e e-con-full e-flex e-con e-child\" data-id=\"f87610e\" data-element_type=\"container\">\n\t\t\t\t<div class=\"elementor-element elementor-element-8ee3470 elementor-widget elementor-widget-texto\" data-id=\"8ee3470\" data-element_type=\"widget\" data-widget_type=\"texto.default\">\n\t\t\t\t<div class=\"elementor-widget-container\">\n\t\t\t\t\t        <div class=\"texto-widget\">\n            <p>As atividades s\u00e3o realizadas no Hospital Biocor, com inser\u00e7\u00e3o em um ambiente geral e atendimento a urg\u00eancias cl\u00ednicas e cir\u00fargicas 24h por dia.<\/p>        <\/div>\n        \t\t\t\t<\/div>\n\t\t\t\t<\/div>\n\t\t\t\t<\/div>\n\t\t\t\t\t<\/details>\n\t\t\t\t\t<\/div>\n\t\t\t\t\t\t<\/div>\n\t\t\t\t<\/div>\n\t\t\t\t<\/div>\n\t\t\t\t\t<\/div>\n\t\t\t\t<\/div>\n\t\t\t\t<\/div>\n\t\t","protected":false},"excerpt":{"rendered":"<p>O programa tem como objetivo o treinamento te\u00f3rico e pr\u00e1tico sob supervis\u00e3o do residente para a forma\u00e7\u00e3o de m\u00e9dicos intensivistas aptos a ocuparem cargos de rotina, supervisores ou coordenadores de unidades de terapia intensiva. Al\u00e9m disso, o desenvolvimento das habilidades para ensino e pesquisa cl\u00ednica, com vis\u00e3o cr\u00edtica para interpreta\u00e7\u00e3o de artigos cient\u00edficos e dos processos de metodologia cient\u00edfica.<\/p>\n","protected":false},"featured_media":6002,"template":"","meta":{"_acf_changed":false},"especialidades":[156],"modalidade":[55],"class_list":["post-6001","curso","type-curso","status-publish","has-post-thumbnail","hentry","especialidades-medicina-intensiva","modalidade-minas-gerais"],"acf":[],"yoast_head":"<!-- This site is optimized with the Yoast SEO plugin v27.3 - https:\/\/yoast.com\/product\/yoast-seo-wordpress\/ -->\n<title>Resid\u00eancia M\u00e9dica em Medicina Intensiva (MG) - IDOR - Instituto D&#039;Or de Pesquisa e Ensino<\/title>\n<link rel=\"canonical\" href=\"https:\/\/ptbr.idor.org\/cursos\/residencia-medica-em-medicina-intensiva-mg\/\" \/>\n<meta property=\"og:locale\" content=\"pt_BR\" \/>\n<meta property=\"og:type\" content=\"article\" \/>\n<meta property=\"og:title\" content=\"Resid\u00eancia M\u00e9dica em Medicina Intensiva (MG) - IDOR - Instituto D&#039;Or de Pesquisa e Ensino\" \/>\n<meta property=\"og:description\" content=\"O programa tem como objetivo o treinamento te\u00f3rico e pr\u00e1tico sob supervis\u00e3o do residente para a forma\u00e7\u00e3o de m\u00e9dicos intensivistas aptos a ocuparem cargos de rotina, supervisores ou coordenadores de unidades de terapia intensiva. Al\u00e9m disso, o desenvolvimento das habilidades para ensino e pesquisa cl\u00ednica, com vis\u00e3o cr\u00edtica para interpreta\u00e7\u00e3o de artigos cient\u00edficos e dos processos de metodologia cient\u00edfica.\" \/>\n<meta property=\"og:url\" content=\"https:\/\/ptbr.idor.org\/cursos\/residencia-medica-em-medicina-intensiva-mg\/\" \/>\n<meta property=\"og:site_name\" content=\"IDOR - Instituto D&#039;Or de Pesquisa e Ensino\" \/>\n<meta property=\"article:modified_time\" content=\"2026-03-02T14:49:50+00:00\" \/>\n<meta property=\"og:image\" content=\"https:\/\/ptbr.idor.org\/wp-content\/uploads\/2025\/12\/shutterstock_160642313-med-intensiva2-1.jpg\" \/>\n\t<meta property=\"og:image:width\" content=\"1700\" \/>\n\t<meta property=\"og:image:height\" content=\"996\" \/>\n\t<meta property=\"og:image:type\" content=\"image\/jpeg\" \/>\n<meta name=\"twitter:card\" content=\"summary_large_image\" \/>\n<meta name=\"twitter:label1\" content=\"Est. tempo de leitura\" \/>\n\t<meta name=\"twitter:data1\" content=\"6 minutos\" \/>\n<script type=\"application\/ld+json\" class=\"yoast-schema-graph\">{\"@context\":\"https:\\\/\\\/schema.org\",\"@graph\":[{\"@type\":\"WebPage\",\"@id\":\"https:\\\/\\\/ptbr.idor.org\\\/cursos\\\/residencia-medica-em-medicina-intensiva-mg\\\/\",\"url\":\"https:\\\/\\\/ptbr.idor.org\\\/cursos\\\/residencia-medica-em-medicina-intensiva-mg\\\/\",\"name\":\"Resid\u00eancia M\u00e9dica em Medicina Intensiva (MG) - IDOR - Instituto D&#039;Or de Pesquisa e Ensino\",\"isPartOf\":{\"@id\":\"https:\\\/\\\/www.rededorsaoluiz.com.br\\\/instituto\\\/idor\\\/#website\"},\"primaryImageOfPage\":{\"@id\":\"https:\\\/\\\/ptbr.idor.org\\\/cursos\\\/residencia-medica-em-medicina-intensiva-mg\\\/#primaryimage\"},\"image\":{\"@id\":\"https:\\\/\\\/ptbr.idor.org\\\/cursos\\\/residencia-medica-em-medicina-intensiva-mg\\\/#primaryimage\"},\"thumbnailUrl\":\"https:\\\/\\\/www.rededorsaoluiz.com.br\\\/instituto\\\/idor\\\/wp-content\\\/uploads\\\/2025\\\/12\\\/shutterstock_160642313-med-intensiva2-1.jpg\",\"datePublished\":\"2025-11-05T13:04:23+00:00\",\"dateModified\":\"2026-03-02T14:49:50+00:00\",\"breadcrumb\":{\"@id\":\"https:\\\/\\\/ptbr.idor.org\\\/cursos\\\/residencia-medica-em-medicina-intensiva-mg\\\/#breadcrumb\"},\"inLanguage\":\"pt-BR\",\"potentialAction\":[{\"@type\":\"ReadAction\",\"target\":[\"https:\\\/\\\/ptbr.idor.org\\\/cursos\\\/residencia-medica-em-medicina-intensiva-mg\\\/\"]}]},{\"@type\":\"ImageObject\",\"inLanguage\":\"pt-BR\",\"@id\":\"https:\\\/\\\/ptbr.idor.org\\\/cursos\\\/residencia-medica-em-medicina-intensiva-mg\\\/#primaryimage\",\"url\":\"https:\\\/\\\/www.rededorsaoluiz.com.br\\\/instituto\\\/idor\\\/wp-content\\\/uploads\\\/2025\\\/12\\\/shutterstock_160642313-med-intensiva2-1.jpg\",\"contentUrl\":\"https:\\\/\\\/www.rededorsaoluiz.com.br\\\/instituto\\\/idor\\\/wp-content\\\/uploads\\\/2025\\\/12\\\/shutterstock_160642313-med-intensiva2-1.jpg\",\"width\":1700,\"height\":996},{\"@type\":\"BreadcrumbList\",\"@id\":\"https:\\\/\\\/ptbr.idor.org\\\/cursos\\\/residencia-medica-em-medicina-intensiva-mg\\\/#breadcrumb\",\"itemListElement\":[{\"@type\":\"ListItem\",\"position\":1,\"name\":\"In\u00edcio\",\"item\":\"https:\\\/\\\/www.rededorsaoluiz.com.br\\\/instituto\\\/idor\\\/\"},{\"@type\":\"ListItem\",\"position\":2,\"name\":\"Resid\u00eancia M\u00e9dica em Medicina Intensiva (MG)\"}]},{\"@type\":\"WebSite\",\"@id\":\"https:\\\/\\\/www.rededorsaoluiz.com.br\\\/instituto\\\/idor\\\/#website\",\"url\":\"https:\\\/\\\/www.rededorsaoluiz.com.br\\\/instituto\\\/idor\\\/\",\"name\":\"IDOR - Instituto D&#039;Or de Pesquisa e Ensino\",\"description\":\"\",\"potentialAction\":[{\"@type\":\"SearchAction\",\"target\":{\"@type\":\"EntryPoint\",\"urlTemplate\":\"https:\\\/\\\/www.rededorsaoluiz.com.br\\\/instituto\\\/idor\\\/?s={search_term_string}\"},\"query-input\":{\"@type\":\"PropertyValueSpecification\",\"valueRequired\":true,\"valueName\":\"search_term_string\"}}],\"inLanguage\":\"pt-BR\"}]}<\/script>\n<!-- \/ Yoast SEO plugin. -->","yoast_head_json":{"title":"Resid\u00eancia M\u00e9dica em Medicina Intensiva (MG) - IDOR - Instituto D&#039;Or de Pesquisa e Ensino","canonical":"https:\/\/ptbr.idor.org\/cursos\/residencia-medica-em-medicina-intensiva-mg\/","og_locale":"pt_BR","og_type":"article","og_title":"Resid\u00eancia M\u00e9dica em Medicina Intensiva (MG) - IDOR - Instituto D&#039;Or de Pesquisa e Ensino","og_description":"O programa tem como objetivo o treinamento te\u00f3rico e pr\u00e1tico sob supervis\u00e3o do residente para a forma\u00e7\u00e3o de m\u00e9dicos intensivistas aptos a ocuparem cargos de rotina, supervisores ou coordenadores de unidades de terapia intensiva. Al\u00e9m disso, o desenvolvimento das habilidades para ensino e pesquisa cl\u00ednica, com vis\u00e3o cr\u00edtica para interpreta\u00e7\u00e3o de artigos cient\u00edficos e dos processos de metodologia cient\u00edfica.","og_url":"https:\/\/ptbr.idor.org\/cursos\/residencia-medica-em-medicina-intensiva-mg\/","og_site_name":"IDOR - Instituto D&#039;Or de Pesquisa e Ensino","article_modified_time":"2026-03-02T14:49:50+00:00","og_image":[{"width":1700,"height":996,"url":"https:\/\/ptbr.idor.org\/wp-content\/uploads\/2025\/12\/shutterstock_160642313-med-intensiva2-1.jpg","type":"image\/jpeg"}],"twitter_card":"summary_large_image","twitter_misc":{"Est. tempo de leitura":"6 minutos"},"schema":{"@context":"https:\/\/schema.org","@graph":[{"@type":"WebPage","@id":"https:\/\/ptbr.idor.org\/cursos\/residencia-medica-em-medicina-intensiva-mg\/","url":"https:\/\/ptbr.idor.org\/cursos\/residencia-medica-em-medicina-intensiva-mg\/","name":"Resid\u00eancia M\u00e9dica em Medicina Intensiva (MG) - IDOR - Instituto D&#039;Or de Pesquisa e Ensino","isPartOf":{"@id":"https:\/\/www.rededorsaoluiz.com.br\/instituto\/idor\/#website"},"primaryImageOfPage":{"@id":"https:\/\/ptbr.idor.org\/cursos\/residencia-medica-em-medicina-intensiva-mg\/#primaryimage"},"image":{"@id":"https:\/\/ptbr.idor.org\/cursos\/residencia-medica-em-medicina-intensiva-mg\/#primaryimage"},"thumbnailUrl":"https:\/\/www.rededorsaoluiz.com.br\/instituto\/idor\/wp-content\/uploads\/2025\/12\/shutterstock_160642313-med-intensiva2-1.jpg","datePublished":"2025-11-05T13:04:23+00:00","dateModified":"2026-03-02T14:49:50+00:00","breadcrumb":{"@id":"https:\/\/ptbr.idor.org\/cursos\/residencia-medica-em-medicina-intensiva-mg\/#breadcrumb"},"inLanguage":"pt-BR","potentialAction":[{"@type":"ReadAction","target":["https:\/\/ptbr.idor.org\/cursos\/residencia-medica-em-medicina-intensiva-mg\/"]}]},{"@type":"ImageObject","inLanguage":"pt-BR","@id":"https:\/\/ptbr.idor.org\/cursos\/residencia-medica-em-medicina-intensiva-mg\/#primaryimage","url":"https:\/\/www.rededorsaoluiz.com.br\/instituto\/idor\/wp-content\/uploads\/2025\/12\/shutterstock_160642313-med-intensiva2-1.jpg","contentUrl":"https:\/\/www.rededorsaoluiz.com.br\/instituto\/idor\/wp-content\/uploads\/2025\/12\/shutterstock_160642313-med-intensiva2-1.jpg","width":1700,"height":996},{"@type":"BreadcrumbList","@id":"https:\/\/ptbr.idor.org\/cursos\/residencia-medica-em-medicina-intensiva-mg\/#breadcrumb","itemListElement":[{"@type":"ListItem","position":1,"name":"In\u00edcio","item":"https:\/\/www.rededorsaoluiz.com.br\/instituto\/idor\/"},{"@type":"ListItem","position":2,"name":"Resid\u00eancia M\u00e9dica em Medicina Intensiva (MG)"}]},{"@type":"WebSite","@id":"https:\/\/www.rededorsaoluiz.com.br\/instituto\/idor\/#website","url":"https:\/\/www.rededorsaoluiz.com.br\/instituto\/idor\/","name":"IDOR - Instituto D&#039;Or de Pesquisa e Ensino","description":"","potentialAction":[{"@type":"SearchAction","target":{"@type":"EntryPoint","urlTemplate":"https:\/\/www.rededorsaoluiz.com.br\/instituto\/idor\/?s={search_term_string}"},"query-input":{"@type":"PropertyValueSpecification","valueRequired":true,"valueName":"search_term_string"}}],"inLanguage":"pt-BR"}]}},"_links":{"self":[{"href":"https:\/\/www.rededorsaoluiz.com.br\/instituto\/idor\/wp-json\/wp\/v2\/curso\/6001","targetHints":{"allow":["GET"]}}],"collection":[{"href":"https:\/\/www.rededorsaoluiz.com.br\/instituto\/idor\/wp-json\/wp\/v2\/curso"}],"about":[{"href":"https:\/\/www.rededorsaoluiz.com.br\/instituto\/idor\/wp-json\/wp\/v2\/types\/curso"}],"version-history":[{"count":11,"href":"https:\/\/www.rededorsaoluiz.com.br\/instituto\/idor\/wp-json\/wp\/v2\/curso\/6001\/revisions"}],"predecessor-version":[{"id":17601,"href":"https:\/\/www.rededorsaoluiz.com.br\/instituto\/idor\/wp-json\/wp\/v2\/curso\/6001\/revisions\/17601"}],"wp:featuredmedia":[{"embeddable":true,"href":"https:\/\/www.rededorsaoluiz.com.br\/instituto\/idor\/wp-json\/wp\/v2\/media\/6002"}],"wp:attachment":[{"href":"https:\/\/www.rededorsaoluiz.com.br\/instituto\/idor\/wp-json\/wp\/v2\/media?parent=6001"}],"wp:term":[{"taxonomy":"especialidades","embeddable":true,"href":"https:\/\/www.rededorsaoluiz.com.br\/instituto\/idor\/wp-json\/wp\/v2\/especialidades?post=6001"},{"taxonomy":"modalidade","embeddable":true,"href":"https:\/\/www.rededorsaoluiz.com.br\/instituto\/idor\/wp-json\/wp\/v2\/modalidade?post=6001"}],"curies":[{"name":"wp","href":"https:\/\/api.w.org\/{rel}","templated":true}]}}