{"id":3557,"date":"2025-12-04T16:33:04","date_gmt":"2025-12-04T19:33:04","guid":{"rendered":"https:\/\/ptbr.idor.org\/?page_id=3557"},"modified":"2026-03-02T14:27:02","modified_gmt":"2026-03-02T17:27:02","slug":"cpa","status":"publish","type":"page","link":"https:\/\/www.rededorsaoluiz.com.br\/instituto\/idor\/ensino\/cpa\/","title":{"rendered":"CPA (Comiss\u00e3o Pr\u00f3pria de Autoavalia\u00e7\u00e3o)"},"content":{"rendered":"\t\t<div data-elementor-type=\"wp-page\" data-elementor-id=\"3557\" class=\"elementor elementor-3557\" data-elementor-post-type=\"page\">\n\t\t\t\t<div class=\"elementor-element elementor-element-74ba6bb e-con-full e-flex e-con e-parent\" data-id=\"74ba6bb\" data-element_type=\"container\" data-settings=\"{&quot;background_background&quot;:&quot;classic&quot;}\">\n\t\t<div class=\"elementor-element elementor-element-6258f96 e-flex e-con-boxed e-con e-child\" data-id=\"6258f96\" data-element_type=\"container\">\n\t\t\t\t\t<div class=\"e-con-inner\">\n\t\t\t\t<div class=\"elementor-element elementor-element-86e97e7 elementor-widget elementor-widget-title-idor\" data-id=\"86e97e7\" data-element_type=\"widget\" data-widget_type=\"title-idor.default\">\n\t\t\t\t<div class=\"elementor-widget-container\">\n\t\t\t\t\t        <div class=\"title-idor-widget\">\n            <h2 class=\"title\">CPA (Comiss\u00e3o Pr\u00f3pria de Autoavalia\u00e7\u00e3o)<\/h2>\n        <\/div>\n        \t\t\t\t<\/div>\n\t\t\t\t<\/div>\n\t\t\t\t<div class=\"elementor-element elementor-element-3c19c4f elementor-widget elementor-widget-texto\" data-id=\"3c19c4f\" data-element_type=\"widget\" data-widget_type=\"texto.default\">\n\t\t\t\t<div class=\"elementor-widget-container\">\n\t\t\t\t\t        <div class=\"texto-widget\">\n            <p><strong style=\"font-weight: 500; font-size: .875rem;\"><a href=\"https:\/\/www.rededorsaoluiz.com.br\/instituto\/idor\/\">Home<\/a> &gt; <a href=\"https:\/\/www.rededorsaoluiz.com.br\/instituto\/idor\/ensino\/\">Ensino<\/a><\/strong><\/p>        <\/div>\n        \t\t\t\t<\/div>\n\t\t\t\t<\/div>\n\t\t\t\t\t<\/div>\n\t\t\t\t<\/div>\n\t\t\t\t<\/div>\n\t\t<div class=\"elementor-element elementor-element-cd0da7f e-flex e-con-boxed e-con e-parent\" data-id=\"cd0da7f\" data-element_type=\"container\">\n\t\t\t\t\t<div class=\"e-con-inner\">\n\t\t\t\t<div class=\"elementor-element elementor-element-ce22875 elementor-widget elementor-widget-texto\" data-id=\"ce22875\" data-element_type=\"widget\" data-widget_type=\"texto.default\">\n\t\t\t\t<div class=\"elementor-widget-container\">\n\t\t\t\t\t        <div class=\"texto-widget\">\n            <p>Nos termos da Lei n\u00ba 10.861\/2004, que instituiu o Sistema Nacional de Avalia\u00e7\u00e3o da Educa\u00e7\u00e3o Superior (SINAES), e atendendo \u00e0s Diretrizes disponibilizadas em 26 de agosto de 2004 pela Comiss\u00e3o Nacional de Avalia\u00e7\u00e3o da Educa\u00e7\u00e3o Superior (CONAES), a Faculdade IDOR de Ci\u00eancias M\u00e9dicas (<strong>Faculdade IDOR<\/strong>) instituiu a sua\u00a0<strong>Comiss\u00e3o Pr\u00f3pria de AutoAvalia\u00e7\u00e3o (CPA)\u00a0<\/strong>atrav\u00e9s da Portaria N\u00ba 01-2016 de 01 de agosto de 2016. A comiss\u00e3o come\u00e7ou a atuar de maneira efetiva ap\u00f3s o in\u00edcio do primeiro curso de gradua\u00e7\u00e3o da Faculdade IDOR, Curso Superior de Tecnologia em Radiologia, autorizado pela Portaria n\u00b0160, de 28 de fevereiro de 2018, do Minist\u00e9rio da Educa\u00e7\u00e3o, D.O.U., n\u00ba41, quinta-feira, 1\u00ba de mar\u00e7o de 2018. Os resultados obtidos \u00a0s\u00e3o de extrema import\u00e2ncia para o planejamento e a administra\u00e7\u00e3o das atividades da Faculdade IDOR.<\/p>        <\/div>\n        \t\t\t\t<\/div>\n\t\t\t\t<\/div>\n\t\t\t\t\t<\/div>\n\t\t\t\t<\/div>\n\t\t<div class=\"elementor-element elementor-element-5a92402 e-flex e-con-boxed e-con e-parent\" data-id=\"5a92402\" data-element_type=\"container\" data-settings=\"{&quot;background_background&quot;:&quot;classic&quot;}\">\n\t\t\t\t\t<div class=\"e-con-inner\">\n\t\t\t\t<div class=\"elementor-element elementor-element-bb2b9a1 elementor-widget__width-inherit elementor-widget elementor-widget-texto\" data-id=\"bb2b9a1\" data-element_type=\"widget\" data-widget_type=\"texto.default\">\n\t\t\t\t<div class=\"elementor-widget-container\">\n\t\t\t\t\t        <div class=\"texto-widget\">\n            <p>Os trabalhos desempenhados pela CPA baseiam-se em cinco eixos, contemplando as dez dimens\u00f5es do SINAES, contidas na Lei SINAES n\u00ba 10.861, artigo 3\u00ba. S\u00e3o eles:<\/p>        <\/div>\n        \t\t\t\t<\/div>\n\t\t\t\t<\/div>\n\t\t<div class=\"elementor-element elementor-element-3f33e1b e-con-full e-flex e-con e-child\" data-id=\"3f33e1b\" data-element_type=\"container\" data-settings=\"{&quot;background_background&quot;:&quot;classic&quot;}\">\n\t\t\t\t<div class=\"elementor-element elementor-element-b1661a6 elementor-widget__width-initial elementor-widget elementor-widget-text-editor\" data-id=\"b1661a6\" data-element_type=\"widget\" data-widget_type=\"text-editor.default\">\n\t\t\t\t\t\t\t\t\t<p>Eixo 1<\/p>\t\t\t\t\t\t\t\t<\/div>\n\t\t\t\t<div class=\"elementor-element elementor-element-35ea237 elementor-widget__width-inherit elementor-widget elementor-widget-texto\" data-id=\"35ea237\" data-element_type=\"widget\" data-widget_type=\"texto.default\">\n\t\t\t\t<div class=\"elementor-widget-container\">\n\t\t\t\t\t        <div class=\"texto-widget\">\n            <p>Planejamento e Avalia\u00e7\u00e3o Institucional;<\/p>        <\/div>\n        \t\t\t\t<\/div>\n\t\t\t\t<\/div>\n\t\t\t\t<\/div>\n\t\t<div class=\"elementor-element elementor-element-f6f996e e-con-full e-flex e-con e-child\" data-id=\"f6f996e\" data-element_type=\"container\" data-settings=\"{&quot;background_background&quot;:&quot;classic&quot;}\">\n\t\t\t\t<div class=\"elementor-element elementor-element-4cb09d1 elementor-widget__width-initial elementor-widget elementor-widget-text-editor\" data-id=\"4cb09d1\" data-element_type=\"widget\" data-widget_type=\"text-editor.default\">\n\t\t\t\t\t\t\t\t\t<p>Eixo 2<\/p>\t\t\t\t\t\t\t\t<\/div>\n\t\t\t\t<div class=\"elementor-element elementor-element-cdbdd2e elementor-widget__width-inherit elementor-widget elementor-widget-texto\" data-id=\"cdbdd2e\" data-element_type=\"widget\" data-widget_type=\"texto.default\">\n\t\t\t\t<div class=\"elementor-widget-container\">\n\t\t\t\t\t        <div class=\"texto-widget\">\n            <p>Desenvolvimento Institucional;<\/p>        <\/div>\n        \t\t\t\t<\/div>\n\t\t\t\t<\/div>\n\t\t\t\t<\/div>\n\t\t<div class=\"elementor-element elementor-element-281b295 e-con-full e-flex e-con e-child\" data-id=\"281b295\" data-element_type=\"container\" data-settings=\"{&quot;background_background&quot;:&quot;classic&quot;}\">\n\t\t\t\t<div class=\"elementor-element elementor-element-4874575 elementor-widget__width-initial elementor-widget elementor-widget-text-editor\" data-id=\"4874575\" data-element_type=\"widget\" data-widget_type=\"text-editor.default\">\n\t\t\t\t\t\t\t\t\t<p>Eixo 3<\/p>\t\t\t\t\t\t\t\t<\/div>\n\t\t\t\t<div class=\"elementor-element elementor-element-baec9cc elementor-widget__width-inherit elementor-widget elementor-widget-texto\" data-id=\"baec9cc\" data-element_type=\"widget\" data-widget_type=\"texto.default\">\n\t\t\t\t<div class=\"elementor-widget-container\">\n\t\t\t\t\t        <div class=\"texto-widget\">\n            <p>Pol\u00edticas Acad\u00eamicas;<\/p>        <\/div>\n        \t\t\t\t<\/div>\n\t\t\t\t<\/div>\n\t\t\t\t<\/div>\n\t\t<div class=\"elementor-element elementor-element-7b5f7dd e-con-full e-flex e-con e-child\" data-id=\"7b5f7dd\" data-element_type=\"container\" data-settings=\"{&quot;background_background&quot;:&quot;classic&quot;}\">\n\t\t\t\t<div class=\"elementor-element elementor-element-b60a2ee elementor-widget__width-initial elementor-widget elementor-widget-text-editor\" data-id=\"b60a2ee\" data-element_type=\"widget\" data-widget_type=\"text-editor.default\">\n\t\t\t\t\t\t\t\t\t<p>Eixo 4<\/p>\t\t\t\t\t\t\t\t<\/div>\n\t\t\t\t<div class=\"elementor-element elementor-element-452fa91 elementor-widget__width-inherit elementor-widget elementor-widget-texto\" data-id=\"452fa91\" data-element_type=\"widget\" data-widget_type=\"texto.default\">\n\t\t\t\t<div class=\"elementor-widget-container\">\n\t\t\t\t\t        <div class=\"texto-widget\">\n            <p>Pol\u00edticas de Gest\u00e3o;<\/p>        <\/div>\n        \t\t\t\t<\/div>\n\t\t\t\t<\/div>\n\t\t\t\t<\/div>\n\t\t<div class=\"elementor-element elementor-element-14ebe7c e-con-full e-flex e-con e-child\" data-id=\"14ebe7c\" data-element_type=\"container\" data-settings=\"{&quot;background_background&quot;:&quot;classic&quot;}\">\n\t\t\t\t<div class=\"elementor-element elementor-element-b54ed1c elementor-widget__width-initial elementor-widget elementor-widget-text-editor\" data-id=\"b54ed1c\" data-element_type=\"widget\" data-widget_type=\"text-editor.default\">\n\t\t\t\t\t\t\t\t\t<p>Eixo 5<\/p>\t\t\t\t\t\t\t\t<\/div>\n\t\t\t\t<div class=\"elementor-element elementor-element-cddfecd elementor-widget__width-inherit elementor-widget elementor-widget-texto\" data-id=\"cddfecd\" data-element_type=\"widget\" data-widget_type=\"texto.default\">\n\t\t\t\t<div class=\"elementor-widget-container\">\n\t\t\t\t\t        <div class=\"texto-widget\">\n            <p>\u00a0Infraestrutura F\u00edsica.<\/p>        <\/div>\n        \t\t\t\t<\/div>\n\t\t\t\t<\/div>\n\t\t\t\t<\/div>\n\t\t\t\t<div class=\"elementor-element elementor-element-c73255f elementor-widget elementor-widget-texto\" data-id=\"c73255f\" data-element_type=\"widget\" data-widget_type=\"texto.default\">\n\t\t\t\t<div class=\"elementor-widget-container\">\n\t\t\t\t\t        <div class=\"texto-widget\">\n            <p>Desse modo, s\u00e3o realizadas atividades em conson\u00e2ncia com os processos did\u00e1tico pedag\u00f3gicos que possibilitem a reflex\u00e3o cr\u00edtica, o di\u00e1logo e a investiga\u00e7\u00e3o acad\u00eamico-cient\u00edfica, num exerc\u00edcio constante de aprendizagem participativa, articulando a teoria e a pr\u00e1tica no universo de conhecimento de cada \u00e1rea de estudo. \u00c9 um processo que conjuga um alto n\u00edvel de preparo e atualiza\u00e7\u00e3o profissional com o desenvolvimento de novas perspectivas acad\u00eamicas.<\/p>        <\/div>\n        \t\t\t\t<\/div>\n\t\t\t\t<\/div>\n\t\t<div class=\"elementor-element elementor-element-aa87dba e-flex e-con-boxed e-con e-child\" data-id=\"aa87dba\" data-element_type=\"container\">\n\t\t\t\t\t<div class=\"e-con-inner\">\n\t\t\t\t<div class=\"elementor-element elementor-element-989111f elementor-absolute elementor-widget elementor-widget-image\" data-id=\"989111f\" data-element_type=\"widget\" data-settings=\"{&quot;_position&quot;:&quot;absolute&quot;}\" data-widget_type=\"image.default\">\n\t\t\t\t\t\t\t\t\t\t\t\t\t\t\t<img decoding=\"async\" width=\"222\" height=\"74\" src=\"https:\/\/www.rededorsaoluiz.com.br\/instituto\/idor\/wp-content\/uploads\/2025\/11\/Frame-80.svg\" class=\"attachment-large size-large wp-image-537\" alt=\"\" \/>\t\t\t\t\t\t\t\t\t\t\t\t\t\t\t<\/div>\n\t\t\t\t\t<\/div>\n\t\t\t\t<\/div>\n\t\t\t\t\t<\/div>\n\t\t\t\t<\/div>\n\t\t<div class=\"elementor-element elementor-element-81a6668 e-flex e-con-boxed e-con e-parent\" data-id=\"81a6668\" data-element_type=\"container\">\n\t\t\t\t\t<div class=\"e-con-inner\">\n\t\t\t\t<div class=\"elementor-element elementor-element-44c32e3 elementor-widget elementor-widget-title-idor\" data-id=\"44c32e3\" data-element_type=\"widget\" data-widget_type=\"title-idor.default\">\n\t\t\t\t<div class=\"elementor-widget-container\">\n\t\t\t\t\t        <div class=\"title-idor-widget\">\n            <h2 class=\"title\">Composi\u00e7\u00e3o<\/h2>\n        <\/div>\n        \t\t\t\t<\/div>\n\t\t\t\t<\/div>\n\t\t\t\t\t<\/div>\n\t\t\t\t<\/div>\n\t\t<div class=\"elementor-element elementor-element-b4775c5 e-flex e-con-boxed e-con e-parent\" data-id=\"b4775c5\" data-element_type=\"container\">\n\t\t\t\t\t<div class=\"e-con-inner\">\n\t\t\t\t<div class=\"elementor-element elementor-element-a88fb27 elementor-widget elementor-widget-texto\" data-id=\"a88fb27\" data-element_type=\"widget\" data-widget_type=\"texto.default\">\n\t\t\t\t<div class=\"elementor-widget-container\">\n\t\t\t\t\t        <div class=\"texto-widget\">\n            <p>Presidente da CPA: Erika Rodrigues<br \/>Representante da Diretoria: Rosa Vianna<br \/>Representante do Corpo Docente: Talita Peixoto Pinto<br \/>Representante do Corpo Discente: Gustavo Paiva Sieber<br \/>Representante do Corpo T\u00e9cnico-Administrativo: Danielle Cosme de Souza<br \/>Representante da Sociedade Civil Organizada: Francisco Junior Ferreira<\/p>        <\/div>\n        \t\t\t\t<\/div>\n\t\t\t\t<\/div>\n\t\t\t\t<div class=\"elementor-element elementor-element-07d0abe elementor-widget elementor-widget-title-idor\" data-id=\"07d0abe\" data-element_type=\"widget\" data-widget_type=\"title-idor.default\">\n\t\t\t\t<div class=\"elementor-widget-container\">\n\t\t\t\t\t        <div class=\"title-idor-widget\">\n            <h2 class=\"title\">Objetivo<\/h2>\n        <\/div>\n        \t\t\t\t<\/div>\n\t\t\t\t<\/div>\n\t\t\t\t<div class=\"elementor-element elementor-element-188577f elementor-widget elementor-widget-texto\" data-id=\"188577f\" data-element_type=\"widget\" data-widget_type=\"texto.default\">\n\t\t\t\t<div class=\"elementor-widget-container\">\n\t\t\t\t\t        <div class=\"texto-widget\">\n            <p>A Comiss\u00e3o Pr\u00f3pria de AutoAvalia\u00e7\u00e3o \u2013 CPA, por meio do projeto de auto avalia\u00e7\u00e3o institucional, tem por objetivo identificar o perfil da institui\u00e7\u00e3o e o significado de sua atua\u00e7\u00e3o e atribui\u00e7\u00f5es, por meio de suas atividades, cursos, programas, projetos e setores, considerando as diferentes dimens\u00f5es institucionais, apreciando, obrigatoriamente, as dimens\u00f5es especificadas do SINAES. De acordo com a proposta do SINAES, a Avalia\u00e7\u00e3o Institucional tem a finalidade de contribuir para revis\u00e3o e aperfei\u00e7oamento do projeto acad\u00eamico e s\u00f3cio-pol\u00edtico da institui\u00e7\u00e3o, promovendo a permanente melhoria da qualidade e pertin\u00eancia das atividades desenvolvidas. A identifica\u00e7\u00e3o das necessidades de adapta\u00e7\u00f5es para o ajustamento das pol\u00edticas de a\u00e7\u00f5es dentro de um processo permanente de melhoria dos resultados resulta em satisfa\u00e7\u00e3o da comunidade acad\u00eamica como tamb\u00e9m da sociedade como um todo. Deste modo estabelece um canal direto de comunica\u00e7\u00e3o entre a comunidade (alunos, professores, pessoal t\u00e9cnico-administrativo e sociedade civil) e a institui\u00e7\u00e3o (em suas dimens\u00f5es pol\u00edtica, acad\u00eamica e administrativa), visando a excel\u00eancia na presta\u00e7\u00e3o dos servi\u00e7os pela Faculdade IDOR em compromisso com o desenvolvimento do indiv\u00edduo e da sociedade.<\/p><p>As mudan\u00e7as est\u00e3o acontecendo na Faculdade IDOR de forma positiva e crescente, melhorando a qualidade do servi\u00e7o a que se prop\u00f5e. Com a eminente expans\u00e3o de seus cursos presenciais e a cria\u00e7\u00e3o de cursos em EAD, o papel da CPA \u00e9 fundamental sendo uma ferramenta important\u00edssima na condu\u00e7\u00e3o da institui\u00e7\u00e3o ao cumprimento de todas as suas metas.<\/p>        <\/div>\n        \t\t\t\t<\/div>\n\t\t\t\t<\/div>\n\t\t\t\t<div class=\"elementor-element elementor-element-e69bd3f elementor-widget elementor-widget-title-idor\" data-id=\"e69bd3f\" data-element_type=\"widget\" data-widget_type=\"title-idor.default\">\n\t\t\t\t<div class=\"elementor-widget-container\">\n\t\t\t\t\t        <div class=\"title-idor-widget\">\n            <h2 class=\"title\">Coleta de dados<\/h2>\n        <\/div>\n        \t\t\t\t<\/div>\n\t\t\t\t<\/div>\n\t\t\t\t<div class=\"elementor-element elementor-element-d16d824 elementor-widget elementor-widget-texto\" data-id=\"d16d824\" data-element_type=\"widget\" data-widget_type=\"texto.default\">\n\t\t\t\t<div class=\"elementor-widget-container\">\n\t\t\t\t\t        <div class=\"texto-widget\">\n            <p>O Projeto de Avalia\u00e7\u00e3o Institucional \u00a0da Faculdade IDOR define a metodologia em fun\u00e7\u00e3o das \u00e1reas avaliadas, de modo a garantir a validade e a fidedignidade das informa\u00e7\u00f5es, bem como a facilidade de aplica\u00e7\u00e3o dos instrumentos e tratamento dos dados, visando \u00e0 descentraliza\u00e7\u00e3o. Os dados coletados, atrav\u00e9s de instrumentos de avalia\u00e7\u00e3o digitais, durante os semestres letivos, provenientes das \u00e1reas pesquisadas, compor\u00e3o relat\u00f3rios parciais e anuais, comunicados internamente e publicados, no site do IDOR, em local especialmente organizado para a divulga\u00e7\u00e3o da avalia\u00e7\u00e3o institucional. A Faculdade IDOR vem aprimorando e adaptando o processo de avalia\u00e7\u00e3o, procurando sempre torn\u00e1-lo mais eficiente e mais representativo da percep\u00e7\u00e3o geral da realidade. Procura-se, nas quest\u00f5es formuladas, que os pesquisados possam responder livre e democraticamente, sem possibilidade de identifica\u00e7\u00e3o, para que a manifesta\u00e7\u00e3o possa ser verdadeira, e a ampla divulga\u00e7\u00e3o dos resultados para que todos tenham a percep\u00e7\u00e3o de que s\u00e3o agentes da mudan\u00e7a. A participa\u00e7\u00e3o eficiente, \u00e9tica e relevante dos envolvidos e a utiliza\u00e7\u00e3o dos recursos materiais da institui\u00e7\u00e3o, traduzida em compromissos cient\u00edficos e sociais, asseguram a qualidade e import\u00e2ncia de seus servi\u00e7os e a sua legitima\u00e7\u00e3o junto \u00e0 sociedade.<\/p>        <\/div>\n        \t\t\t\t<\/div>\n\t\t\t\t<\/div>\n\t\t\t\t<div class=\"elementor-element elementor-element-bcf36a9 elementor-widget elementor-widget-title-idor\" data-id=\"bcf36a9\" data-element_type=\"widget\" data-widget_type=\"title-idor.default\">\n\t\t\t\t<div class=\"elementor-widget-container\">\n\t\t\t\t\t        <div class=\"title-idor-widget\">\n            <h2 class=\"title\">Divulga\u00e7\u00e3o dos resultados<\/h2>\n        <\/div>\n        \t\t\t\t<\/div>\n\t\t\t\t<\/div>\n\t\t\t\t<div class=\"elementor-element elementor-element-6ed5367 elementor-widget elementor-widget-texto\" data-id=\"6ed5367\" data-element_type=\"widget\" data-widget_type=\"texto.default\">\n\t\t\t\t<div class=\"elementor-widget-container\">\n\t\t\t\t\t        <div class=\"texto-widget\">\n            <p>Ap\u00f3s a aplica\u00e7\u00e3o da Avalia\u00e7\u00e3o Institucional, \u00e9 feita a leitura dos dados referentes aos resultados obtidos. Os dados s\u00e3o trabalhados e repassados ao N\u00facleo Docente Estruturante (NDE) da Faculdade IDOR para que medidas pertinentes possam ser implementadas ou corrigidas. \u00a0\u00c9 importante ressaltar que o mais importante de todo processo da CPA \u00e9 a realiza\u00e7\u00e3o das a\u00e7\u00f5es recomendadas, resultante da an\u00e1lise e compila\u00e7\u00e3o dos dados. De nada adianta termos todas as informa\u00e7\u00f5es se n\u00e3o buscarmos constantemente a melhoria atrav\u00e9s da capta\u00e7\u00e3o dos sentimentos dos agentes envolvidos na pesquisa. Os relat\u00f3rios s\u00e3o disponibilizados no site do IDOR, fixados em todas as salas de aula e disponibilizados na Biblioteca, para o conhecimento dos alunos, docentes, discentes e corpo t\u00e9cnico-administrativo.<\/p>        <\/div>\n        \t\t\t\t<\/div>\n\t\t\t\t<\/div>\n\t\t\t\t\t<\/div>\n\t\t\t\t<\/div>\n\t\t<div class=\"elementor-element elementor-element-4f5ee8d e-flex e-con-boxed e-con e-child\" data-id=\"4f5ee8d\" data-element_type=\"container\" data-settings=\"{&quot;background_background&quot;:&quot;classic&quot;}\">\n\t\t\t\t\t<div class=\"e-con-inner\">\n\t\t<div class=\"elementor-element elementor-element-5715ecf e-con-full e-flex e-con e-child\" data-id=\"5715ecf\" data-element_type=\"container\" data-settings=\"{&quot;background_background&quot;:&quot;classic&quot;}\">\n\t\t\t\t<div class=\"elementor-element elementor-element-97ad1b1 elementor-widget elementor-widget-title-idor\" data-id=\"97ad1b1\" data-element_type=\"widget\" data-widget_type=\"title-idor.default\">\n\t\t\t\t<div class=\"elementor-widget-container\">\n\t\t\t\t\t        <div class=\"title-idor-widget\">\n            <h2 class=\"title\">Contato:<\/h2>\n        <\/div>\n        \t\t\t\t<\/div>\n\t\t\t\t<\/div>\n\t\t\t\t<div class=\"elementor-element elementor-element-350415e elementor-widget__width-inherit elementor-widget elementor-widget-texto\" data-id=\"350415e\" data-element_type=\"widget\" data-widget_type=\"texto.default\">\n\t\t\t\t<div class=\"elementor-widget-container\">\n\t\t\t\t\t        <div class=\"texto-widget\">\n            <p>E-mail:\u00a0<a href=\"mailto:cpa@idor.org\">cpa@idor.org<\/a>\u00a0<\/p>        <\/div>\n        \t\t\t\t<\/div>\n\t\t\t\t<\/div>\n\t\t\t\t<div class=\"elementor-element elementor-element-393fe73 elementor-widget__width-inherit elementor-widget elementor-widget-texto\" data-id=\"393fe73\" data-element_type=\"widget\" data-widget_type=\"texto.default\">\n\t\t\t\t<div class=\"elementor-widget-container\">\n\t\t\t\t\t        <div class=\"texto-widget\">\n            <p>Endere\u00e7o: Rua Diniz Cordeiro, 30 \u2013 Botafogo, Rio de Janeiro \u2013 RJ, 22281-100<\/p>        <\/div>\n        \t\t\t\t<\/div>\n\t\t\t\t<\/div>\n\t\t\t\t<\/div>\n\t\t<div class=\"elementor-element elementor-element-979bc13 e-con-full e-flex e-con e-child\" data-id=\"979bc13\" data-element_type=\"container\" data-settings=\"{&quot;background_background&quot;:&quot;classic&quot;}\">\n\t\t\t\t<div class=\"elementor-element elementor-element-410859d elementor-widget elementor-widget-title-idor\" data-id=\"410859d\" data-element_type=\"widget\" data-widget_type=\"title-idor.default\">\n\t\t\t\t<div class=\"elementor-widget-container\">\n\t\t\t\t\t        <div class=\"title-idor-widget\">\n            <h2 class=\"title\">Relat\u00f3rios<\/h2>\n        <\/div>\n        \t\t\t\t<\/div>\n\t\t\t\t<\/div>\n\t\t<div class=\"elementor-element elementor-element-0fec49b e-con-full e-flex e-con e-child\" data-id=\"0fec49b\" data-element_type=\"container\">\n\t\t\t\t<div class=\"elementor-element elementor-element-86c4eb9 elementor-widget__width-inherit elementor-widget elementor-widget-texto\" data-id=\"86c4eb9\" data-element_type=\"widget\" data-widget_type=\"texto.default\">\n\t\t\t\t<div class=\"elementor-widget-container\">\n\t\t\t\t\t        <div class=\"texto-widget\">\n            <p><a href=\"http:\/\/www.rededorsaoluiz.com.br\/instituto\/idor\/\/wp-content\/uploads\/2021\/12\/CPA_Relatorio-2020.1-1-link-site.pdf\">Relat\u00f3rio Parcial 2020.1<\/a><br \/><a href=\"http:\/\/www.rededorsaoluiz.com.br\/instituto\/idor\/\/wp-content\/uploads\/2021\/12\/relatorio-CPA-2020-5_21.pdf\">Relat\u00f3rio CPA 2020<\/a><br \/><a href=\"https:\/\/www.rededorsaoluiz.com.br\/instituto\/idor\/wp-content\/uploads\/2022\/09\/Relato%CC%81rio-Anual-2021.pdf\">Relato\u0301rio Anual 2021<\/a><\/p>        <\/div>\n        \t\t\t\t<\/div>\n\t\t\t\t<\/div>\n\t\t\t\t<div class=\"elementor-element elementor-element-d3a878b elementor-widget__width-inherit elementor-widget elementor-widget-texto\" data-id=\"d3a878b\" data-element_type=\"widget\" data-widget_type=\"texto.default\">\n\t\t\t\t<div class=\"elementor-widget-container\">\n\t\t\t\t\t        <div class=\"texto-widget\">\n            <p><a href=\"https:\/\/www.rededorsaoluiz.com.br\/instituto\/idor\/wp-content\/uploads\/2023\/09\/CPA_Relatorio-2022-1.pdf\">Relat\u00f3rio Anual 2022<\/a><br \/><a href=\"https:\/\/www.rededorsaoluiz.com.br\/instituto\/idor\/wp-content\/uploads\/2024\/06\/Relato-Institucional-2021_2023.pdf\">Relato Institucional 2021 \u2013 2023<\/a><br \/><a href=\"https:\/\/www.rededorsaoluiz.com.br\/instituto\/idor\/wp-content\/uploads\/2024\/06\/Relatorio-Integral-2021_2023-CPA.pdf\">Relat\u00f3rio Integral 2021 \u2013 2023<\/a><\/p>        <\/div>\n        \t\t\t\t<\/div>\n\t\t\t\t<\/div>\n\t\t\t\t<\/div>\n\t\t\t\t<\/div>\n\t\t\t\t\t<\/div>\n\t\t\t\t<\/div>\n\t\t\t\t<\/div>\n\t\t","protected":false},"excerpt":{"rendered":"<p>CPA (Comiss\u00e3o Pr\u00f3pria de Autoavalia\u00e7\u00e3o) Home &gt; Ensino Nos termos da Lei n\u00ba 10.861\/2004, que instituiu o Sistema Nacional de Avalia\u00e7\u00e3o da Educa\u00e7\u00e3o Superior (SINAES), e atendendo \u00e0s Diretrizes disponibilizadas em 26 de agosto de 2004 pela Comiss\u00e3o Nacional de Avalia\u00e7\u00e3o da Educa\u00e7\u00e3o Superior (CONAES), a Faculdade IDOR de Ci\u00eancias M\u00e9dicas (Faculdade IDOR) instituiu a [&hellip;]<\/p>\n","protected":false},"author":1,"featured_media":0,"parent":339,"menu_order":0,"comment_status":"closed","ping_status":"closed","template":"","meta":{"_acf_changed":false,"footnotes":""},"class_list":["post-3557","page","type-page","status-publish","hentry"],"acf":[],"yoast_head":"<!-- This site is optimized with the Yoast SEO plugin v27.3 - https:\/\/yoast.com\/product\/yoast-seo-wordpress\/ -->\n<title>CPA (Comiss\u00e3o Pr\u00f3pria de Autoavalia\u00e7\u00e3o) - IDOR - Instituto D&#039;Or de Pesquisa e Ensino<\/title>\n<link rel=\"canonical\" href=\"https:\/\/www.rededorsaoluiz.com.br\/instituto\/idor\/ensino\/cpa\/\" \/>\n<meta property=\"og:locale\" content=\"pt_BR\" \/>\n<meta property=\"og:type\" content=\"article\" \/>\n<meta property=\"og:title\" content=\"CPA (Comiss\u00e3o Pr\u00f3pria de Autoavalia\u00e7\u00e3o) - IDOR - Instituto D&#039;Or de Pesquisa e Ensino\" \/>\n<meta property=\"og:description\" content=\"CPA (Comiss\u00e3o Pr\u00f3pria de Autoavalia\u00e7\u00e3o) Home &gt; Ensino Nos termos da Lei n\u00ba 10.861\/2004, que instituiu o Sistema Nacional de Avalia\u00e7\u00e3o da Educa\u00e7\u00e3o Superior (SINAES), e atendendo \u00e0s Diretrizes disponibilizadas em 26 de agosto de 2004 pela Comiss\u00e3o Nacional de Avalia\u00e7\u00e3o da Educa\u00e7\u00e3o Superior (CONAES), a Faculdade IDOR de Ci\u00eancias M\u00e9dicas (Faculdade IDOR) instituiu a [&hellip;]\" \/>\n<meta property=\"og:url\" content=\"https:\/\/www.rededorsaoluiz.com.br\/instituto\/idor\/ensino\/cpa\/\" \/>\n<meta property=\"og:site_name\" content=\"IDOR - Instituto D&#039;Or de Pesquisa e Ensino\" \/>\n<meta property=\"article:modified_time\" content=\"2026-03-02T17:27:02+00:00\" \/>\n<meta property=\"og:image\" content=\"https:\/\/ptbr.idor.org\/wp-content\/uploads\/2025\/11\/Frame-80.svg\" \/>\n<meta name=\"twitter:card\" content=\"summary_large_image\" \/>\n<meta name=\"twitter:label1\" content=\"Est. tempo de leitura\" \/>\n\t<meta name=\"twitter:data1\" content=\"5 minutos\" \/>\n<script type=\"application\/ld+json\" class=\"yoast-schema-graph\">{\"@context\":\"https:\\\/\\\/schema.org\",\"@graph\":[{\"@type\":\"WebPage\",\"@id\":\"https:\\\/\\\/www.rededorsaoluiz.com.br\\\/instituto\\\/idor\\\/ensino\\\/cpa\\\/\",\"url\":\"https:\\\/\\\/www.rededorsaoluiz.com.br\\\/instituto\\\/idor\\\/ensino\\\/cpa\\\/\",\"name\":\"CPA (Comiss\u00e3o Pr\u00f3pria de Autoavalia\u00e7\u00e3o) - IDOR - Instituto D&#039;Or de Pesquisa e Ensino\",\"isPartOf\":{\"@id\":\"https:\\\/\\\/www.rededorsaoluiz.com.br\\\/instituto\\\/idor\\\/#website\"},\"primaryImageOfPage\":{\"@id\":\"https:\\\/\\\/www.rededorsaoluiz.com.br\\\/instituto\\\/idor\\\/ensino\\\/cpa\\\/#primaryimage\"},\"image\":{\"@id\":\"https:\\\/\\\/www.rededorsaoluiz.com.br\\\/instituto\\\/idor\\\/ensino\\\/cpa\\\/#primaryimage\"},\"thumbnailUrl\":\"https:\\\/\\\/ptbr.idor.org\\\/wp-content\\\/uploads\\\/2025\\\/11\\\/Frame-80.svg\",\"datePublished\":\"2025-12-04T19:33:04+00:00\",\"dateModified\":\"2026-03-02T17:27:02+00:00\",\"breadcrumb\":{\"@id\":\"https:\\\/\\\/www.rededorsaoluiz.com.br\\\/instituto\\\/idor\\\/ensino\\\/cpa\\\/#breadcrumb\"},\"inLanguage\":\"pt-BR\",\"potentialAction\":[{\"@type\":\"ReadAction\",\"target\":[\"https:\\\/\\\/www.rededorsaoluiz.com.br\\\/instituto\\\/idor\\\/ensino\\\/cpa\\\/\"]}]},{\"@type\":\"ImageObject\",\"inLanguage\":\"pt-BR\",\"@id\":\"https:\\\/\\\/www.rededorsaoluiz.com.br\\\/instituto\\\/idor\\\/ensino\\\/cpa\\\/#primaryimage\",\"url\":\"https:\\\/\\\/ptbr.idor.org\\\/wp-content\\\/uploads\\\/2025\\\/11\\\/Frame-80.svg\",\"contentUrl\":\"https:\\\/\\\/ptbr.idor.org\\\/wp-content\\\/uploads\\\/2025\\\/11\\\/Frame-80.svg\"},{\"@type\":\"BreadcrumbList\",\"@id\":\"https:\\\/\\\/www.rededorsaoluiz.com.br\\\/instituto\\\/idor\\\/ensino\\\/cpa\\\/#breadcrumb\",\"itemListElement\":[{\"@type\":\"ListItem\",\"position\":1,\"name\":\"In\u00edcio\",\"item\":\"https:\\\/\\\/www.rededorsaoluiz.com.br\\\/instituto\\\/idor\\\/\"},{\"@type\":\"ListItem\",\"position\":2,\"name\":\"Ensino\",\"item\":\"https:\\\/\\\/www.rededorsaoluiz.com.br\\\/instituto\\\/idor\\\/ensino\\\/\"},{\"@type\":\"ListItem\",\"position\":3,\"name\":\"CPA (Comiss\u00e3o Pr\u00f3pria de Autoavalia\u00e7\u00e3o)\"}]},{\"@type\":\"WebSite\",\"@id\":\"https:\\\/\\\/www.rededorsaoluiz.com.br\\\/instituto\\\/idor\\\/#website\",\"url\":\"https:\\\/\\\/www.rededorsaoluiz.com.br\\\/instituto\\\/idor\\\/\",\"name\":\"IDOR - Instituto D&#039;Or de Pesquisa e Ensino\",\"description\":\"\",\"potentialAction\":[{\"@type\":\"SearchAction\",\"target\":{\"@type\":\"EntryPoint\",\"urlTemplate\":\"https:\\\/\\\/www.rededorsaoluiz.com.br\\\/instituto\\\/idor\\\/?s={search_term_string}\"},\"query-input\":{\"@type\":\"PropertyValueSpecification\",\"valueRequired\":true,\"valueName\":\"search_term_string\"}}],\"inLanguage\":\"pt-BR\"}]}<\/script>\n<!-- \/ Yoast SEO plugin. -->","yoast_head_json":{"title":"CPA (Comiss\u00e3o Pr\u00f3pria de Autoavalia\u00e7\u00e3o) - IDOR - Instituto D&#039;Or de Pesquisa e Ensino","canonical":"https:\/\/www.rededorsaoluiz.com.br\/instituto\/idor\/ensino\/cpa\/","og_locale":"pt_BR","og_type":"article","og_title":"CPA (Comiss\u00e3o Pr\u00f3pria de Autoavalia\u00e7\u00e3o) - IDOR - Instituto D&#039;Or de Pesquisa e Ensino","og_description":"CPA (Comiss\u00e3o Pr\u00f3pria de Autoavalia\u00e7\u00e3o) Home &gt; Ensino Nos termos da Lei n\u00ba 10.861\/2004, que instituiu o Sistema Nacional de Avalia\u00e7\u00e3o da Educa\u00e7\u00e3o Superior (SINAES), e atendendo \u00e0s Diretrizes disponibilizadas em 26 de agosto de 2004 pela Comiss\u00e3o Nacional de Avalia\u00e7\u00e3o da Educa\u00e7\u00e3o Superior (CONAES), a Faculdade IDOR de Ci\u00eancias M\u00e9dicas (Faculdade IDOR) instituiu a [&hellip;]","og_url":"https:\/\/www.rededorsaoluiz.com.br\/instituto\/idor\/ensino\/cpa\/","og_site_name":"IDOR - Instituto D&#039;Or de Pesquisa e Ensino","article_modified_time":"2026-03-02T17:27:02+00:00","og_image":[{"url":"https:\/\/ptbr.idor.org\/wp-content\/uploads\/2025\/11\/Frame-80.svg","type":"","width":"","height":""}],"twitter_card":"summary_large_image","twitter_misc":{"Est. tempo de leitura":"5 minutos"},"schema":{"@context":"https:\/\/schema.org","@graph":[{"@type":"WebPage","@id":"https:\/\/www.rededorsaoluiz.com.br\/instituto\/idor\/ensino\/cpa\/","url":"https:\/\/www.rededorsaoluiz.com.br\/instituto\/idor\/ensino\/cpa\/","name":"CPA (Comiss\u00e3o Pr\u00f3pria de Autoavalia\u00e7\u00e3o) - IDOR - Instituto D&#039;Or de Pesquisa e Ensino","isPartOf":{"@id":"https:\/\/www.rededorsaoluiz.com.br\/instituto\/idor\/#website"},"primaryImageOfPage":{"@id":"https:\/\/www.rededorsaoluiz.com.br\/instituto\/idor\/ensino\/cpa\/#primaryimage"},"image":{"@id":"https:\/\/www.rededorsaoluiz.com.br\/instituto\/idor\/ensino\/cpa\/#primaryimage"},"thumbnailUrl":"https:\/\/ptbr.idor.org\/wp-content\/uploads\/2025\/11\/Frame-80.svg","datePublished":"2025-12-04T19:33:04+00:00","dateModified":"2026-03-02T17:27:02+00:00","breadcrumb":{"@id":"https:\/\/www.rededorsaoluiz.com.br\/instituto\/idor\/ensino\/cpa\/#breadcrumb"},"inLanguage":"pt-BR","potentialAction":[{"@type":"ReadAction","target":["https:\/\/www.rededorsaoluiz.com.br\/instituto\/idor\/ensino\/cpa\/"]}]},{"@type":"ImageObject","inLanguage":"pt-BR","@id":"https:\/\/www.rededorsaoluiz.com.br\/instituto\/idor\/ensino\/cpa\/#primaryimage","url":"https:\/\/ptbr.idor.org\/wp-content\/uploads\/2025\/11\/Frame-80.svg","contentUrl":"https:\/\/ptbr.idor.org\/wp-content\/uploads\/2025\/11\/Frame-80.svg"},{"@type":"BreadcrumbList","@id":"https:\/\/www.rededorsaoluiz.com.br\/instituto\/idor\/ensino\/cpa\/#breadcrumb","itemListElement":[{"@type":"ListItem","position":1,"name":"In\u00edcio","item":"https:\/\/www.rededorsaoluiz.com.br\/instituto\/idor\/"},{"@type":"ListItem","position":2,"name":"Ensino","item":"https:\/\/www.rededorsaoluiz.com.br\/instituto\/idor\/ensino\/"},{"@type":"ListItem","position":3,"name":"CPA (Comiss\u00e3o Pr\u00f3pria de Autoavalia\u00e7\u00e3o)"}]},{"@type":"WebSite","@id":"https:\/\/www.rededorsaoluiz.com.br\/instituto\/idor\/#website","url":"https:\/\/www.rededorsaoluiz.com.br\/instituto\/idor\/","name":"IDOR - Instituto D&#039;Or de Pesquisa e Ensino","description":"","potentialAction":[{"@type":"SearchAction","target":{"@type":"EntryPoint","urlTemplate":"https:\/\/www.rededorsaoluiz.com.br\/instituto\/idor\/?s={search_term_string}"},"query-input":{"@type":"PropertyValueSpecification","valueRequired":true,"valueName":"search_term_string"}}],"inLanguage":"pt-BR"}]}},"_links":{"self":[{"href":"https:\/\/www.rededorsaoluiz.com.br\/instituto\/idor\/wp-json\/wp\/v2\/pages\/3557","targetHints":{"allow":["GET"]}}],"collection":[{"href":"https:\/\/www.rededorsaoluiz.com.br\/instituto\/idor\/wp-json\/wp\/v2\/pages"}],"about":[{"href":"https:\/\/www.rededorsaoluiz.com.br\/instituto\/idor\/wp-json\/wp\/v2\/types\/page"}],"author":[{"embeddable":true,"href":"https:\/\/www.rededorsaoluiz.com.br\/instituto\/idor\/wp-json\/wp\/v2\/users\/1"}],"replies":[{"embeddable":true,"href":"https:\/\/www.rededorsaoluiz.com.br\/instituto\/idor\/wp-json\/wp\/v2\/comments?post=3557"}],"version-history":[{"count":41,"href":"https:\/\/www.rededorsaoluiz.com.br\/instituto\/idor\/wp-json\/wp\/v2\/pages\/3557\/revisions"}],"predecessor-version":[{"id":17617,"href":"https:\/\/www.rededorsaoluiz.com.br\/instituto\/idor\/wp-json\/wp\/v2\/pages\/3557\/revisions\/17617"}],"up":[{"embeddable":true,"href":"https:\/\/www.rededorsaoluiz.com.br\/instituto\/idor\/wp-json\/wp\/v2\/pages\/339"}],"wp:attachment":[{"href":"https:\/\/www.rededorsaoluiz.com.br\/instituto\/idor\/wp-json\/wp\/v2\/media?parent=3557"}],"curies":[{"name":"wp","href":"https:\/\/api.w.org\/{rel}","templated":true}]}}