{"id":939,"date":"2025-11-28T15:57:17","date_gmt":"2025-11-28T18:57:17","guid":{"rendered":"https:\/\/ptbr.idor.org\/?page_id=939"},"modified":"2026-03-02T14:48:13","modified_gmt":"2026-03-02T17:48:13","slug":"novidades","status":"publish","type":"page","link":"https:\/\/www.rededorsaoluiz.com.br\/instituto\/idor\/novidades\/","title":{"rendered":"Publica\u00e7\u00f5es"},"content":{"rendered":"\t\t<div data-elementor-type=\"wp-page\" data-elementor-id=\"939\" class=\"elementor elementor-939\" data-elementor-post-type=\"page\">\n\t\t\t\t<div class=\"elementor-element elementor-element-4b28b75 e-flex e-con-boxed e-con e-parent\" data-id=\"4b28b75\" data-element_type=\"container\" data-settings=\"{&quot;background_background&quot;:&quot;classic&quot;}\">\n\t\t\t\t\t<div class=\"e-con-inner\">\n\t\t\t\t<div class=\"elementor-element elementor-element-77737dc elementor-widget elementor-widget-title-idor\" data-id=\"77737dc\" data-element_type=\"widget\" data-widget_type=\"title-idor.default\">\n\t\t\t\t<div class=\"elementor-widget-container\">\n\t\t\t\t\t        <div class=\"title-idor-widget\">\n            <h2 class=\"title\">Publica\u00e7\u00f5es<\/h2>\n        <\/div>\n        \t\t\t\t<\/div>\n\t\t\t\t<\/div>\n\t\t\t\t<div class=\"elementor-element elementor-element-d884663 elementor-widget elementor-widget-texto\" data-id=\"d884663\" data-element_type=\"widget\" data-widget_type=\"texto.default\">\n\t\t\t\t<div class=\"elementor-widget-container\">\n\t\t\t\t\t        <div class=\"texto-widget\">\n            <p>Veja as \u00faltimas novidades nas nossas pesquisas, parcerias e atividades.<\/p>        <\/div>\n        \t\t\t\t<\/div>\n\t\t\t\t<\/div>\n\t\t\t\t\t<\/div>\n\t\t\t\t<\/div>\n\t\t<div class=\"elementor-element elementor-element-5256912 e-flex e-con-boxed e-con e-parent\" data-id=\"5256912\" data-element_type=\"container\">\n\t\t\t\t\t<div class=\"e-con-inner\">\n\t\t\t\t<div class=\"elementor-element elementor-element-79ece0d elementor-widget elementor-widget-shortcode\" data-id=\"79ece0d\" data-element_type=\"widget\" data-widget_type=\"shortcode.default\">\n\t\t\t\t\t\t\t<div class=\"elementor-shortcode\">\n<div id=\"app-lista-novidades\">\n    <div class=\"topo\">\n        <!-- Campo de busca Vue.js - ESCONDIDO sem JavaScript -->\n        <div class=\"vue-only busca-mobile filtros\" style=\"display: none;\">\n            <div class=\"campo-busca\">\n                <input type=\"text\" v-model=\"busca\" @input=\"atualizarBusca\" placeholder=\"Busca\" \/>\n                \n                <div class=\"icone-busca\">\n                    <!-- \u00cdcone SVG da lupa -->\n                    <svg width=\"18\" height=\"18\" viewBox=\"0 0 18 18\" fill=\"none\" xmlns=\"http:\/\/www.w3.org\/2000\/svg\">\n                        <path d=\"M12.5 11H11.71L11.43 10.73C12.444 9.55407 13.0012 8.05271 13 6.5C13 5.21442 12.6188 3.95772 11.9046 2.8888C11.1903 1.81988 10.1752 0.986756 8.98744 0.494786C7.79973 0.00281635 6.49279 -0.125905 5.23192 0.124899C3.97104 0.375703 2.81285 0.994767 1.90381 1.90381C0.994767 2.81285 0.375703 3.97104 0.124899 5.23192C-0.125905 6.49279 0.00281635 7.79973 0.494786 8.98744C0.986756 10.1752 1.81988 11.1903 2.8888 11.9046C3.95772 12.6188 5.21442 13 6.5 13C8.11 13 9.59 12.41 10.73 11.43L11 11.71V12.5L16 17.49L17.49 16L12.5 11ZM6.5 11C4.01 11 2 8.99 2 6.5C2 4.01 4.01 2 6.5 2C8.99 2 11 4.01 11 6.5C11 8.99 8.99 11 6.5 11Z\"\/>\n                    <\/svg>\n                <\/div>\n            <\/div>\n\n            <select v-model=\"categoriaSelecionada\" @change=\"handleCategoriaChange\" class=\"select-categorias\">\n                <option value=\"\">Categoria<\/option>\n                <template v-for=\"categoria in categorias\" :key=\"categoria.id\">\n                    <option v-if=\"categoria.nome !== 'Sem categoria'\" :value=\"categoria.id\">\n                        {{ categoria.nome }}\n                    <\/option>\n                <\/template>\n            <\/select>\n        <\/div>\n    <\/div>\n    \n    <!-- Loading Vue.js - ESCONDIDO sem JavaScript -->\n    <div v-if=\"isLoading\" class=\"vue-only\" style=\"display: none;\">\n        <div class=\"my-5 d-flex justify-content-center\">\n            <img decoding=\"async\" class=\"loading\" src=\"https:\/\/www.rededorsaoluiz.com.br\/instituto\/idor\/wp-content\/themes\/idor-novo-wp\/assets\/img\/loading.gif\" alt=\"gif de loading\">\n        <\/div>\n    <\/div>\n\n    <!-- Posts server-side para SEO - Google indexa este conte\u00fado (esconde quando Vue.js carrega) -->\n        <div class=\"conteudo row\" id=\"posts-server-side\">\n                <div class=\"col-md-4 col-12 mb-5\">\n            <div class=\"link-post\">\n                <a href=\"https:\/\/www.rededorsaoluiz.com.br\/instituto\/idor\/alunos-do-tecnico-em-enfermagem-do-idor-rj-vivenciam-a-pratica-em-visitas-tecnicas-a-hospitais-da-rede-dor\/\">\n                    <div class=\"card-thumb\">\n                        <img decoding=\"async\" src=\"https:\/\/www.rededorsaoluiz.com.br\/instituto\/idor\/wp-content\/uploads\/2026\/04\/30b241cf-55ff-4a34-bc0c-682e554d8863-768x1024.jpg\" \n                        alt=\"imagem de Alunos do T\u00e9cnico em Enfermagem do IDOR RJ vivenciam a pr\u00e1tica em visitas t\u00e9cnicas a hospitais da Rede D\u2019Or\" \/>\n                    <\/div>\n                <\/a>\n                <div class=\"card-content\">\n                    <div class=\"d-flex flex-wrap align-items-center gap-3 mt-3\">\n                        <span class=\"categoria\">\n                                                        <a href=\"https:\/\/www.rededorsaoluiz.com.br\/instituto\/idor\/?s=&#038;cat=ensino\">Ensino<\/a>\n                                                    <\/span>\n                        <span class=\"data-post\">\n                            30 de abril de 2026                        <\/span>\n                    <\/div>\n\n                    <a href=\"https:\/\/www.rededorsaoluiz.com.br\/instituto\/idor\/alunos-do-tecnico-em-enfermagem-do-idor-rj-vivenciam-a-pratica-em-visitas-tecnicas-a-hospitais-da-rede-dor\/\">\n                        <h3>Alunos do T\u00e9cnico em Enfermagem do IDOR RJ vivenciam a pr\u00e1tica em visitas t\u00e9cnicas a hospitais da Rede D\u2019Or<\/h3>\n                        <div class=\"card-text\">\n                            <p>Os alunos do curso T\u00e9cnico em Enfermagem da Escola T\u00e9cnica IDOR, no Rio de Janeiro, participaram ao longo deste ano...<\/p>\n                        <\/div>\n                        \n                        <div class=\"card-footer\">\n                            <span>Leia mais<\/span>\n                            <i class=\"bi bi-chevron-right\"><\/i>\n                        <\/div>\n                    <\/a>\n                <\/div>\n            <\/div>\n        <\/div>\n                <div class=\"col-md-4 col-12 mb-5\">\n            <div class=\"link-post\">\n                <a href=\"https:\/\/www.rededorsaoluiz.com.br\/instituto\/idor\/elementor-21537\/\">\n                    <div class=\"card-thumb\">\n                        <img decoding=\"async\" src=\"https:\/\/www.rededorsaoluiz.com.br\/instituto\/idor\/wp-content\/uploads\/2026\/04\/WhatsApp-Image-2026-04-10-at-18.21.29-768x1024.jpeg\" \n                        alt=\"imagem de Alunas do IDOR apresentam pesquisas em congressos cient\u00edficos nacionais\" \/>\n                    <\/div>\n                <\/a>\n                <div class=\"card-content\">\n                    <div class=\"d-flex flex-wrap align-items-center gap-3 mt-3\">\n                        <span class=\"categoria\">\n                                                        <a href=\"https:\/\/www.rededorsaoluiz.com.br\/instituto\/idor\/?s=&#038;cat=ensino\">Ensino<\/a>\n                                                    <\/span>\n                        <span class=\"data-post\">\n                            30 de abril de 2026                        <\/span>\n                    <\/div>\n\n                    <a href=\"https:\/\/www.rededorsaoluiz.com.br\/instituto\/idor\/elementor-21537\/\">\n                        <h3>Alunas do IDOR apresentam pesquisas em congressos cient\u00edficos nacionais<\/h3>\n                        <div class=\"card-text\">\n                            <p>O investimento cont\u00ednuo em pesquisa cient\u00edfica, aliado \u00e0 inser\u00e7\u00e3o ativa dos alunos em projetos desde a gradua\u00e7\u00e3o, \u00e9 um dos...<\/p>\n                        <\/div>\n                        \n                        <div class=\"card-footer\">\n                            <span>Leia mais<\/span>\n                            <i class=\"bi bi-chevron-right\"><\/i>\n                        <\/div>\n                    <\/a>\n                <\/div>\n            <\/div>\n        <\/div>\n                <div class=\"col-md-4 col-12 mb-5\">\n            <div class=\"link-post\">\n                <a href=\"https:\/\/www.rededorsaoluiz.com.br\/instituto\/idor\/idor-abre-inscricoes-para-graduacao-com-inicio-em-julho-de-2026\/\">\n                    <div class=\"card-thumb\">\n                        <img decoding=\"async\" src=\"https:\/\/www.rededorsaoluiz.com.br\/instituto\/idor\/wp-content\/uploads\/2026\/04\/3-26-graduacao2026.2-inscricoes-aberta-carrossel-1-1-768x960.png\" \n                        alt=\"imagem de IDOR\u00a0abre inscri\u00e7\u00f5es para gradua\u00e7\u00e3o com in\u00edcio em julho de 2026\" \/>\n                    <\/div>\n                <\/a>\n                <div class=\"card-content\">\n                    <div class=\"d-flex flex-wrap align-items-center gap-3 mt-3\">\n                        <span class=\"categoria\">\n                                                        <a href=\"https:\/\/www.rededorsaoluiz.com.br\/instituto\/idor\/?s=&#038;cat=ensino\">Ensino<\/a>\n                                                    <\/span>\n                        <span class=\"data-post\">\n                            27 de abril de 2026                        <\/span>\n                    <\/div>\n\n                    <a href=\"https:\/\/www.rededorsaoluiz.com.br\/instituto\/idor\/idor-abre-inscricoes-para-graduacao-com-inicio-em-julho-de-2026\/\">\n                        <h3>IDOR\u00a0abre inscri\u00e7\u00f5es para gradua\u00e7\u00e3o com in\u00edcio em julho de 2026<\/h3>\n                        <div class=\"card-text\">\n                            <p>O Instituto D\u2019Or de Pesquisa e Ensino (IDOR) est\u00e1 com inscri\u00e7\u00f5es abertas para os cursos de gradua\u00e7\u00e3o em Enfermagem, Psicologia...<\/p>\n                        <\/div>\n                        \n                        <div class=\"card-footer\">\n                            <span>Leia mais<\/span>\n                            <i class=\"bi bi-chevron-right\"><\/i>\n                        <\/div>\n                    <\/a>\n                <\/div>\n            <\/div>\n        <\/div>\n                <div class=\"col-md-4 col-12 mb-5\">\n            <div class=\"link-post\">\n                <a href=\"https:\/\/www.rededorsaoluiz.com.br\/instituto\/idor\/webinar-criancas-que-praticam-esportes-precisam-de-suplementos\/\">\n                    <div class=\"card-thumb\">\n                        <img decoding=\"async\" src=\"https:\/\/www.rededorsaoluiz.com.br\/instituto\/idor\/wp-content\/uploads\/2026\/04\/shutterstock_2493756857-768x578.jpg\" \n                        alt=\"imagem de WEBINAR: Crian\u00e7as que praticam esportes precisam de suplementos?\" \/>\n                    <\/div>\n                <\/a>\n                <div class=\"card-content\">\n                    <div class=\"d-flex flex-wrap align-items-center gap-3 mt-3\">\n                        <span class=\"categoria\">\n                                                        <a href=\"https:\/\/www.rededorsaoluiz.com.br\/instituto\/idor\/?s=&#038;cat=sem-categoria\">Sem categoria<\/a>\n                                                    <\/span>\n                        <span class=\"data-post\">\n                            24 de abril de 2026                        <\/span>\n                    <\/div>\n\n                    <a href=\"https:\/\/www.rededorsaoluiz.com.br\/instituto\/idor\/webinar-criancas-que-praticam-esportes-precisam-de-suplementos\/\">\n                        <h3>WEBINAR: Crian\u00e7as que praticam esportes precisam de suplementos?<\/h3>\n                        <div class=\"card-text\">\n                            <p>No dia 06\/05, \u00e0s 19h30, o Dr. Walter Taam, coordenador do curso de curta dura\u00e7\u00e3o Atualiza\u00e7\u00e3o em Nutrologia para Pediatras...<\/p>\n                        <\/div>\n                        \n                        <div class=\"card-footer\">\n                            <span>Leia mais<\/span>\n                            <i class=\"bi bi-chevron-right\"><\/i>\n                        <\/div>\n                    <\/a>\n                <\/div>\n            <\/div>\n        <\/div>\n                <div class=\"col-md-4 col-12 mb-5\">\n            <div class=\"link-post\">\n                <a href=\"https:\/\/www.rededorsaoluiz.com.br\/instituto\/idor\/simposio-de-reumatologia-da-rede-dor-reune-especialistas-de-todo-o-pais-e-fortalece-integracao-nacional\/\">\n                    <div class=\"card-thumb\">\n                        <img decoding=\"async\" src=\"https:\/\/www.rededorsaoluiz.com.br\/instituto\/idor\/wp-content\/uploads\/2026\/04\/7A1A8733cut-768x421.jpg\" \n                        alt=\"imagem de Simp\u00f3sio de Reumatologia da Rede D\u2019Or re\u00fane especialistas de todo o pa\u00eds e fortalece integra\u00e7\u00e3o nacional\" \/>\n                    <\/div>\n                <\/a>\n                <div class=\"card-content\">\n                    <div class=\"d-flex flex-wrap align-items-center gap-3 mt-3\">\n                        <span class=\"categoria\">\n                                                        <a href=\"https:\/\/www.rededorsaoluiz.com.br\/instituto\/idor\/?s=&#038;cat=evento\">Evento<\/a>\n                                                    <\/span>\n                        <span class=\"data-post\">\n                            17 de abril de 2026                        <\/span>\n                    <\/div>\n\n                    <a href=\"https:\/\/www.rededorsaoluiz.com.br\/instituto\/idor\/simposio-de-reumatologia-da-rede-dor-reune-especialistas-de-todo-o-pais-e-fortalece-integracao-nacional\/\">\n                        <h3>Simp\u00f3sio de Reumatologia da Rede D\u2019Or re\u00fane especialistas de todo o pa\u00eds e fortalece integra\u00e7\u00e3o nacional<\/h3>\n                        <div class=\"card-text\">\n                            <p>O encontro mundial de neoplasias end\u00f3crinas no Brasil<\/p>\n                        <\/div>\n                        \n                        <div class=\"card-footer\">\n                            <span>Leia mais<\/span>\n                            <i class=\"bi bi-chevron-right\"><\/i>\n                        <\/div>\n                    <\/a>\n                <\/div>\n            <\/div>\n        <\/div>\n                <div class=\"col-md-4 col-12 mb-5\">\n            <div class=\"link-post\">\n                <a href=\"https:\/\/www.rededorsaoluiz.com.br\/instituto\/idor\/novo-curso-pos-graduacao-em-terapia-intensiva-pe\/\">\n                    <div class=\"card-thumb\">\n                        <img decoding=\"async\" src=\"https:\/\/www.rededorsaoluiz.com.br\/instituto\/idor\/wp-content\/uploads\/2026\/04\/shutterstock_2493530945-1-768x512.jpg\" \n                        alt=\"imagem de Novo curso: P\u00f3s-gradua\u00e7\u00e3o em Terapia Intensiva (PE)\" \/>\n                    <\/div>\n                <\/a>\n                <div class=\"card-content\">\n                    <div class=\"d-flex flex-wrap align-items-center gap-3 mt-3\">\n                        <span class=\"categoria\">\n                                                        <a href=\"https:\/\/www.rededorsaoluiz.com.br\/instituto\/idor\/?s=&#038;cat=ensino\">Ensino<\/a>\n                                                    <\/span>\n                        <span class=\"data-post\">\n                            16 de abril de 2026                        <\/span>\n                    <\/div>\n\n                    <a href=\"https:\/\/www.rededorsaoluiz.com.br\/instituto\/idor\/novo-curso-pos-graduacao-em-terapia-intensiva-pe\/\">\n                        <h3>Novo curso: P\u00f3s-gradua\u00e7\u00e3o em Terapia Intensiva (PE)<\/h3>\n                        <div class=\"card-text\">\n                            <p>Inscri\u00e7\u00f5es abertas da P\u00f3s-gradua\u00e7\u00e3o em Terapia Intensiva (PE) do IDOR!<\/p>\n                        <\/div>\n                        \n                        <div class=\"card-footer\">\n                            <span>Leia mais<\/span>\n                            <i class=\"bi bi-chevron-right\"><\/i>\n                        <\/div>\n                    <\/a>\n                <\/div>\n            <\/div>\n        <\/div>\n                <div class=\"col-md-4 col-12 mb-5\">\n            <div class=\"link-post\">\n                <a href=\"https:\/\/www.rededorsaoluiz.com.br\/instituto\/idor\/estudo-do-idor-e-rede-dor-em-qualidade-e-seguranca-do-paciente-se-torna-um-dos-10-mais-citados-do-mundo\/\">\n                    <div class=\"card-thumb\">\n                        <img decoding=\"async\" src=\"https:\/\/www.rededorsaoluiz.com.br\/instituto\/idor\/wp-content\/uploads\/2026\/04\/shutterstock_2715859189-768x405.jpg\" \n                        alt=\"imagem de Estudo do IDOR e Rede D\u2019Or em Qualidade e Seguran\u00e7a do Paciente se torna um dos 10 mais citados do mundo\" \/>\n                    <\/div>\n                <\/a>\n                <div class=\"card-content\">\n                    <div class=\"d-flex flex-wrap align-items-center gap-3 mt-3\">\n                        <span class=\"categoria\">\n                                                        <a href=\"https:\/\/www.rededorsaoluiz.com.br\/instituto\/idor\/?s=&#038;cat=pesquisa\">Pesquisa<\/a>\n                                                    <\/span>\n                        <span class=\"data-post\">\n                            16 de abril de 2026                        <\/span>\n                    <\/div>\n\n                    <a href=\"https:\/\/www.rededorsaoluiz.com.br\/instituto\/idor\/estudo-do-idor-e-rede-dor-em-qualidade-e-seguranca-do-paciente-se-torna-um-dos-10-mais-citados-do-mundo\/\">\n                        <h3>Estudo do IDOR e Rede D\u2019Or em Qualidade e Seguran\u00e7a do Paciente se torna um dos 10 mais citados do mundo<\/h3>\n                        <div class=\"card-text\">\n                            <p>Um estudo conduzido por pesquisadores da Rede D\u2019Or e do IDOR publicado na revista Anaesthesia foi reconhecido entre os 10 mais citados do mundo pela revista no bi\u00eanio 2024\u20132026.  <\/p>\n                        <\/div>\n                        \n                        <div class=\"card-footer\">\n                            <span>Leia mais<\/span>\n                            <i class=\"bi bi-chevron-right\"><\/i>\n                        <\/div>\n                    <\/a>\n                <\/div>\n            <\/div>\n        <\/div>\n                <div class=\"col-md-4 col-12 mb-5\">\n            <div class=\"link-post\">\n                <a href=\"https:\/\/www.rededorsaoluiz.com.br\/instituto\/idor\/idor-abre-inscricoes-para-o-programa-ferias-com-ciencia\/\">\n                    <div class=\"card-thumb\">\n                        <img decoding=\"async\" src=\"https:\/\/www.rededorsaoluiz.com.br\/instituto\/idor\/wp-content\/uploads\/2026\/04\/4-26-Carrossel-Ferias-com-Ciencia-card1-768x960.png\" \n                        alt=\"imagem de IDOR abre inscri\u00e7\u00f5es para o Programa F\u00e9rias com Ci\u00eancia\" \/>\n                    <\/div>\n                <\/a>\n                <div class=\"card-content\">\n                    <div class=\"d-flex flex-wrap align-items-center gap-3 mt-3\">\n                        <span class=\"categoria\">\n                                                        <a href=\"https:\/\/www.rededorsaoluiz.com.br\/instituto\/idor\/?s=&#038;cat=ensino\">Ensino<\/a>\n                                                    <\/span>\n                        <span class=\"data-post\">\n                            14 de abril de 2026                        <\/span>\n                    <\/div>\n\n                    <a href=\"https:\/\/www.rededorsaoluiz.com.br\/instituto\/idor\/idor-abre-inscricoes-para-o-programa-ferias-com-ciencia\/\">\n                        <h3>IDOR abre inscri\u00e7\u00f5es para o Programa F\u00e9rias com Ci\u00eancia<\/h3>\n                        <div class=\"card-text\">\n                            <p>O IDOR est\u00e1 com inscri\u00e7\u00f5es abertas para o Programa F\u00e9rias com Ci\u00eancia, iniciativa voltada a estudantes do 2\u00ba e 3\u00ba...<\/p>\n                        <\/div>\n                        \n                        <div class=\"card-footer\">\n                            <span>Leia mais<\/span>\n                            <i class=\"bi bi-chevron-right\"><\/i>\n                        <\/div>\n                    <\/a>\n                <\/div>\n            <\/div>\n        <\/div>\n                <div class=\"col-md-4 col-12 mb-5\">\n            <div class=\"link-post\">\n                <a href=\"https:\/\/www.rededorsaoluiz.com.br\/instituto\/idor\/estudo-busca-entender-os-mecanismos-da-doenca-cardiovascular-em-pacientes-que-recebem-tratamento-para-o-cancer-de-mama\/\">\n                    <div class=\"card-thumb\">\n                        <img decoding=\"async\" src=\"https:\/\/www.rededorsaoluiz.com.br\/instituto\/idor\/wp-content\/uploads\/2026\/04\/shutterstock_2261264891-768x338.jpg\" \n                        alt=\"imagem de Estudo busca entender os mecanismos da doen\u00e7a cardiovascular em pacientes que recebem tratamento para o c\u00e2ncer de mama\" \/>\n                    <\/div>\n                <\/a>\n                <div class=\"card-content\">\n                    <div class=\"d-flex flex-wrap align-items-center gap-3 mt-3\">\n                        <span class=\"categoria\">\n                                                        <a href=\"https:\/\/www.rededorsaoluiz.com.br\/instituto\/idor\/?s=&#038;cat=pesquisa\">Pesquisa<\/a>\n                                                    <\/span>\n                        <span class=\"data-post\">\n                            11 de abril de 2026                        <\/span>\n                    <\/div>\n\n                    <a href=\"https:\/\/www.rededorsaoluiz.com.br\/instituto\/idor\/estudo-busca-entender-os-mecanismos-da-doenca-cardiovascular-em-pacientes-que-recebem-tratamento-para-o-cancer-de-mama\/\">\n                        <h3>Estudo busca entender os mecanismos da doen\u00e7a cardiovascular em pacientes que recebem tratamento para o c\u00e2ncer de mama<\/h3>\n                        <div class=\"card-text\">\n                            <p>Pesquisa busca explicar por que mulheres tratadas para c\u00e2ncer de mama podem evoluir com doen\u00e7as cardiovasculares no longo prazo<\/p>\n                        <\/div>\n                        \n                        <div class=\"card-footer\">\n                            <span>Leia mais<\/span>\n                            <i class=\"bi bi-chevron-right\"><\/i>\n                        <\/div>\n                    <\/a>\n                <\/div>\n            <\/div>\n        <\/div>\n            <\/div>\n\n    <!-- Pagina\u00e7\u00e3o server-side para SEO (esconde quando Vue.js carrega) -->\n        <nav class=\"paginacao my-5 d-flex justify-content-center align-items-center\" \n         id=\"paginacao-server-side\">\n        \n        <!-- Bot\u00e3o Anterior -->\n                <a class=\"btn-pagina btn-anterior disabled\" style=\"opacity: 0.3; cursor: not-allowed;\" title=\"P\u00e1gina anterior\">\n            <i class=\"bi bi-arrow-left\"><\/i>\n        <\/a>\n                \n        <!-- N\u00fameros das p\u00e1ginas -->\n        <ul class=\"numeros-pagina mx-3 mb-0 p-0 list-unstyled\">\n                                            <li>\n                    <a href=\"?\" \n                       class=\"btn-numero active\"\n                       title=\"Ir para p\u00e1gina 1\">\n                        1                    <\/a>\n                <\/li>\n                                                            <li>\n                    <a href=\"?pagina=2\" \n                       class=\"btn-numero \"\n                       title=\"Ir para p\u00e1gina 2\">\n                        2                    <\/a>\n                <\/li>\n                                                            <li>\n                    <a href=\"?pagina=3\" \n                       class=\"btn-numero \"\n                       title=\"Ir para p\u00e1gina 3\">\n                        3                    <\/a>\n                <\/li>\n                                                            <li>\n                    <a href=\"?pagina=4\" \n                       class=\"btn-numero \"\n                       title=\"Ir para p\u00e1gina 4\">\n                        4                    <\/a>\n                <\/li>\n                                                            <li>\n                    <a href=\"?pagina=5\" \n                       class=\"btn-numero \"\n                       title=\"Ir para p\u00e1gina 5\">\n                        5                    <\/a>\n                <\/li>\n                                                            <li class=\"btn-reticencias\">\u22ef<\/li>\n                                                            <li>\n                    <a href=\"?pagina=152\" \n                       class=\"btn-numero \"\n                       title=\"Ir para p\u00e1gina 152\">\n                        152                    <\/a>\n                <\/li>\n                                    <\/ul>\n        \n        <!-- Bot\u00e3o Pr\u00f3ximo -->\n                <a href=\"?pagina=2\" \n           class=\"btn-pagina btn-proximo\" \n           title=\"Pr\u00f3xima p\u00e1gina\">\n            <i class=\"bi bi-arrow-right\"><\/i>\n        <\/a>\n                \n    <\/nav>\n\n    <!-- Info da pagina\u00e7\u00e3o server-side (esconde quando Vue.js carrega) -->\n    <div class=\"info-paginacao text-center mt-3\" \n         id=\"info-paginacao-server-side\">\n        <small class=\"text-muted\">\n            P\u00e1gina 1 de 152 \n            (1366 posts encontrados)\n        <\/small>\n    <\/div>\n    \n    \n    <!-- Posts din\u00e2micos Vue.js - ESCONDIDOS sem JavaScript -->\n    <div v-if=\"!isLoading && posts.length === 0\" class=\"vue-only\" style=\"display: none;\">\n        <h3 class=\"my-5\">Nenhuma not\u00edcia encontrada<\/h3>\n    <\/div>\n\n    <div v-if=\"!isLoading && posts.length > 0\" class=\"conteudo row vue-only\" style=\"display: none;\">\n        <div v-for=\"post in posts\" :key=\"post.id\" class=\"col-md-4 col-12 mb-5\">\n            <div class=\"link-post\">\n                <a :href=\"post.link\">\n                    <div class=\"card-thumb\">\n                        <img :src=\"post.imagem ? post.imagem : 'https:\/\/www.rededorsaoluiz.com.br\/instituto\/idor\/wp-content\/themes\/idor-novo-wp\/assets\/img\/thumb-generico.png'\" :alt=\"'imagem de ' + post.titulo\" \/>\n                    <\/div>\n                <\/a>\n                <div class=\"card-content\">\n                    <div class=\"d-flex flex-wrap align-items-center gap-3 mt-3\">\n                        <span class=\"categoria\">\n                            <a v-if=\"post.categoriasTitulos && post.categoriasTitulos.length > 0\" :href=\"post.categoriasLinks[0]\">{{ post.categoriasTitulos[0] }}<\/a>\n                        <\/span>\n                        <span class=\"data-post\">\n                            {{ post.data }}\n                        <\/span>\n                    <\/div>\n\n                    <a :href=\"post.link\">\n                        <h3>{{ post.titulo }}<\/h3>\n                        <div class=\"card-text\">\n                            <p>{{ post.resumo }}<\/p>\n                        <\/div>\n                        \n                        <div class=\"card-footer\">\n                            <span>Leia mais<\/span>\n                            <i class=\"bi bi-chevron-right\"><\/i>\n                        <\/div>\n                    <\/a>\n                <\/div>\n            <\/div>    \n        <\/div>\n    <\/div>\n\n    <!-- Pagina\u00e7\u00e3o Vue.js - ESCONDIDA sem JavaScript -->\n    <nav v-if=\"!isLoading && totalPages > 1\" class=\"paginacao my-5 d-flex justify-content-center align-items-center vue-only\" style=\"display: none;\">\n        \n        <!-- Bot\u00e3o Anterior -->\n        <button @click=\"paginaAnterior\" \n                :disabled=\"currentPage === 1\" \n                class=\"btn-pagina btn-anterior\"\n                title=\"P\u00e1gina anterior\">\n            <i class=\"bi bi-arrow-left\"><\/i>\n        <\/button>\n        \n        <!-- N\u00fameros das p\u00e1ginas -->\n        <ul class=\"numeros-pagina mx-3 mb-0 p-0 list-unstyled\">\n            <template v-for=\"(pagina, index) in gerarPaginas\" :key=\"`${pagina}-${index}`\">\n                <li v-if=\"pagina === '...'\" class=\"btn-reticencias\">\n                    \u22ef\n                <\/li>\n                <li v-else class=\"d-inline\">\n                    <button\n                        @click=\"irParaPagina(pagina)\" \n                        :class=\"{ 'active': pagina === currentPage }\" \n                        class=\"btn-numero\"\n                        :title=\"`Ir para p\u00e1gina ${pagina}`\">\n                        {{ pagina }}\n                    <\/button>\n                <\/li>\n            <\/template>\n        <\/ul>\n\n        <!-- Bot\u00e3o Pr\u00f3ximo -->\n        <button @click=\"proximaPagina\" \n                :disabled=\"currentPage === totalPages\" \n                class=\"btn-pagina btn-proximo\"\n                title=\"Pr\u00f3xima p\u00e1gina\">\n            <i class=\"bi bi-arrow-right\"><\/i>\n        <\/button>\n        \n    <\/nav>\n\n    <!-- Info da pagina\u00e7\u00e3o Vue.js - ESCONDIDA sem JavaScript -->\n    <div v-if=\"!isLoading && posts.length > 0\" class=\"info-paginacao text-center mt-3 vue-only\" style=\"display: none;\">\n        <small class=\"text-muted\">\n            P\u00e1gina {{ currentPage }} de {{ totalPages }} \n            ({{ totalPosts }} {{ totalPosts === 1 ? 'post' : 'posts' }} encontrados)\n        <\/small>\n    <\/div>\n<\/div><\/div>\n\t\t\t\t\t\t<\/div>\n\t\t\t\t\t<\/div>\n\t\t\t\t<\/div>\n\t\t\t\t<\/div>\n\t\t","protected":false},"excerpt":{"rendered":"<p>Publica\u00e7\u00f5es Veja as \u00faltimas novidades nas nossas pesquisas, parcerias e atividades.<\/p>\n","protected":false},"author":1,"featured_media":0,"parent":0,"menu_order":0,"comment_status":"closed","ping_status":"closed","template":"","meta":{"_acf_changed":false,"footnotes":""},"class_list":["post-939","page","type-page","status-publish","hentry"],"acf":[],"yoast_head":"<!-- This site is optimized with the Yoast SEO plugin v27.3 - https:\/\/yoast.com\/product\/yoast-seo-wordpress\/ -->\n<title>Publica\u00e7\u00f5es - IDOR - Instituto D&#039;Or de Pesquisa e Ensino<\/title>\n<link rel=\"canonical\" href=\"https:\/\/www.rededorsaoluiz.com.br\/instituto\/idor\/novidades\/\" \/>\n<meta property=\"og:locale\" content=\"pt_BR\" \/>\n<meta property=\"og:type\" content=\"article\" \/>\n<meta property=\"og:title\" content=\"Publica\u00e7\u00f5es - IDOR - Instituto D&#039;Or de Pesquisa e Ensino\" \/>\n<meta property=\"og:description\" content=\"Publica\u00e7\u00f5es Veja as \u00faltimas novidades nas nossas pesquisas, parcerias e atividades.\" \/>\n<meta property=\"og:url\" content=\"https:\/\/www.rededorsaoluiz.com.br\/instituto\/idor\/novidades\/\" \/>\n<meta property=\"og:site_name\" content=\"IDOR - Instituto D&#039;Or de Pesquisa e Ensino\" \/>\n<meta property=\"article:modified_time\" content=\"2026-03-02T17:48:13+00:00\" \/>\n<meta name=\"twitter:card\" content=\"summary_large_image\" \/>\n<meta name=\"twitter:label1\" content=\"Est. tempo de leitura\" \/>\n\t<meta name=\"twitter:data1\" content=\"1 minuto\" \/>\n<script type=\"application\/ld+json\" class=\"yoast-schema-graph\">{\"@context\":\"https:\\\/\\\/schema.org\",\"@graph\":[{\"@type\":\"WebPage\",\"@id\":\"https:\\\/\\\/www.rededorsaoluiz.com.br\\\/instituto\\\/idor\\\/novidades\\\/\",\"url\":\"https:\\\/\\\/www.rededorsaoluiz.com.br\\\/instituto\\\/idor\\\/novidades\\\/\",\"name\":\"Publica\u00e7\u00f5es - IDOR - Instituto D&#039;Or de Pesquisa e Ensino\",\"isPartOf\":{\"@id\":\"https:\\\/\\\/www.rededorsaoluiz.com.br\\\/instituto\\\/idor\\\/#website\"},\"datePublished\":\"2025-11-28T18:57:17+00:00\",\"dateModified\":\"2026-03-02T17:48:13+00:00\",\"breadcrumb\":{\"@id\":\"https:\\\/\\\/www.rededorsaoluiz.com.br\\\/instituto\\\/idor\\\/novidades\\\/#breadcrumb\"},\"inLanguage\":\"pt-BR\",\"potentialAction\":[{\"@type\":\"ReadAction\",\"target\":[\"https:\\\/\\\/www.rededorsaoluiz.com.br\\\/instituto\\\/idor\\\/novidades\\\/\"]}]},{\"@type\":\"BreadcrumbList\",\"@id\":\"https:\\\/\\\/www.rededorsaoluiz.com.br\\\/instituto\\\/idor\\\/novidades\\\/#breadcrumb\",\"itemListElement\":[{\"@type\":\"ListItem\",\"position\":1,\"name\":\"In\u00edcio\",\"item\":\"https:\\\/\\\/www.rededorsaoluiz.com.br\\\/instituto\\\/idor\\\/\"},{\"@type\":\"ListItem\",\"position\":2,\"name\":\"Publica\u00e7\u00f5es\"}]},{\"@type\":\"WebSite\",\"@id\":\"https:\\\/\\\/www.rededorsaoluiz.com.br\\\/instituto\\\/idor\\\/#website\",\"url\":\"https:\\\/\\\/www.rededorsaoluiz.com.br\\\/instituto\\\/idor\\\/\",\"name\":\"IDOR - Instituto D&#039;Or de Pesquisa e Ensino\",\"description\":\"\",\"potentialAction\":[{\"@type\":\"SearchAction\",\"target\":{\"@type\":\"EntryPoint\",\"urlTemplate\":\"https:\\\/\\\/www.rededorsaoluiz.com.br\\\/instituto\\\/idor\\\/?s={search_term_string}\"},\"query-input\":{\"@type\":\"PropertyValueSpecification\",\"valueRequired\":true,\"valueName\":\"search_term_string\"}}],\"inLanguage\":\"pt-BR\"}]}<\/script>\n<!-- \/ Yoast SEO plugin. -->","yoast_head_json":{"title":"Publica\u00e7\u00f5es - IDOR - Instituto D&#039;Or de Pesquisa e Ensino","canonical":"https:\/\/www.rededorsaoluiz.com.br\/instituto\/idor\/novidades\/","og_locale":"pt_BR","og_type":"article","og_title":"Publica\u00e7\u00f5es - IDOR - Instituto D&#039;Or de Pesquisa e Ensino","og_description":"Publica\u00e7\u00f5es Veja as \u00faltimas novidades nas nossas pesquisas, parcerias e atividades.","og_url":"https:\/\/www.rededorsaoluiz.com.br\/instituto\/idor\/novidades\/","og_site_name":"IDOR - Instituto D&#039;Or de Pesquisa e Ensino","article_modified_time":"2026-03-02T17:48:13+00:00","twitter_card":"summary_large_image","twitter_misc":{"Est. tempo de leitura":"1 minuto"},"schema":{"@context":"https:\/\/schema.org","@graph":[{"@type":"WebPage","@id":"https:\/\/www.rededorsaoluiz.com.br\/instituto\/idor\/novidades\/","url":"https:\/\/www.rededorsaoluiz.com.br\/instituto\/idor\/novidades\/","name":"Publica\u00e7\u00f5es - IDOR - Instituto D&#039;Or de Pesquisa e Ensino","isPartOf":{"@id":"https:\/\/www.rededorsaoluiz.com.br\/instituto\/idor\/#website"},"datePublished":"2025-11-28T18:57:17+00:00","dateModified":"2026-03-02T17:48:13+00:00","breadcrumb":{"@id":"https:\/\/www.rededorsaoluiz.com.br\/instituto\/idor\/novidades\/#breadcrumb"},"inLanguage":"pt-BR","potentialAction":[{"@type":"ReadAction","target":["https:\/\/www.rededorsaoluiz.com.br\/instituto\/idor\/novidades\/"]}]},{"@type":"BreadcrumbList","@id":"https:\/\/www.rededorsaoluiz.com.br\/instituto\/idor\/novidades\/#breadcrumb","itemListElement":[{"@type":"ListItem","position":1,"name":"In\u00edcio","item":"https:\/\/www.rededorsaoluiz.com.br\/instituto\/idor\/"},{"@type":"ListItem","position":2,"name":"Publica\u00e7\u00f5es"}]},{"@type":"WebSite","@id":"https:\/\/www.rededorsaoluiz.com.br\/instituto\/idor\/#website","url":"https:\/\/www.rededorsaoluiz.com.br\/instituto\/idor\/","name":"IDOR - Instituto D&#039;Or de Pesquisa e Ensino","description":"","potentialAction":[{"@type":"SearchAction","target":{"@type":"EntryPoint","urlTemplate":"https:\/\/www.rededorsaoluiz.com.br\/instituto\/idor\/?s={search_term_string}"},"query-input":{"@type":"PropertyValueSpecification","valueRequired":true,"valueName":"search_term_string"}}],"inLanguage":"pt-BR"}]}},"_links":{"self":[{"href":"https:\/\/www.rededorsaoluiz.com.br\/instituto\/idor\/wp-json\/wp\/v2\/pages\/939","targetHints":{"allow":["GET"]}}],"collection":[{"href":"https:\/\/www.rededorsaoluiz.com.br\/instituto\/idor\/wp-json\/wp\/v2\/pages"}],"about":[{"href":"https:\/\/www.rededorsaoluiz.com.br\/instituto\/idor\/wp-json\/wp\/v2\/types\/page"}],"author":[{"embeddable":true,"href":"https:\/\/www.rededorsaoluiz.com.br\/instituto\/idor\/wp-json\/wp\/v2\/users\/1"}],"replies":[{"embeddable":true,"href":"https:\/\/www.rededorsaoluiz.com.br\/instituto\/idor\/wp-json\/wp\/v2\/comments?post=939"}],"version-history":[{"count":19,"href":"https:\/\/www.rededorsaoluiz.com.br\/instituto\/idor\/wp-json\/wp\/v2\/pages\/939\/revisions"}],"predecessor-version":[{"id":17624,"href":"https:\/\/www.rededorsaoluiz.com.br\/instituto\/idor\/wp-json\/wp\/v2\/pages\/939\/revisions\/17624"}],"wp:attachment":[{"href":"https:\/\/www.rededorsaoluiz.com.br\/instituto\/idor\/wp-json\/wp\/v2\/media?parent=939"}],"curies":[{"name":"wp","href":"https:\/\/api.w.org\/{rel}","templated":true}]}}